{"id":1032,"date":"2019-04-29T21:21:59","date_gmt":"2019-04-29T19:21:59","guid":{"rendered":"http:\/\/www.djecje-kazaliste.hr\/?page_id=1032"},"modified":"2026-06-17T08:16:50","modified_gmt":"2026-06-17T06:16:50","slug":"galerija","status":"publish","type":"page","link":"https:\/\/www.djecje-kazaliste.hr\/en\/gallery\/","title":{"rendered":"Gallery"},"content":{"rendered":"[vc_row][vc_column]<div class=\"vcex-spacing wpex-w-100 wpex-clear\" style=\"height:40px;\"><\/div><div class=\"vcex-spacing wpex-w-100 wpex-clear hidden-desktop\" style=\"height:70px;\"><\/div>[\/vc_column][\/vc_row][vc_row full_width=&#8221;stretch_row&#8221;][vc_column]<svg id=\"gambit-row-separator-2\" preserveAspectRatio=\"xMidYMax meet\" class=\"gambit_separator gambit_sep_top gambit-sep-type-wave-bend\" viewBox=\"0 0 1600 200\" data-bg-color=\"#d2eeff\" style=\"display: none; width: 100%; height: calc(200 \/ 1600 * 100vw)\" data-height=\"200\">\n<path class=\"gambit_sep_decor1\" style=\"opacity: 1;fill: #0090e5;\" d=\"M-285.2,195.8c684.4-108.4,1381.6-108.4,2066,0c2.7-17.4,5.3-34.9,8-52.3\nc0,0.1,0-0.3-88.2-13.4c-88.2-12.4-81.1-70.8-170.4-81.6c-89.3-10.1-96.2,48.3-184.6,40c-88.4-7.6-84.2-66.3-174.3-72.4\nc-90.1-5.3-93.5,53.4-182,49.8C901,63.1,901.6,4.2,811.6,3c-90.1-0.5-90.7,58.3-179,59.5c-88.3,1.9-91.1-56.9-180.9-53.3\nc-89.8,4.3-87,63.1-175.6,69c-88.6,6.7-94.2-51.9-183.7-43.5C3,43.9,8.7,102.5-79.5,113.1c-88.1,11.4-96.5-46.8-186-33.5\nc-14.5,2.2-26.4,5.7-36.5,9.9C-296.4,124.9-290.8,160.3-285.2,195.8z\"\/>\n<path class=\"gambit_sep_decor2\" style=\"opacity: 1;fill: #35b3ff;\" d=\"M1649.9,118.7c0,0,0,0-19.6-2.4c-19.6-2.4-18.2-15.3-37.8-17.6\nc-19.6-2.3-21.3,10.6-40.9,8.4c-19.6-2.2-18.3-15.1-38-17.2c-19.8-2.1-21.2,10.9-40.7,8.9c-19.6-1.9-18.5-14.9-38.2-16.7\nc-19.7-1.8-21.1,11.1-40.6,9.4c-19.5-1.7-18.7-14.7-38.4-16.3c-19.7-1.6-20.8,11.4-40.5,9.9c-19.7-1.5-18.9-14.4-38.6-15.8\nc-19.7-1.3-20.7,11.6-40.4,10.4c-19.6-1.2-18.9-14.2-38.7-15.4c-19.8-1.1-20.5,11.9-40.2,10.8c-19.7-1-19.1-14-38.9-14.9\nc-19.8-0.9-20.2,12-40.1,11.2c0,0-14.2-0.4-22.3-0.7c-19.7-0.7-19.4-13.7-39.1-14.3c-19.7-0.6-20.3,12.4-39.9,11.9\nc-19.7-0.5-19.5-13.5-39.3-13.8c-19.8-0.3-20.1,12.7-39.8,12.4c-19.6-0.2-19.7-13.2-39.5-13.4c-19.8-0.1-20,12.9-39.6,12.9\nc-19.6,0-19.8-13-39.6-12.9c-19.8,0.1-19.8,13.1-39.5,13.3c-19.7,0.2-20-12.8-39.8-12.4c-19.7,0.4-19.7,13.4-39.3,13.8\nc-19.7,0.5-20.1-12.5-39.9-12c-19.8,0.6-19.4,13.6-39.1,14.3c-19.8,0.7-20.3-12.3-40.1-11.5c-19.8,0.8-19.1,13.7-39,14.6\nc0,0-12.1,0.7-25.7,1.4c-19.7,1-20.5-12-40.2-10.9c-19.7,1.1-19.1,14.1-38.8,15.3c-19.6,1.3-20.6-11.7-40.4-10.4\nc-19.8,1.4-19,14.4-38.6,15.8c-19.6,1.5-20.7-11.5-40.5-9.9c-19.8,1.6-18.9,14.6-38.4,16.3c-19.5,1.7-20.9-11.2-40.6-9.4\nc-19.7,1.8-18.6,14.8-38.2,16.7c-19.6,2-21.1-11-40.7-8.9c-19.7,2.1-18.4,15-38,17.2c-19.6,2.2-21.1-10.7-40.9-8.4\nc-19.7,2.3-18.2,15.2-37.8,17.6c-19.7,2.4-21.3-10.5-41-8c-19.7,2.6-17.9,15.3-37.6,18c-2.2,0.3-4.4,0.7-6.5,1\nc0.5,3.9,4.9,34.1,5.4,38c573.5-77.9,1152.2-76.3,1726-4C1650.5,157.1,1649.4,122.6,1649.9,118.7z\"\/>\n<path class=\"gambit_sep_main\" style=\"\" d=\"M-70.2,140c60.6-7.8,55.5-47.1,116.3-54.2c60.8-6.7,65,33,125.5,27.1\nc60.5-5.6,57-45.4,118-50.3c61.1-4.5,64,35.4,124.3,31.7c60.3-3.4,58.9-43.3,119.7-45.9c60.8-2.3,62.5,37.7,123,36.2\nc60.4-1.2,60.3-41.2,121.2-41.6c61-0.1,61.4,40,121.5,40.7c60.1,1,61.6-38.9,122.7-37.1c61,2.2,59.8,42.2,120,45.1\nc60.2,3.2,62.9-36.7,124-32.6c61.1,4.4,58.1,44.3,118.3,49.4c60.1,5.4,64.5-34.3,125.2-28.1c60.6,6.6,56.4,46.4,116.5,53.7\nc60.1,7.6,60.1,7.8,60.1,7.8c-0.3,2.7-8.7,236.5-6,236.6c-589.7-26.8-1179.4-3.9-1768,10c2.7-0.1-1.9-242.8-2.3-245.4\nC-83.6,142-76.9,141-70.2,140z\"\/><\/svg><div id=\"rowvcpt-row-settings\" class=\"rowvcpt-row-set RowVcPt-row-setting6a98477dac198 \" data-no=\"RowVcPt-row-setting6a98477dac198\"><div class=\"columns-bg-wrap columns-bg-anim-colors\" style=\"opacity: 1;background: -moz-linear-gradient(top, #d2eeff 0%, #ffffff 100%);background: -webkit-gradient(linear, left top, left bottom, color-stop(0%,#d2eeff), color-stop(100%,#ffffff));background: -webkit-linear-gradient(top, #d2eeff 0%,#ffffff 100%);background: -o-linear-gradient(top, #d2eeff 0%,#ffffff 100%);background: -ms-linear-gradient(top, #d2eeff 0%,#ffffff 100%);background: linear-gradient(to bottom, #d2eeff 0%,#ffffff 100%);\"><\/div><\/div><div class=\"vcex-spacing wpex-w-100 wpex-clear\" style=\"height:30px;\"><\/div><style>.vcex_6a98477dac2e5{font-size:48px!important;}@media (max-width:1024px){.vcex_6a98477dac2e5{font-size:40px!important;}}@media (max-width:959px){.vcex_6a98477dac2e5{font-size:24px!important;}}@media (max-width:767px){.vcex_6a98477dac2e5{font-size:24px!important;}}@media (max-width:479px){.vcex_6a98477dac2e5{font-size:20px!important;}}<\/style><div class=\"vcex-heading vcex-module wpex-text-2xl wpex-font-normal wpex-m-auto wpex-max-w-100 vcex-heading-plain wpex-block wpex-text-center vcex_6a98477dac2e5\" style=\"color:#58468c;font-family:Ribeye;\"><span class=\"vcex-heading-inner wpex-inline-block wpex-clr\">Gallery<\/span><\/div><section class=\"elegant-tabs-container\">\n\t\t\t<div class=\"et-tabs et-horizontal et-mobile-enabled et-tabs-style-flip tab-class-99450335 et-align-center\"\n\t\t\tdata-tab_style=\"flip\"\n\t\t\tdata-active-bg=\"#58468c\"\n\t\t\tdata-active-text=\"#ffffff\"\n\t\t\tdata-hover-bg=\"\"\n\t\t\tdata-hover-text=\"#ffffff\"\n\t\t\tdata-active-tab=\"0\"\n\t\t\tdata-auto-switch-tab=\"no\"\n\t\t\tdata-switch-interval=\"5\">\n\t\t\t<nav>\n\t\t\t<ul class=\"elegant-tabs-list-container\" style=\"color:#58468c\">\n\t\t\t<li style=\"color:#58468c;\"><a class=\"et-anchor-tag\" style=\"color:#58468c;font-size:11px;\" href=\"#\" data-href=\"#section-arhiva\"><span style=\"font-size: 11px;\" class=\"no-icon\">Predstave<\/span><\/a><\/li><li style=\"color:#58468c;\"><a class=\"et-anchor-tag\" style=\"color:#58468c;font-size:11px;\" href=\"#\" data-href=\"#section-1551721209422-3-10\"><span style=\"font-size: 11px;\" class=\"no-icon\">Po\u010detnica<\/span><\/a><\/li><li style=\"color:#58468c;\"><a class=\"et-anchor-tag\" style=\"color:#58468c;font-size:11px;\" href=\"#\" data-href=\"#section-1551721217526-4-8\"><span style=\"font-size: 11px;\" class=\"no-icon\">Baletni studio<\/span><\/a><\/li><li style=\"color:#58468c;\"><a class=\"et-anchor-tag\" style=\"color:#58468c;font-size:11px;\" href=\"#\" data-href=\"#section-1551721225246-5-5\"><span style=\"font-size: 11px;\" class=\"no-icon\">Dramski studio<\/span><\/a><\/li><li style=\"color:#58468c;\"><a class=\"et-anchor-tag\" style=\"color:#58468c;font-size:11px;\" href=\"#\" data-href=\"#section-1551721236390-6-9\"><span style=\"font-size: 11px;\" class=\"no-icon\">Dramski studio za srednjo\u0161kolce<\/span><\/a><\/li><li style=\"color:#58468c;\"><a class=\"et-anchor-tag\" style=\"color:#58468c;font-size:11px;\" href=\"#\" data-href=\"#section-1551721257094-7-5\"><span style=\"font-size: 11px;\" class=\"no-icon\">No\u0107 kazali\u0161ta<\/span><\/a><\/li><li style=\"color:#58468c;\"><a class=\"et-anchor-tag\" style=\"color:#58468c;font-size:11px;\" href=\"#\" data-href=\"#section-1551721266510-8-3\"><span style=\"font-size: 11px;\" class=\"no-icon\">SLUK<\/span><\/a><\/li>\n\t\t\t<\/ul>\n\t\t\t<\/nav>\n\t\t\t<div class=\"et-content-wrap\">\n\t\t\t<section id=\"section-arhiva\" class=\"tab\" data-animation=\"\" style=\"background:; color:;\"><div class=\"infi-content-wrapper\"><div class=\"vcex-module vcex-post-type-grid-wrap wpex-clr\"><div class=\"wpex-row vcex-post-type-grid entries wpex-clr\"><div class=\"vcex-post-type-entry vcex-grid-item wpex-clr col span_1_of_3 col-1 post-15320 entry type-galerija has-media kategorije_galerija-53\"><div class=\"vcex-post-type-entry-inner entry-inner wpex-first-mt-0 wpex-last-mb-0 wpex-clr\"><div class=\"vcex-post-type-entry-media entry-media\"><a href=\"https:\/\/www.djecje-kazaliste.hr\/en\/galerija\/mali-princ-en\/\" title=\"Mali Princ\"><img decoding=\"async\" width=\"1620\" height=\"1080\" src=\"https:\/\/www.djecje-kazaliste.hr\/wp-content\/uploads\/2026\/05\/Mali-princ-23.jpg\" class=\"vcex-blog-entry-img wpex-align-middle\" alt=\"\" loading=\"lazy\" srcset=\"https:\/\/www.djecje-kazaliste.hr\/wp-content\/uploads\/2026\/05\/Mali-princ-23.jpg 1620w, https:\/\/www.djecje-kazaliste.hr\/wp-content\/uploads\/2026\/05\/Mali-princ-23-300x200.jpg 300w, https:\/\/www.djecje-kazaliste.hr\/wp-content\/uploads\/2026\/05\/Mali-princ-23-1024x683.jpg 1024w, https:\/\/www.djecje-kazaliste.hr\/wp-content\/uploads\/2026\/05\/Mali-princ-23-768x512.jpg 768w, https:\/\/www.djecje-kazaliste.hr\/wp-content\/uploads\/2026\/05\/Mali-princ-23-1536x1024.jpg 1536w, https:\/\/www.djecje-kazaliste.hr\/wp-content\/uploads\/2026\/05\/Mali-princ-23-200x133.jpg 200w\" sizes=\"auto, (max-width: 1620px) 100vw, 1620px\" \/><\/a><\/div><div class=\"vcex-post-type-entry-details entry-details wpex-bordered wpex-first-mt-0 wpex-last-mb-0 wpex-clr\"><h2 class=\"vcex-post-type-entry-title entry-title wpex-mb-5\" ><a href=\"https:\/\/www.djecje-kazaliste.hr\/en\/galerija\/mali-princ-en\/\">Mali Princ<\/a><\/h2 ><\/div><\/div><\/div><div class=\"vcex-post-type-entry vcex-grid-item wpex-clr col span_1_of_3 col-2 post-15140 entry type-galerija has-media kategorije_galerija-53\"><div class=\"vcex-post-type-entry-inner entry-inner wpex-first-mt-0 wpex-last-mb-0 wpex-clr\"><div class=\"vcex-post-type-entry-media entry-media\"><a href=\"https:\/\/www.djecje-kazaliste.hr\/en\/galerija\/anica-i-danica-en\/\" title=\"Anica i Danica\"><img decoding=\"async\" width=\"1920\" height=\"1280\" src=\"https:\/\/www.djecje-kazaliste.hr\/wp-content\/uploads\/2026\/02\/Anica_i_Danica-18.webp\" class=\"vcex-blog-entry-img wpex-align-middle\" alt=\"\" loading=\"lazy\" srcset=\"https:\/\/www.djecje-kazaliste.hr\/wp-content\/uploads\/2026\/02\/Anica_i_Danica-18.webp 1920w, https:\/\/www.djecje-kazaliste.hr\/wp-content\/uploads\/2026\/02\/Anica_i_Danica-18-300x200.webp 300w, https:\/\/www.djecje-kazaliste.hr\/wp-content\/uploads\/2026\/02\/Anica_i_Danica-18-1024x683.webp 1024w, https:\/\/www.djecje-kazaliste.hr\/wp-content\/uploads\/2026\/02\/Anica_i_Danica-18-768x512.webp 768w, https:\/\/www.djecje-kazaliste.hr\/wp-content\/uploads\/2026\/02\/Anica_i_Danica-18-1536x1024.webp 1536w, https:\/\/www.djecje-kazaliste.hr\/wp-content\/uploads\/2026\/02\/Anica_i_Danica-18-200x133.webp 200w\" sizes=\"auto, (max-width: 1920px) 100vw, 1920px\" \/><\/a><\/div><div class=\"vcex-post-type-entry-details entry-details wpex-bordered wpex-first-mt-0 wpex-last-mb-0 wpex-clr\"><h2 class=\"vcex-post-type-entry-title entry-title wpex-mb-5\" ><a href=\"https:\/\/www.djecje-kazaliste.hr\/en\/galerija\/anica-i-danica-en\/\">Anica i Danica<\/a><\/h2 ><\/div><\/div><\/div><div class=\"vcex-post-type-entry vcex-grid-item wpex-clr col span_1_of_3 col-3 post-15016 entry type-galerija has-media kategorije_galerija-53\"><div class=\"vcex-post-type-entry-inner entry-inner wpex-first-mt-0 wpex-last-mb-0 wpex-clr\"><div class=\"vcex-post-type-entry-media entry-media\"><a href=\"https:\/\/www.djecje-kazaliste.hr\/en\/galerija\/mala-bee-bee-en\/\" title=\"Balonom iznad Kapadokije\"><img decoding=\"async\" width=\"1920\" height=\"1280\" src=\"https:\/\/www.djecje-kazaliste.hr\/wp-content\/uploads\/2025\/12\/beebee-7.jpg\" class=\"vcex-blog-entry-img wpex-align-middle\" alt=\"\" loading=\"lazy\" srcset=\"https:\/\/www.djecje-kazaliste.hr\/wp-content\/uploads\/2025\/12\/beebee-7.jpg 1920w, https:\/\/www.djecje-kazaliste.hr\/wp-content\/uploads\/2025\/12\/beebee-7-300x200.jpg 300w, https:\/\/www.djecje-kazaliste.hr\/wp-content\/uploads\/2025\/12\/beebee-7-1024x683.jpg 1024w, https:\/\/www.djecje-kazaliste.hr\/wp-content\/uploads\/2025\/12\/beebee-7-768x512.jpg 768w, https:\/\/www.djecje-kazaliste.hr\/wp-content\/uploads\/2025\/12\/beebee-7-1536x1024.jpg 1536w, https:\/\/www.djecje-kazaliste.hr\/wp-content\/uploads\/2025\/12\/beebee-7-200x133.jpg 200w\" sizes=\"auto, (max-width: 1920px) 100vw, 1920px\" \/><\/a><\/div><div class=\"vcex-post-type-entry-details entry-details wpex-bordered wpex-first-mt-0 wpex-last-mb-0 wpex-clr\"><h2 class=\"vcex-post-type-entry-title entry-title wpex-mb-5\" ><a href=\"https:\/\/www.djecje-kazaliste.hr\/en\/galerija\/mala-bee-bee-en\/\">Balonom iznad Kapadokije<\/a><\/h2 ><\/div><\/div><\/div><div class=\"vcex-post-type-entry vcex-grid-item wpex-clr col span_1_of_3 col-1 post-14931 entry type-galerija has-media kategorije_galerija-53\"><div class=\"vcex-post-type-entry-inner entry-inner wpex-first-mt-0 wpex-last-mb-0 wpex-clr\"><div class=\"vcex-post-type-entry-media entry-media\"><a href=\"https:\/\/www.djecje-kazaliste.hr\/en\/galerija\/balonom-iznad-kapadokije-en\/\" title=\"Balonom iznad Kapadokije\"><img decoding=\"async\" width=\"1920\" height=\"1280\" src=\"https:\/\/www.djecje-kazaliste.hr\/wp-content\/uploads\/2025\/10\/Kapadokija-22.jpg\" class=\"vcex-blog-entry-img wpex-align-middle\" alt=\"\" loading=\"lazy\" srcset=\"https:\/\/www.djecje-kazaliste.hr\/wp-content\/uploads\/2025\/10\/Kapadokija-22.jpg 1920w, https:\/\/www.djecje-kazaliste.hr\/wp-content\/uploads\/2025\/10\/Kapadokija-22-300x200.jpg 300w, https:\/\/www.djecje-kazaliste.hr\/wp-content\/uploads\/2025\/10\/Kapadokija-22-1024x683.jpg 1024w, https:\/\/www.djecje-kazaliste.hr\/wp-content\/uploads\/2025\/10\/Kapadokija-22-768x512.jpg 768w, https:\/\/www.djecje-kazaliste.hr\/wp-content\/uploads\/2025\/10\/Kapadokija-22-1536x1024.jpg 1536w, https:\/\/www.djecje-kazaliste.hr\/wp-content\/uploads\/2025\/10\/Kapadokija-22-200x133.jpg 200w, https:\/\/www.djecje-kazaliste.hr\/wp-content\/uploads\/2025\/10\/Kapadokija-22-298x198.jpg 298w\" sizes=\"auto, (max-width: 1920px) 100vw, 1920px\" \/><\/a><\/div><div class=\"vcex-post-type-entry-details entry-details wpex-bordered wpex-first-mt-0 wpex-last-mb-0 wpex-clr\"><h2 class=\"vcex-post-type-entry-title entry-title wpex-mb-5\" ><a href=\"https:\/\/www.djecje-kazaliste.hr\/en\/galerija\/balonom-iznad-kapadokije-en\/\">Balonom iznad Kapadokije<\/a><\/h2 ><\/div><\/div><\/div><div class=\"vcex-post-type-entry vcex-grid-item wpex-clr col span_1_of_3 col-2 post-14041 entry type-galerija has-media kategorije_galerija-53\"><div class=\"vcex-post-type-entry-inner entry-inner wpex-first-mt-0 wpex-last-mb-0 wpex-clr\"><div class=\"vcex-post-type-entry-media entry-media\"><a href=\"https:\/\/www.djecje-kazaliste.hr\/en\/galerija\/cudni-kovacev-sin-en\/\" title=\"\u010cudni kova\u010dev sin\"><img decoding=\"async\" width=\"1620\" height=\"1080\" src=\"https:\/\/www.djecje-kazaliste.hr\/wp-content\/uploads\/2025\/05\/Kovacev-sin-29.jpg\" class=\"vcex-blog-entry-img wpex-align-middle\" alt=\"\" loading=\"lazy\" srcset=\"https:\/\/www.djecje-kazaliste.hr\/wp-content\/uploads\/2025\/05\/Kovacev-sin-29.jpg 1620w, https:\/\/www.djecje-kazaliste.hr\/wp-content\/uploads\/2025\/05\/Kovacev-sin-29-300x200.jpg 300w, https:\/\/www.djecje-kazaliste.hr\/wp-content\/uploads\/2025\/05\/Kovacev-sin-29-1024x683.jpg 1024w, https:\/\/www.djecje-kazaliste.hr\/wp-content\/uploads\/2025\/05\/Kovacev-sin-29-768x512.jpg 768w, https:\/\/www.djecje-kazaliste.hr\/wp-content\/uploads\/2025\/05\/Kovacev-sin-29-1536x1024.jpg 1536w, https:\/\/www.djecje-kazaliste.hr\/wp-content\/uploads\/2025\/05\/Kovacev-sin-29-200x133.jpg 200w\" sizes=\"auto, (max-width: 1620px) 100vw, 1620px\" \/><\/a><\/div><div class=\"vcex-post-type-entry-details entry-details wpex-bordered wpex-first-mt-0 wpex-last-mb-0 wpex-clr\"><h2 class=\"vcex-post-type-entry-title entry-title wpex-mb-5\" ><a href=\"https:\/\/www.djecje-kazaliste.hr\/en\/galerija\/cudni-kovacev-sin-en\/\">\u010cudni kova\u010dev sin<\/a><\/h2 ><\/div><\/div><\/div><div class=\"vcex-post-type-entry vcex-grid-item wpex-clr col span_1_of_3 col-3 post-13939 entry type-galerija has-media kategorije_galerija-53\"><div class=\"vcex-post-type-entry-inner entry-inner wpex-first-mt-0 wpex-last-mb-0 wpex-clr\"><div class=\"vcex-post-type-entry-media entry-media\"><a href=\"https:\/\/www.djecje-kazaliste.hr\/en\/galerija\/vasilisa-premudra-en\/\" title=\"Vasilisa Premudra\"><img decoding=\"async\" width=\"1920\" height=\"1280\" src=\"https:\/\/www.djecje-kazaliste.hr\/wp-content\/uploads\/2025\/03\/vasilisa-premudra-013.jpg\" class=\"vcex-blog-entry-img wpex-align-middle\" alt=\"\" loading=\"lazy\" srcset=\"https:\/\/www.djecje-kazaliste.hr\/wp-content\/uploads\/2025\/03\/vasilisa-premudra-013.jpg 1920w, https:\/\/www.djecje-kazaliste.hr\/wp-content\/uploads\/2025\/03\/vasilisa-premudra-013-300x200.jpg 300w, https:\/\/www.djecje-kazaliste.hr\/wp-content\/uploads\/2025\/03\/vasilisa-premudra-013-1024x683.jpg 1024w, https:\/\/www.djecje-kazaliste.hr\/wp-content\/uploads\/2025\/03\/vasilisa-premudra-013-768x512.jpg 768w, https:\/\/www.djecje-kazaliste.hr\/wp-content\/uploads\/2025\/03\/vasilisa-premudra-013-1536x1024.jpg 1536w, https:\/\/www.djecje-kazaliste.hr\/wp-content\/uploads\/2025\/03\/vasilisa-premudra-013-200x133.jpg 200w\" sizes=\"auto, (max-width: 1920px) 100vw, 1920px\" \/><\/a><\/div><div class=\"vcex-post-type-entry-details entry-details wpex-bordered wpex-first-mt-0 wpex-last-mb-0 wpex-clr\"><h2 class=\"vcex-post-type-entry-title entry-title wpex-mb-5\" ><a href=\"https:\/\/www.djecje-kazaliste.hr\/en\/galerija\/vasilisa-premudra-en\/\">Vasilisa Premudra<\/a><\/h2 ><\/div><\/div><\/div><div class=\"vcex-post-type-entry vcex-grid-item wpex-clr col span_1_of_3 col-1 post-13762 entry type-galerija has-media kategorije_galerija-53\"><div class=\"vcex-post-type-entry-inner entry-inner wpex-first-mt-0 wpex-last-mb-0 wpex-clr\"><div class=\"vcex-post-type-entry-media entry-media\"><a href=\"https:\/\/www.djecje-kazaliste.hr\/en\/galerija\/bozicna-pustolovina-en\/\" title=\"Bo\u017ei\u0107na pustolovina\"><img decoding=\"async\" width=\"1920\" height=\"1280\" src=\"https:\/\/www.djecje-kazaliste.hr\/wp-content\/uploads\/2024\/12\/Bozicna-prica-28.jpg\" class=\"vcex-blog-entry-img wpex-align-middle\" alt=\"\" loading=\"lazy\" srcset=\"https:\/\/www.djecje-kazaliste.hr\/wp-content\/uploads\/2024\/12\/Bozicna-prica-28.jpg 1920w, https:\/\/www.djecje-kazaliste.hr\/wp-content\/uploads\/2024\/12\/Bozicna-prica-28-300x200.jpg 300w, https:\/\/www.djecje-kazaliste.hr\/wp-content\/uploads\/2024\/12\/Bozicna-prica-28-1024x683.jpg 1024w, https:\/\/www.djecje-kazaliste.hr\/wp-content\/uploads\/2024\/12\/Bozicna-prica-28-768x512.jpg 768w, https:\/\/www.djecje-kazaliste.hr\/wp-content\/uploads\/2024\/12\/Bozicna-prica-28-1536x1024.jpg 1536w, https:\/\/www.djecje-kazaliste.hr\/wp-content\/uploads\/2024\/12\/Bozicna-prica-28-200x133.jpg 200w\" sizes=\"auto, (max-width: 1920px) 100vw, 1920px\" \/><\/a><\/div><div class=\"vcex-post-type-entry-details entry-details wpex-bordered wpex-first-mt-0 wpex-last-mb-0 wpex-clr\"><h2 class=\"vcex-post-type-entry-title entry-title wpex-mb-5\" ><a href=\"https:\/\/www.djecje-kazaliste.hr\/en\/galerija\/bozicna-pustolovina-en\/\">Bo\u017ei\u0107na pustolovina<\/a><\/h2 ><\/div><\/div><\/div><div class=\"vcex-post-type-entry vcex-grid-item wpex-clr col span_1_of_3 col-2 post-13612 entry type-galerija has-media kategorije_galerija-53\"><div class=\"vcex-post-type-entry-inner entry-inner wpex-first-mt-0 wpex-last-mb-0 wpex-clr\"><div class=\"vcex-post-type-entry-media entry-media\"><a href=\"https:\/\/www.djecje-kazaliste.hr\/en\/galerija\/palcica-en\/\" title=\"Pal\u010dica\"><img decoding=\"async\" width=\"1500\" height=\"1000\" src=\"https:\/\/www.djecje-kazaliste.hr\/wp-content\/uploads\/2024\/10\/palcica-w-4.jpg\" class=\"vcex-blog-entry-img wpex-align-middle\" alt=\"\" loading=\"lazy\" srcset=\"https:\/\/www.djecje-kazaliste.hr\/wp-content\/uploads\/2024\/10\/palcica-w-4.jpg 1500w, https:\/\/www.djecje-kazaliste.hr\/wp-content\/uploads\/2024\/10\/palcica-w-4-300x200.jpg 300w, https:\/\/www.djecje-kazaliste.hr\/wp-content\/uploads\/2024\/10\/palcica-w-4-1024x683.jpg 1024w, https:\/\/www.djecje-kazaliste.hr\/wp-content\/uploads\/2024\/10\/palcica-w-4-768x512.jpg 768w, https:\/\/www.djecje-kazaliste.hr\/wp-content\/uploads\/2024\/10\/palcica-w-4-200x133.jpg 200w\" sizes=\"auto, (max-width: 1500px) 100vw, 1500px\" \/><\/a><\/div><div class=\"vcex-post-type-entry-details entry-details wpex-bordered wpex-first-mt-0 wpex-last-mb-0 wpex-clr\"><h2 class=\"vcex-post-type-entry-title entry-title wpex-mb-5\" ><a href=\"https:\/\/www.djecje-kazaliste.hr\/en\/galerija\/palcica-en\/\">Pal\u010dica<\/a><\/h2 ><\/div><\/div><\/div><div class=\"vcex-post-type-entry vcex-grid-item wpex-clr col span_1_of_3 col-3 post-12739 entry type-galerija has-media kategorije_galerija-53\"><div class=\"vcex-post-type-entry-inner entry-inner wpex-first-mt-0 wpex-last-mb-0 wpex-clr\"><div class=\"vcex-post-type-entry-media entry-media\"><a href=\"https:\/\/www.djecje-kazaliste.hr\/en\/galerija\/postolar-i-vrag-en\/\" title=\"Postolar i vrag\"><img decoding=\"async\" width=\"1920\" height=\"1280\" src=\"https:\/\/www.djecje-kazaliste.hr\/wp-content\/uploads\/2024\/04\/Postolar-28.jpg\" class=\"vcex-blog-entry-img wpex-align-middle\" alt=\"\" loading=\"lazy\" srcset=\"https:\/\/www.djecje-kazaliste.hr\/wp-content\/uploads\/2024\/04\/Postolar-28.jpg 1920w, https:\/\/www.djecje-kazaliste.hr\/wp-content\/uploads\/2024\/04\/Postolar-28-300x200.jpg 300w, https:\/\/www.djecje-kazaliste.hr\/wp-content\/uploads\/2024\/04\/Postolar-28-1024x683.jpg 1024w, https:\/\/www.djecje-kazaliste.hr\/wp-content\/uploads\/2024\/04\/Postolar-28-768x512.jpg 768w, https:\/\/www.djecje-kazaliste.hr\/wp-content\/uploads\/2024\/04\/Postolar-28-1536x1024.jpg 1536w, https:\/\/www.djecje-kazaliste.hr\/wp-content\/uploads\/2024\/04\/Postolar-28-200x133.jpg 200w\" sizes=\"auto, (max-width: 1920px) 100vw, 1920px\" \/><\/a><\/div><div class=\"vcex-post-type-entry-details entry-details wpex-bordered wpex-first-mt-0 wpex-last-mb-0 wpex-clr\"><h2 class=\"vcex-post-type-entry-title entry-title wpex-mb-5\" ><a href=\"https:\/\/www.djecje-kazaliste.hr\/en\/galerija\/postolar-i-vrag-en\/\">Postolar i vrag<\/a><\/h2 ><\/div><\/div><\/div><div class=\"vcex-post-type-entry vcex-grid-item wpex-clr col span_1_of_3 col-1 post-12539 entry type-galerija has-media kategorije_galerija-53\"><div class=\"vcex-post-type-entry-inner entry-inner wpex-first-mt-0 wpex-last-mb-0 wpex-clr\"><div class=\"vcex-post-type-entry-media entry-media\"><a href=\"https:\/\/www.djecje-kazaliste.hr\/en\/galerija\/cetiri-cudesne-nezgode-en\/\" title=\"\u010cetiri \u010dudesne nezgode\"><img decoding=\"async\" width=\"1620\" height=\"1080\" src=\"https:\/\/www.djecje-kazaliste.hr\/wp-content\/uploads\/2024\/04\/Tanja-8.jpg\" class=\"vcex-blog-entry-img wpex-align-middle\" alt=\"\" loading=\"lazy\" srcset=\"https:\/\/www.djecje-kazaliste.hr\/wp-content\/uploads\/2024\/04\/Tanja-8.jpg 1620w, https:\/\/www.djecje-kazaliste.hr\/wp-content\/uploads\/2024\/04\/Tanja-8-300x200.jpg 300w, https:\/\/www.djecje-kazaliste.hr\/wp-content\/uploads\/2024\/04\/Tanja-8-1024x683.jpg 1024w, https:\/\/www.djecje-kazaliste.hr\/wp-content\/uploads\/2024\/04\/Tanja-8-768x512.jpg 768w, https:\/\/www.djecje-kazaliste.hr\/wp-content\/uploads\/2024\/04\/Tanja-8-1536x1024.jpg 1536w, https:\/\/www.djecje-kazaliste.hr\/wp-content\/uploads\/2024\/04\/Tanja-8-200x133.jpg 200w\" sizes=\"auto, (max-width: 1620px) 100vw, 1620px\" \/><\/a><\/div><div class=\"vcex-post-type-entry-details entry-details wpex-bordered wpex-first-mt-0 wpex-last-mb-0 wpex-clr\"><h2 class=\"vcex-post-type-entry-title entry-title wpex-mb-5\" ><a href=\"https:\/\/www.djecje-kazaliste.hr\/en\/galerija\/cetiri-cudesne-nezgode-en\/\">\u010cetiri \u010dudesne nezgode<\/a><\/h2 ><\/div><\/div><\/div><div class=\"vcex-post-type-entry vcex-grid-item wpex-clr col span_1_of_3 col-2 post-12416 entry type-galerija has-media kategorije_galerija-53\"><div class=\"vcex-post-type-entry-inner entry-inner wpex-first-mt-0 wpex-last-mb-0 wpex-clr\"><div class=\"vcex-post-type-entry-media entry-media\"><a href=\"https:\/\/www.djecje-kazaliste.hr\/en\/galerija\/prica-s-morskog-dna-svecana-obnova-en\/\" title=\"Pri\u010da s morskog dna &#8211; sve\u010dana obnova\"><img decoding=\"async\" width=\"1620\" height=\"1080\" src=\"https:\/\/www.djecje-kazaliste.hr\/wp-content\/uploads\/2024\/02\/ribice-29.jpg\" class=\"vcex-blog-entry-img wpex-align-middle\" alt=\"\" loading=\"lazy\" srcset=\"https:\/\/www.djecje-kazaliste.hr\/wp-content\/uploads\/2024\/02\/ribice-29.jpg 1620w, https:\/\/www.djecje-kazaliste.hr\/wp-content\/uploads\/2024\/02\/ribice-29-300x200.jpg 300w, https:\/\/www.djecje-kazaliste.hr\/wp-content\/uploads\/2024\/02\/ribice-29-1024x683.jpg 1024w, https:\/\/www.djecje-kazaliste.hr\/wp-content\/uploads\/2024\/02\/ribice-29-768x512.jpg 768w, https:\/\/www.djecje-kazaliste.hr\/wp-content\/uploads\/2024\/02\/ribice-29-1536x1024.jpg 1536w, https:\/\/www.djecje-kazaliste.hr\/wp-content\/uploads\/2024\/02\/ribice-29-200x133.jpg 200w\" sizes=\"auto, (max-width: 1620px) 100vw, 1620px\" \/><\/a><\/div><div class=\"vcex-post-type-entry-details entry-details wpex-bordered wpex-first-mt-0 wpex-last-mb-0 wpex-clr\"><h2 class=\"vcex-post-type-entry-title entry-title wpex-mb-5\" ><a href=\"https:\/\/www.djecje-kazaliste.hr\/en\/galerija\/prica-s-morskog-dna-svecana-obnova-en\/\">Pri\u010da s morskog dna &#8211; sve\u010dana obnova<\/a><\/h2 ><\/div><\/div><\/div><div class=\"vcex-post-type-entry vcex-grid-item wpex-clr col span_1_of_3 col-3 post-12234 entry type-galerija has-media kategorije_galerija-53\"><div class=\"vcex-post-type-entry-inner entry-inner wpex-first-mt-0 wpex-last-mb-0 wpex-clr\"><div class=\"vcex-post-type-entry-media entry-media\"><a href=\"https:\/\/www.djecje-kazaliste.hr\/en\/galerija\/palacinka-pjesmuljak-puz-put-i-patuljak-en\/\" title=\"Pala\u010dinka, pjesmuljak, pu\u017e, put i patuljak\"><img decoding=\"async\" width=\"2048\" height=\"1366\" src=\"https:\/\/www.djecje-kazaliste.hr\/wp-content\/uploads\/2023\/12\/0F6A6076.jpg\" class=\"vcex-blog-entry-img wpex-align-middle\" alt=\"\" loading=\"lazy\" srcset=\"https:\/\/www.djecje-kazaliste.hr\/wp-content\/uploads\/2023\/12\/0F6A6076.jpg 2048w, https:\/\/www.djecje-kazaliste.hr\/wp-content\/uploads\/2023\/12\/0F6A6076-300x200.jpg 300w, https:\/\/www.djecje-kazaliste.hr\/wp-content\/uploads\/2023\/12\/0F6A6076-1024x683.jpg 1024w, https:\/\/www.djecje-kazaliste.hr\/wp-content\/uploads\/2023\/12\/0F6A6076-768x512.jpg 768w, https:\/\/www.djecje-kazaliste.hr\/wp-content\/uploads\/2023\/12\/0F6A6076-1536x1025.jpg 1536w, https:\/\/www.djecje-kazaliste.hr\/wp-content\/uploads\/2023\/12\/0F6A6076-200x133.jpg 200w, https:\/\/www.djecje-kazaliste.hr\/wp-content\/uploads\/2023\/12\/0F6A6076-298x198.jpg 298w\" sizes=\"auto, (max-width: 2048px) 100vw, 2048px\" \/><\/a><\/div><div class=\"vcex-post-type-entry-details entry-details wpex-bordered wpex-first-mt-0 wpex-last-mb-0 wpex-clr\"><h2 class=\"vcex-post-type-entry-title entry-title wpex-mb-5\" ><a href=\"https:\/\/www.djecje-kazaliste.hr\/en\/galerija\/palacinka-pjesmuljak-puz-put-i-patuljak-en\/\">Pala\u010dinka, pjesmuljak, pu\u017e, put i patuljak<\/a><\/h2 ><\/div><\/div><\/div><div class=\"vcex-post-type-entry vcex-grid-item wpex-clr col span_1_of_3 col-1 post-12231 entry type-galerija has-media kategorije_galerija-53\"><div class=\"vcex-post-type-entry-inner entry-inner wpex-first-mt-0 wpex-last-mb-0 wpex-clr\"><div class=\"vcex-post-type-entry-media entry-media\"><a href=\"https:\/\/www.djecje-kazaliste.hr\/en\/galerija\/mendolena-i-matija-en\/\" title=\"Mendolena i Matija\"><img decoding=\"async\" width=\"1619\" height=\"1080\" src=\"https:\/\/www.djecje-kazaliste.hr\/wp-content\/uploads\/2023\/12\/0F6A9237.jpg\" class=\"vcex-blog-entry-img wpex-align-middle\" alt=\"\" loading=\"lazy\" srcset=\"https:\/\/www.djecje-kazaliste.hr\/wp-content\/uploads\/2023\/12\/0F6A9237.jpg 1619w, https:\/\/www.djecje-kazaliste.hr\/wp-content\/uploads\/2023\/12\/0F6A9237-300x200.jpg 300w, https:\/\/www.djecje-kazaliste.hr\/wp-content\/uploads\/2023\/12\/0F6A9237-1024x683.jpg 1024w, https:\/\/www.djecje-kazaliste.hr\/wp-content\/uploads\/2023\/12\/0F6A9237-768x512.jpg 768w, https:\/\/www.djecje-kazaliste.hr\/wp-content\/uploads\/2023\/12\/0F6A9237-1536x1025.jpg 1536w, https:\/\/www.djecje-kazaliste.hr\/wp-content\/uploads\/2023\/12\/0F6A9237-200x133.jpg 200w\" sizes=\"auto, (max-width: 1619px) 100vw, 1619px\" \/><\/a><\/div><div class=\"vcex-post-type-entry-details entry-details wpex-bordered wpex-first-mt-0 wpex-last-mb-0 wpex-clr\"><h2 class=\"vcex-post-type-entry-title entry-title wpex-mb-5\" ><a href=\"https:\/\/www.djecje-kazaliste.hr\/en\/galerija\/mendolena-i-matija-en\/\">Mendolena i Matija<\/a><\/h2 ><\/div><\/div><\/div><div class=\"vcex-post-type-entry vcex-grid-item wpex-clr col span_1_of_3 col-2 post-11151 entry type-galerija has-media kategorije_galerija-53\"><div class=\"vcex-post-type-entry-inner entry-inner wpex-first-mt-0 wpex-last-mb-0 wpex-clr\"><div class=\"vcex-post-type-entry-media entry-media\"><a href=\"https:\/\/www.djecje-kazaliste.hr\/en\/galerija\/tajni-vrt-en\/\" title=\"Tajni Vrt\"><img decoding=\"async\" width=\"2048\" height=\"1366\" src=\"https:\/\/www.djecje-kazaliste.hr\/wp-content\/uploads\/2023\/07\/0F6A1910.jpg\" class=\"vcex-blog-entry-img wpex-align-middle\" alt=\"\" loading=\"lazy\" srcset=\"https:\/\/www.djecje-kazaliste.hr\/wp-content\/uploads\/2023\/07\/0F6A1910.jpg 2048w, https:\/\/www.djecje-kazaliste.hr\/wp-content\/uploads\/2023\/07\/0F6A1910-300x200.jpg 300w, https:\/\/www.djecje-kazaliste.hr\/wp-content\/uploads\/2023\/07\/0F6A1910-1024x683.jpg 1024w, https:\/\/www.djecje-kazaliste.hr\/wp-content\/uploads\/2023\/07\/0F6A1910-768x512.jpg 768w, https:\/\/www.djecje-kazaliste.hr\/wp-content\/uploads\/2023\/07\/0F6A1910-1536x1025.jpg 1536w, https:\/\/www.djecje-kazaliste.hr\/wp-content\/uploads\/2023\/07\/0F6A1910-200x133.jpg 200w, https:\/\/www.djecje-kazaliste.hr\/wp-content\/uploads\/2023\/07\/0F6A1910-298x198.jpg 298w\" sizes=\"auto, (max-width: 2048px) 100vw, 2048px\" \/><\/a><\/div><div class=\"vcex-post-type-entry-details entry-details wpex-bordered wpex-first-mt-0 wpex-last-mb-0 wpex-clr\"><h2 class=\"vcex-post-type-entry-title entry-title wpex-mb-5\" ><a href=\"https:\/\/www.djecje-kazaliste.hr\/en\/galerija\/tajni-vrt-en\/\">Tajni Vrt<\/a><\/h2 ><\/div><\/div><\/div><div class=\"vcex-post-type-entry vcex-grid-item wpex-clr col span_1_of_3 col-3 post-11015 entry type-galerija has-media kategorije_galerija-53\"><div class=\"vcex-post-type-entry-inner entry-inner wpex-first-mt-0 wpex-last-mb-0 wpex-clr\"><div class=\"vcex-post-type-entry-media entry-media\"><a href=\"https:\/\/www.djecje-kazaliste.hr\/en\/galerija\/djedova-prica-en\/\" title=\"Djedova pri\u010da\"><img decoding=\"async\" width=\"640\" height=\"427\" src=\"https:\/\/www.djecje-kazaliste.hr\/wp-content\/uploads\/2023\/05\/Premijera07_dup_s.jpg\" class=\"vcex-blog-entry-img wpex-align-middle\" alt=\"\" loading=\"lazy\" srcset=\"https:\/\/www.djecje-kazaliste.hr\/wp-content\/uploads\/2023\/05\/Premijera07_dup_s.jpg 640w, https:\/\/www.djecje-kazaliste.hr\/wp-content\/uploads\/2023\/05\/Premijera07_dup_s-300x200.jpg 300w, https:\/\/www.djecje-kazaliste.hr\/wp-content\/uploads\/2023\/05\/Premijera07_dup_s-200x133.jpg 200w\" sizes=\"auto, (max-width: 640px) 100vw, 640px\" \/><\/a><\/div><div class=\"vcex-post-type-entry-details entry-details wpex-bordered wpex-first-mt-0 wpex-last-mb-0 wpex-clr\"><h2 class=\"vcex-post-type-entry-title entry-title wpex-mb-5\" ><a href=\"https:\/\/www.djecje-kazaliste.hr\/en\/galerija\/djedova-prica-en\/\">Djedova pri\u010da<\/a><\/h2 ><\/div><\/div><\/div><div class=\"vcex-post-type-entry vcex-grid-item wpex-clr col span_1_of_3 col-1 post-10947 entry type-galerija has-media kategorije_galerija-53\"><div class=\"vcex-post-type-entry-inner entry-inner wpex-first-mt-0 wpex-last-mb-0 wpex-clr\"><div class=\"vcex-post-type-entry-media entry-media\"><a href=\"https:\/\/www.djecje-kazaliste.hr\/en\/galerija\/cik-en\/\" title=\"\u010cik\"><img decoding=\"async\" width=\"640\" height=\"427\" src=\"https:\/\/www.djecje-kazaliste.hr\/wp-content\/uploads\/2019\/04\/cik_s.jpg\" class=\"vcex-blog-entry-img wpex-align-middle\" alt=\"\" loading=\"lazy\" srcset=\"https:\/\/www.djecje-kazaliste.hr\/wp-content\/uploads\/2019\/04\/cik_s.jpg 640w, https:\/\/www.djecje-kazaliste.hr\/wp-content\/uploads\/2019\/04\/cik_s-300x200.jpg 300w, https:\/\/www.djecje-kazaliste.hr\/wp-content\/uploads\/2019\/04\/cik_s-200x133.jpg 200w\" sizes=\"auto, (max-width: 640px) 100vw, 640px\" \/><\/a><\/div><div class=\"vcex-post-type-entry-details entry-details wpex-bordered wpex-first-mt-0 wpex-last-mb-0 wpex-clr\"><h2 class=\"vcex-post-type-entry-title entry-title wpex-mb-5\" ><a href=\"https:\/\/www.djecje-kazaliste.hr\/en\/galerija\/cik-en\/\">\u010cik<\/a><\/h2 ><\/div><\/div><\/div><div class=\"vcex-post-type-entry vcex-grid-item wpex-clr col span_1_of_3 col-2 post-10233 entry type-galerija has-media kategorije_galerija-53\"><div class=\"vcex-post-type-entry-inner entry-inner wpex-first-mt-0 wpex-last-mb-0 wpex-clr\"><div class=\"vcex-post-type-entry-media entry-media\"><a href=\"https:\/\/www.djecje-kazaliste.hr\/en\/galerija\/kukuriku-kutija-en\/\" title=\"Kukuriku kutija\"><img decoding=\"async\" width=\"640\" height=\"427\" src=\"https:\/\/www.djecje-kazaliste.hr\/wp-content\/uploads\/2019\/04\/kk_s.jpg\" class=\"vcex-blog-entry-img wpex-align-middle\" alt=\"\" loading=\"lazy\" srcset=\"https:\/\/www.djecje-kazaliste.hr\/wp-content\/uploads\/2019\/04\/kk_s.jpg 640w, https:\/\/www.djecje-kazaliste.hr\/wp-content\/uploads\/2019\/04\/kk_s-300x200.jpg 300w, https:\/\/www.djecje-kazaliste.hr\/wp-content\/uploads\/2019\/04\/kk_s-200x133.jpg 200w\" sizes=\"auto, (max-width: 640px) 100vw, 640px\" \/><\/a><\/div><div class=\"vcex-post-type-entry-details entry-details wpex-bordered wpex-first-mt-0 wpex-last-mb-0 wpex-clr\"><h2 class=\"vcex-post-type-entry-title entry-title wpex-mb-5\" ><a href=\"https:\/\/www.djecje-kazaliste.hr\/en\/galerija\/kukuriku-kutija-en\/\">Kukuriku kutija<\/a><\/h2 ><\/div><\/div><\/div><div class=\"vcex-post-type-entry vcex-grid-item wpex-clr col span_1_of_3 col-3 post-10247 entry type-galerija has-media kategorije_galerija-53\"><div class=\"vcex-post-type-entry-inner entry-inner wpex-first-mt-0 wpex-last-mb-0 wpex-clr\"><div class=\"vcex-post-type-entry-media entry-media\"><a href=\"https:\/\/www.djecje-kazaliste.hr\/en\/galerija\/tri-medvjeda-i-gitara-en\/\" title=\"Tri medvjeda i gitara\"><img decoding=\"async\" width=\"640\" height=\"427\" src=\"https:\/\/www.djecje-kazaliste.hr\/wp-content\/uploads\/2022\/10\/trim_s.jpg\" class=\"vcex-blog-entry-img wpex-align-middle\" alt=\"\" loading=\"lazy\" srcset=\"https:\/\/www.djecje-kazaliste.hr\/wp-content\/uploads\/2022\/10\/trim_s.jpg 640w, https:\/\/www.djecje-kazaliste.hr\/wp-content\/uploads\/2022\/10\/trim_s-300x200.jpg 300w, https:\/\/www.djecje-kazaliste.hr\/wp-content\/uploads\/2022\/10\/trim_s-200x133.jpg 200w\" sizes=\"auto, (max-width: 640px) 100vw, 640px\" \/><\/a><\/div><div class=\"vcex-post-type-entry-details entry-details wpex-bordered wpex-first-mt-0 wpex-last-mb-0 wpex-clr\"><h2 class=\"vcex-post-type-entry-title entry-title wpex-mb-5\" ><a href=\"https:\/\/www.djecje-kazaliste.hr\/en\/galerija\/tri-medvjeda-i-gitara-en\/\">Tri medvjeda i gitara<\/a><\/h2 ><\/div><\/div><\/div><div class=\"vcex-post-type-entry vcex-grid-item wpex-clr col span_1_of_3 col-1 post-7715 entry type-galerija has-media kategorije_galerija-53\"><div class=\"vcex-post-type-entry-inner entry-inner wpex-first-mt-0 wpex-last-mb-0 wpex-clr\"><div class=\"vcex-post-type-entry-media entry-media\"><a href=\"https:\/\/www.djecje-kazaliste.hr\/en\/galerija\/rock-n-roll-bajka-en\/\" title=\"Rock \u2018n\u2019 Roll bajka\"><img decoding=\"async\" width=\"1620\" height=\"1080\" src=\"https:\/\/www.djecje-kazaliste.hr\/wp-content\/uploads\/2022\/06\/rok0040.jpg\" class=\"vcex-blog-entry-img wpex-align-middle\" alt=\"\" loading=\"lazy\" srcset=\"https:\/\/www.djecje-kazaliste.hr\/wp-content\/uploads\/2022\/06\/rok0040.jpg 1620w, https:\/\/www.djecje-kazaliste.hr\/wp-content\/uploads\/2022\/06\/rok0040-300x200.jpg 300w, https:\/\/www.djecje-kazaliste.hr\/wp-content\/uploads\/2022\/06\/rok0040-1024x683.jpg 1024w, https:\/\/www.djecje-kazaliste.hr\/wp-content\/uploads\/2022\/06\/rok0040-768x512.jpg 768w, https:\/\/www.djecje-kazaliste.hr\/wp-content\/uploads\/2022\/06\/rok0040-1536x1024.jpg 1536w, https:\/\/www.djecje-kazaliste.hr\/wp-content\/uploads\/2022\/06\/rok0040-200x133.jpg 200w\" sizes=\"auto, (max-width: 1620px) 100vw, 1620px\" \/><\/a><\/div><div class=\"vcex-post-type-entry-details entry-details wpex-bordered wpex-first-mt-0 wpex-last-mb-0 wpex-clr\"><h2 class=\"vcex-post-type-entry-title entry-title wpex-mb-5\" ><a href=\"https:\/\/www.djecje-kazaliste.hr\/en\/galerija\/rock-n-roll-bajka-en\/\">Rock \u2018n\u2019 Roll bajka<\/a><\/h2 ><\/div><\/div><\/div><div class=\"vcex-post-type-entry vcex-grid-item wpex-clr col span_1_of_3 col-2 post-7164 entry type-galerija has-media kategorije_galerija-53\"><div class=\"vcex-post-type-entry-inner entry-inner wpex-first-mt-0 wpex-last-mb-0 wpex-clr\"><div class=\"vcex-post-type-entry-media entry-media\"><a href=\"https:\/\/www.djecje-kazaliste.hr\/en\/galerija\/divlji-konj-en\/\" title=\"Divlji konj\"><img decoding=\"async\" width=\"640\" height=\"427\" src=\"https:\/\/www.djecje-kazaliste.hr\/wp-content\/uploads\/2019\/04\/dk_small.jpg\" class=\"vcex-blog-entry-img wpex-align-middle\" alt=\"\" loading=\"lazy\" srcset=\"https:\/\/www.djecje-kazaliste.hr\/wp-content\/uploads\/2019\/04\/dk_small.jpg 640w, https:\/\/www.djecje-kazaliste.hr\/wp-content\/uploads\/2019\/04\/dk_small-300x200.jpg 300w, https:\/\/www.djecje-kazaliste.hr\/wp-content\/uploads\/2019\/04\/dk_small-200x133.jpg 200w\" sizes=\"auto, (max-width: 640px) 100vw, 640px\" \/><\/a><\/div><div class=\"vcex-post-type-entry-details entry-details wpex-bordered wpex-first-mt-0 wpex-last-mb-0 wpex-clr\"><h2 class=\"vcex-post-type-entry-title entry-title wpex-mb-5\" ><a href=\"https:\/\/www.djecje-kazaliste.hr\/en\/galerija\/divlji-konj-en\/\">Divlji konj<\/a><\/h2 ><\/div><\/div><\/div><div class=\"vcex-post-type-entry vcex-grid-item wpex-clr col span_1_of_3 col-3 post-6826 entry type-galerija has-media kategorije_galerija-53\"><div class=\"vcex-post-type-entry-inner entry-inner wpex-first-mt-0 wpex-last-mb-0 wpex-clr\"><div class=\"vcex-post-type-entry-media entry-media\"><a href=\"https:\/\/www.djecje-kazaliste.hr\/en\/galerija\/posljednja-ovcica-en\/\" title=\"Posljednja ov\u010dica\"><img decoding=\"async\" width=\"640\" height=\"427\" src=\"https:\/\/www.djecje-kazaliste.hr\/wp-content\/uploads\/2021\/12\/ps_small.jpg\" class=\"vcex-blog-entry-img wpex-align-middle\" alt=\"\" loading=\"lazy\" srcset=\"https:\/\/www.djecje-kazaliste.hr\/wp-content\/uploads\/2021\/12\/ps_small.jpg 640w, https:\/\/www.djecje-kazaliste.hr\/wp-content\/uploads\/2021\/12\/ps_small-300x200.jpg 300w, https:\/\/www.djecje-kazaliste.hr\/wp-content\/uploads\/2021\/12\/ps_small-200x133.jpg 200w\" sizes=\"auto, (max-width: 640px) 100vw, 640px\" \/><\/a><\/div><div class=\"vcex-post-type-entry-details entry-details wpex-bordered wpex-first-mt-0 wpex-last-mb-0 wpex-clr\"><h2 class=\"vcex-post-type-entry-title entry-title wpex-mb-5\" ><a href=\"https:\/\/www.djecje-kazaliste.hr\/en\/galerija\/posljednja-ovcica-en\/\">Posljednja ov\u010dica<\/a><\/h2 ><\/div><\/div><\/div><div class=\"vcex-post-type-entry vcex-grid-item wpex-clr col span_1_of_3 col-1 post-6728 entry type-galerija has-media kategorije_galerija-53\"><div class=\"vcex-post-type-entry-inner entry-inner wpex-first-mt-0 wpex-last-mb-0 wpex-clr\"><div class=\"vcex-post-type-entry-media entry-media\"><a href=\"https:\/\/www.djecje-kazaliste.hr\/en\/galerija\/bratac-jaglenac-i-sestrica-rutvica-en\/\" title=\"Bratac Jaglenac i sestrica Rutvica\"><img decoding=\"async\" width=\"640\" height=\"427\" src=\"https:\/\/www.djecje-kazaliste.hr\/wp-content\/uploads\/2021\/11\/bratec_s.jpg\" class=\"vcex-blog-entry-img wpex-align-middle\" alt=\"\" loading=\"lazy\" srcset=\"https:\/\/www.djecje-kazaliste.hr\/wp-content\/uploads\/2021\/11\/bratec_s.jpg 640w, https:\/\/www.djecje-kazaliste.hr\/wp-content\/uploads\/2021\/11\/bratec_s-300x200.jpg 300w, https:\/\/www.djecje-kazaliste.hr\/wp-content\/uploads\/2021\/11\/bratec_s-200x133.jpg 200w\" sizes=\"auto, (max-width: 640px) 100vw, 640px\" \/><\/a><\/div><div class=\"vcex-post-type-entry-details entry-details wpex-bordered wpex-first-mt-0 wpex-last-mb-0 wpex-clr\"><h2 class=\"vcex-post-type-entry-title entry-title wpex-mb-5\" ><a href=\"https:\/\/www.djecje-kazaliste.hr\/en\/galerija\/bratac-jaglenac-i-sestrica-rutvica-en\/\">Bratac Jaglenac i sestrica Rutvica<\/a><\/h2 ><\/div><\/div><\/div><div class=\"vcex-post-type-entry vcex-grid-item wpex-clr col span_1_of_3 col-2 post-6632 entry type-galerija has-media kategorije_galerija-53\"><div class=\"vcex-post-type-entry-inner entry-inner wpex-first-mt-0 wpex-last-mb-0 wpex-clr\"><div class=\"vcex-post-type-entry-media entry-media\"><a href=\"https:\/\/www.djecje-kazaliste.hr\/en\/galerija\/vrijeme-za-bajku-svecana-obnova-2021-en\/\" title=\"Vrijeme za bajku &#8211; sve\u010dana obnova 2021\"><img decoding=\"async\" width=\"640\" height=\"427\" src=\"https:\/\/www.djecje-kazaliste.hr\/wp-content\/uploads\/2021\/07\/temnava_sm.jpg\" class=\"vcex-blog-entry-img wpex-align-middle\" alt=\"\" loading=\"lazy\" srcset=\"https:\/\/www.djecje-kazaliste.hr\/wp-content\/uploads\/2021\/07\/temnava_sm.jpg 640w, https:\/\/www.djecje-kazaliste.hr\/wp-content\/uploads\/2021\/07\/temnava_sm-300x200.jpg 300w, https:\/\/www.djecje-kazaliste.hr\/wp-content\/uploads\/2021\/07\/temnava_sm-200x133.jpg 200w\" sizes=\"auto, (max-width: 640px) 100vw, 640px\" \/><\/a><\/div><div class=\"vcex-post-type-entry-details entry-details wpex-bordered wpex-first-mt-0 wpex-last-mb-0 wpex-clr\"><h2 class=\"vcex-post-type-entry-title entry-title wpex-mb-5\" ><a href=\"https:\/\/www.djecje-kazaliste.hr\/en\/galerija\/vrijeme-za-bajku-svecana-obnova-2021-en\/\">Vrijeme za bajku &#8211; sve\u010dana obnova 2021<\/a><\/h2 ><\/div><\/div><\/div><div class=\"vcex-post-type-entry vcex-grid-item wpex-clr col span_1_of_3 col-3 post-5666 entry type-galerija has-media kategorije_galerija-53\"><div class=\"vcex-post-type-entry-inner entry-inner wpex-first-mt-0 wpex-last-mb-0 wpex-clr\"><div class=\"vcex-post-type-entry-media entry-media\"><a href=\"https:\/\/www.djecje-kazaliste.hr\/en\/galerija\/bon-ton-iza-duge-en\/\" title=\"Bon Ton iza duge\"><img decoding=\"async\" width=\"1200\" height=\"800\" src=\"https:\/\/www.djecje-kazaliste.hr\/wp-content\/uploads\/2019\/04\/MFR_4615_resize.jpg\" class=\"vcex-blog-entry-img wpex-align-middle\" alt=\"\" loading=\"lazy\" srcset=\"https:\/\/www.djecje-kazaliste.hr\/wp-content\/uploads\/2019\/04\/MFR_4615_resize.jpg 1200w, https:\/\/www.djecje-kazaliste.hr\/wp-content\/uploads\/2019\/04\/MFR_4615_resize-300x200.jpg 300w, https:\/\/www.djecje-kazaliste.hr\/wp-content\/uploads\/2019\/04\/MFR_4615_resize-1024x683.jpg 1024w, https:\/\/www.djecje-kazaliste.hr\/wp-content\/uploads\/2019\/04\/MFR_4615_resize-768x512.jpg 768w, https:\/\/www.djecje-kazaliste.hr\/wp-content\/uploads\/2019\/04\/MFR_4615_resize-200x133.jpg 200w\" sizes=\"auto, (max-width: 1200px) 100vw, 1200px\" \/><\/a><\/div><div class=\"vcex-post-type-entry-details entry-details wpex-bordered wpex-first-mt-0 wpex-last-mb-0 wpex-clr\"><h2 class=\"vcex-post-type-entry-title entry-title wpex-mb-5\" ><a href=\"https:\/\/www.djecje-kazaliste.hr\/en\/galerija\/bon-ton-iza-duge-en\/\">Bon Ton iza duge<\/a><\/h2 ><\/div><\/div><\/div><div class=\"vcex-post-type-entry vcex-grid-item wpex-clr col span_1_of_3 col-1 post-5656 entry type-galerija has-media kategorije_galerija-53\"><div class=\"vcex-post-type-entry-inner entry-inner wpex-first-mt-0 wpex-last-mb-0 wpex-clr\"><div class=\"vcex-post-type-entry-media entry-media\"><a href=\"https:\/\/www.djecje-kazaliste.hr\/en\/galerija\/kako-je-temnava-dobila-dan-en\/\" title=\"Kako je Temnava dobila dan\"><img decoding=\"async\" width=\"640\" height=\"427\" src=\"https:\/\/www.djecje-kazaliste.hr\/wp-content\/uploads\/2021\/07\/temnava_s.jpg\" class=\"vcex-blog-entry-img wpex-align-middle\" alt=\"\" loading=\"lazy\" srcset=\"https:\/\/www.djecje-kazaliste.hr\/wp-content\/uploads\/2021\/07\/temnava_s.jpg 640w, https:\/\/www.djecje-kazaliste.hr\/wp-content\/uploads\/2021\/07\/temnava_s-300x200.jpg 300w, https:\/\/www.djecje-kazaliste.hr\/wp-content\/uploads\/2021\/07\/temnava_s-200x133.jpg 200w\" sizes=\"auto, (max-width: 640px) 100vw, 640px\" \/><\/a><\/div><div class=\"vcex-post-type-entry-details entry-details wpex-bordered wpex-first-mt-0 wpex-last-mb-0 wpex-clr\"><h2 class=\"vcex-post-type-entry-title entry-title wpex-mb-5\" ><a href=\"https:\/\/www.djecje-kazaliste.hr\/en\/galerija\/kako-je-temnava-dobila-dan-en\/\">Kako je Temnava dobila dan<\/a><\/h2 ><\/div><\/div><\/div><div class=\"vcex-post-type-entry vcex-grid-item wpex-clr col span_1_of_3 col-2 post-5566 entry type-galerija has-media kategorije_galerija-53\"><div class=\"vcex-post-type-entry-inner entry-inner wpex-first-mt-0 wpex-last-mb-0 wpex-clr\"><div class=\"vcex-post-type-entry-media entry-media\"><a href=\"https:\/\/www.djecje-kazaliste.hr\/en\/galerija\/bijeli-klaun-en\/\" title=\"Bijeli klaun\"><img decoding=\"async\" width=\"640\" height=\"427\" src=\"https:\/\/www.djecje-kazaliste.hr\/wp-content\/uploads\/2021\/05\/bk_small.jpg\" class=\"vcex-blog-entry-img wpex-align-middle\" alt=\"\" loading=\"lazy\" srcset=\"https:\/\/www.djecje-kazaliste.hr\/wp-content\/uploads\/2021\/05\/bk_small.jpg 640w, https:\/\/www.djecje-kazaliste.hr\/wp-content\/uploads\/2021\/05\/bk_small-300x200.jpg 300w, https:\/\/www.djecje-kazaliste.hr\/wp-content\/uploads\/2021\/05\/bk_small-200x133.jpg 200w\" sizes=\"auto, (max-width: 640px) 100vw, 640px\" \/><\/a><\/div><div class=\"vcex-post-type-entry-details entry-details wpex-bordered wpex-first-mt-0 wpex-last-mb-0 wpex-clr\"><h2 class=\"vcex-post-type-entry-title entry-title wpex-mb-5\" ><a href=\"https:\/\/www.djecje-kazaliste.hr\/en\/galerija\/bijeli-klaun-en\/\">Bijeli klaun<\/a><\/h2 ><\/div><\/div><\/div><div class=\"vcex-post-type-entry vcex-grid-item wpex-clr col span_1_of_3 col-3 post-5189 entry type-galerija has-media kategorije_galerija-53\"><div class=\"vcex-post-type-entry-inner entry-inner wpex-first-mt-0 wpex-last-mb-0 wpex-clr\"><div class=\"vcex-post-type-entry-media entry-media\"><a href=\"https:\/\/www.djecje-kazaliste.hr\/en\/galerija\/sto-igracke-zele-en\/\" title=\"\u0160to igra\u010dke \u017eele\"><img decoding=\"async\" width=\"640\" height=\"427\" src=\"https:\/\/www.djecje-kazaliste.hr\/wp-content\/uploads\/2020\/12\/Igracke06_dup_161220-s.jpg\" class=\"vcex-blog-entry-img wpex-align-middle\" alt=\"\" loading=\"lazy\" srcset=\"https:\/\/www.djecje-kazaliste.hr\/wp-content\/uploads\/2020\/12\/Igracke06_dup_161220-s.jpg 640w, https:\/\/www.djecje-kazaliste.hr\/wp-content\/uploads\/2020\/12\/Igracke06_dup_161220-s-300x200.jpg 300w, https:\/\/www.djecje-kazaliste.hr\/wp-content\/uploads\/2020\/12\/Igracke06_dup_161220-s-200x133.jpg 200w\" sizes=\"auto, (max-width: 640px) 100vw, 640px\" \/><\/a><\/div><div class=\"vcex-post-type-entry-details entry-details wpex-bordered wpex-first-mt-0 wpex-last-mb-0 wpex-clr\"><h2 class=\"vcex-post-type-entry-title entry-title wpex-mb-5\" ><a href=\"https:\/\/www.djecje-kazaliste.hr\/en\/galerija\/sto-igracke-zele-en\/\">\u0160to igra\u010dke \u017eele<\/a><\/h2 ><\/div><\/div><\/div><div class=\"vcex-post-type-entry vcex-grid-item wpex-clr col span_1_of_3 col-1 post-5127 entry type-galerija has-media kategorije_galerija-53\"><div class=\"vcex-post-type-entry-inner entry-inner wpex-first-mt-0 wpex-last-mb-0 wpex-clr\"><div class=\"vcex-post-type-entry-media entry-media\"><a href=\"https:\/\/www.djecje-kazaliste.hr\/en\/galerija\/zeko-zriko-i-janje-noc-kazalista-2020-en\/\" title=\"Zeko, Zriko i Janje &#8211; No\u0107 kazali\u0161ta 2020\"><img decoding=\"async\" width=\"640\" height=\"427\" src=\"https:\/\/www.djecje-kazaliste.hr\/wp-content\/uploads\/2020\/11\/zeko_mini.jpg\" class=\"vcex-blog-entry-img wpex-align-middle\" alt=\"\" loading=\"lazy\" srcset=\"https:\/\/www.djecje-kazaliste.hr\/wp-content\/uploads\/2020\/11\/zeko_mini.jpg 640w, https:\/\/www.djecje-kazaliste.hr\/wp-content\/uploads\/2020\/11\/zeko_mini-200x133.jpg 200w, https:\/\/www.djecje-kazaliste.hr\/wp-content\/uploads\/2020\/11\/zeko_mini-298x198.jpg 298w\" sizes=\"auto, (max-width: 640px) 100vw, 640px\" \/><\/a><\/div><div class=\"vcex-post-type-entry-details entry-details wpex-bordered wpex-first-mt-0 wpex-last-mb-0 wpex-clr\"><h2 class=\"vcex-post-type-entry-title entry-title wpex-mb-5\" ><a href=\"https:\/\/www.djecje-kazaliste.hr\/en\/galerija\/zeko-zriko-i-janje-noc-kazalista-2020-en\/\">Zeko, Zriko i Janje &#8211; No\u0107 kazali\u0161ta 2020<\/a><\/h2 ><\/div><\/div><\/div><div class=\"vcex-post-type-entry vcex-grid-item wpex-clr col span_1_of_3 col-2 post-5078 entry type-galerija has-media kategorije_galerija-53\"><div class=\"vcex-post-type-entry-inner entry-inner wpex-first-mt-0 wpex-last-mb-0 wpex-clr\"><div class=\"vcex-post-type-entry-media entry-media\"><a href=\"https:\/\/www.djecje-kazaliste.hr\/en\/galerija\/anton-zic-baba-i-harmonika-en\/\" title=\"Anton \u017dic, baba i harmonika\"><img decoding=\"async\" width=\"640\" height=\"427\" src=\"https:\/\/www.djecje-kazaliste.hr\/wp-content\/uploads\/2020\/11\/antun_header.jpg\" class=\"vcex-blog-entry-img wpex-align-middle\" alt=\"\" loading=\"lazy\" srcset=\"https:\/\/www.djecje-kazaliste.hr\/wp-content\/uploads\/2020\/11\/antun_header.jpg 640w, https:\/\/www.djecje-kazaliste.hr\/wp-content\/uploads\/2020\/11\/antun_header-300x200.jpg 300w, https:\/\/www.djecje-kazaliste.hr\/wp-content\/uploads\/2020\/11\/antun_header-200x133.jpg 200w\" sizes=\"auto, (max-width: 640px) 100vw, 640px\" \/><\/a><\/div><div class=\"vcex-post-type-entry-details entry-details wpex-bordered wpex-first-mt-0 wpex-last-mb-0 wpex-clr\"><h2 class=\"vcex-post-type-entry-title entry-title wpex-mb-5\" ><a href=\"https:\/\/www.djecje-kazaliste.hr\/en\/galerija\/anton-zic-baba-i-harmonika-en\/\">Anton \u017dic, baba i harmonika<\/a><\/h2 ><\/div><\/div><\/div><div class=\"vcex-post-type-entry vcex-grid-item wpex-clr col span_1_of_3 col-3 post-4078 entry type-galerija has-media kategorije_galerija-53\"><div class=\"vcex-post-type-entry-inner entry-inner wpex-first-mt-0 wpex-last-mb-0 wpex-clr\"><div class=\"vcex-post-type-entry-media entry-media\"><a href=\"https:\/\/www.djecje-kazaliste.hr\/en\/galerija\/mali_don_kiho_oljk_en\/\" title=\"Mali vitez Don Kiho i \u0161titono\u0161a Sancho &#8211; OLJK 2020.\"><img decoding=\"async\" width=\"1024\" height=\"683\" src=\"https:\/\/www.djecje-kazaliste.hr\/wp-content\/uploads\/2019\/04\/MFR_3160-min.jpg\" class=\"vcex-blog-entry-img wpex-align-middle\" alt=\"\" loading=\"lazy\" srcset=\"https:\/\/www.djecje-kazaliste.hr\/wp-content\/uploads\/2019\/04\/MFR_3160-min.jpg 1024w, https:\/\/www.djecje-kazaliste.hr\/wp-content\/uploads\/2019\/04\/MFR_3160-min-768x512.jpg 768w, https:\/\/www.djecje-kazaliste.hr\/wp-content\/uploads\/2019\/04\/MFR_3160-min-200x133.jpg 200w\" sizes=\"auto, (max-width: 1024px) 100vw, 1024px\" \/><\/a><\/div><div class=\"vcex-post-type-entry-details entry-details wpex-bordered wpex-first-mt-0 wpex-last-mb-0 wpex-clr\"><h2 class=\"vcex-post-type-entry-title entry-title wpex-mb-5\" ><a href=\"https:\/\/www.djecje-kazaliste.hr\/en\/galerija\/mali_don_kiho_oljk_en\/\">Mali vitez Don Kiho i \u0161titono\u0161a Sancho &#8211; OLJK 2020.<\/a><\/h2 ><\/div><\/div><\/div><div class=\"vcex-post-type-entry vcex-grid-item wpex-clr col span_1_of_3 col-1 post-4070 entry type-galerija has-media kategorije_galerija-53\"><div class=\"vcex-post-type-entry-inner entry-inner wpex-first-mt-0 wpex-last-mb-0 wpex-clr\"><div class=\"vcex-post-type-entry-media entry-media\"><a href=\"https:\/\/www.djecje-kazaliste.hr\/en\/galerija\/uspavanka-mdf-sibenik-en\/\" title=\"Uspavanka za mi\u0161i\u0107a &#8211; 60.MDF\"><img decoding=\"async\" width=\"1024\" height=\"683\" src=\"https:\/\/www.djecje-kazaliste.hr\/wp-content\/uploads\/2020\/06\/IMG_9422-min.jpg\" class=\"vcex-blog-entry-img wpex-align-middle\" alt=\"\" loading=\"lazy\" srcset=\"https:\/\/www.djecje-kazaliste.hr\/wp-content\/uploads\/2020\/06\/IMG_9422-min.jpg 1024w, https:\/\/www.djecje-kazaliste.hr\/wp-content\/uploads\/2020\/06\/IMG_9422-min-300x200.jpg 300w, https:\/\/www.djecje-kazaliste.hr\/wp-content\/uploads\/2020\/06\/IMG_9422-min-768x512.jpg 768w, https:\/\/www.djecje-kazaliste.hr\/wp-content\/uploads\/2020\/06\/IMG_9422-min-200x133.jpg 200w\" sizes=\"auto, (max-width: 1024px) 100vw, 1024px\" \/><\/a><\/div><div class=\"vcex-post-type-entry-details entry-details wpex-bordered wpex-first-mt-0 wpex-last-mb-0 wpex-clr\"><h2 class=\"vcex-post-type-entry-title entry-title wpex-mb-5\" ><a href=\"https:\/\/www.djecje-kazaliste.hr\/en\/galerija\/uspavanka-mdf-sibenik-en\/\">Uspavanka za mi\u0161i\u0107a &#8211; 60.MDF<\/a><\/h2 ><\/div><\/div><\/div><div class=\"vcex-post-type-entry vcex-grid-item wpex-clr col span_1_of_3 col-2 post-3766 entry type-galerija has-media kategorije_galerija-53\"><div class=\"vcex-post-type-entry-inner entry-inner wpex-first-mt-0 wpex-last-mb-0 wpex-clr\"><div class=\"vcex-post-type-entry-media entry-media\"><a href=\"https:\/\/www.djecje-kazaliste.hr\/en\/galerija\/ljepotica-i-zvijer\/\" title=\"Ljepotica i zvijer\"><img decoding=\"async\" width=\"640\" height=\"427\" src=\"https:\/\/www.djecje-kazaliste.hr\/wp-content\/uploads\/2020\/03\/Ljepotica-00023-min_head.jpg\" class=\"vcex-blog-entry-img wpex-align-middle\" alt=\"\" loading=\"lazy\" srcset=\"https:\/\/www.djecje-kazaliste.hr\/wp-content\/uploads\/2020\/03\/Ljepotica-00023-min_head.jpg 640w, https:\/\/www.djecje-kazaliste.hr\/wp-content\/uploads\/2020\/03\/Ljepotica-00023-min_head-300x200.jpg 300w, https:\/\/www.djecje-kazaliste.hr\/wp-content\/uploads\/2020\/03\/Ljepotica-00023-min_head-200x133.jpg 200w\" sizes=\"auto, (max-width: 640px) 100vw, 640px\" \/><\/a><\/div><div class=\"vcex-post-type-entry-details entry-details wpex-bordered wpex-first-mt-0 wpex-last-mb-0 wpex-clr\"><h2 class=\"vcex-post-type-entry-title entry-title wpex-mb-5\" ><a href=\"https:\/\/www.djecje-kazaliste.hr\/en\/galerija\/ljepotica-i-zvijer\/\">Ljepotica i zvijer<\/a><\/h2 ><\/div><\/div><\/div><div class=\"vcex-post-type-entry vcex-grid-item wpex-clr col span_1_of_3 col-3 post-3573 entry type-galerija has-media kategorije_galerija-53\"><div class=\"vcex-post-type-entry-inner entry-inner wpex-first-mt-0 wpex-last-mb-0 wpex-clr\"><div class=\"vcex-post-type-entry-media entry-media\"><a href=\"https:\/\/www.djecje-kazaliste.hr\/en\/galerija\/bozicna-panika\/\" title=\"Bo\u017ei\u0107na panika\"><img decoding=\"async\" width=\"640\" height=\"427\" src=\"https:\/\/www.djecje-kazaliste.hr\/wp-content\/uploads\/2019\/12\/foto-00064_head.jpg\" class=\"vcex-blog-entry-img wpex-align-middle\" alt=\"\" loading=\"lazy\" srcset=\"https:\/\/www.djecje-kazaliste.hr\/wp-content\/uploads\/2019\/12\/foto-00064_head.jpg 640w, https:\/\/www.djecje-kazaliste.hr\/wp-content\/uploads\/2019\/12\/foto-00064_head-300x200.jpg 300w, https:\/\/www.djecje-kazaliste.hr\/wp-content\/uploads\/2019\/12\/foto-00064_head-200x133.jpg 200w\" sizes=\"auto, (max-width: 640px) 100vw, 640px\" \/><\/a><\/div><div class=\"vcex-post-type-entry-details entry-details wpex-bordered wpex-first-mt-0 wpex-last-mb-0 wpex-clr\"><h2 class=\"vcex-post-type-entry-title entry-title wpex-mb-5\" ><a href=\"https:\/\/www.djecje-kazaliste.hr\/en\/galerija\/bozicna-panika\/\">Bo\u017ei\u0107na panika<\/a><\/h2 ><\/div><\/div><\/div><div class=\"vcex-post-type-entry vcex-grid-item wpex-clr col span_1_of_3 col-1 post-3367 entry type-galerija has-media kategorije_galerija-53\"><div class=\"vcex-post-type-entry-inner entry-inner wpex-first-mt-0 wpex-last-mb-0 wpex-clr\"><div class=\"vcex-post-type-entry-media entry-media\"><a href=\"https:\/\/www.djecje-kazaliste.hr\/en\/galerija\/lav-koji-nije-znao-pisati\/\" title=\"Lav koji nije znao pisati\"><img decoding=\"async\" width=\"640\" height=\"427\" src=\"https:\/\/www.djecje-kazaliste.hr\/wp-content\/uploads\/2019\/10\/lav-0061_head.jpg\" class=\"vcex-blog-entry-img wpex-align-middle\" alt=\"\" loading=\"lazy\" srcset=\"https:\/\/www.djecje-kazaliste.hr\/wp-content\/uploads\/2019\/10\/lav-0061_head.jpg 640w, https:\/\/www.djecje-kazaliste.hr\/wp-content\/uploads\/2019\/10\/lav-0061_head-300x200.jpg 300w, https:\/\/www.djecje-kazaliste.hr\/wp-content\/uploads\/2019\/10\/lav-0061_head-200x133.jpg 200w\" sizes=\"auto, (max-width: 640px) 100vw, 640px\" \/><\/a><\/div><div class=\"vcex-post-type-entry-details entry-details wpex-bordered wpex-first-mt-0 wpex-last-mb-0 wpex-clr\"><h2 class=\"vcex-post-type-entry-title entry-title wpex-mb-5\" ><a href=\"https:\/\/www.djecje-kazaliste.hr\/en\/galerija\/lav-koji-nije-znao-pisati\/\">Lav koji nije znao pisati<\/a><\/h2 ><\/div><\/div><\/div><div class=\"vcex-post-type-entry vcex-grid-item wpex-clr col span_1_of_3 col-2 post-3304 entry type-galerija has-media kategorije_galerija-53\"><div class=\"vcex-post-type-entry-inner entry-inner wpex-first-mt-0 wpex-last-mb-0 wpex-clr\"><div class=\"vcex-post-type-entry-media entry-media\"><a href=\"https:\/\/www.djecje-kazaliste.hr\/en\/galerija\/pepeljuga\/\" title=\"Pepeljuga\"><img decoding=\"async\" width=\"640\" height=\"427\" src=\"https:\/\/www.djecje-kazaliste.hr\/wp-content\/uploads\/2019\/10\/pepeljuga_2019_4_head.jpg\" class=\"vcex-blog-entry-img wpex-align-middle\" alt=\"\" loading=\"lazy\" srcset=\"https:\/\/www.djecje-kazaliste.hr\/wp-content\/uploads\/2019\/10\/pepeljuga_2019_4_head.jpg 640w, https:\/\/www.djecje-kazaliste.hr\/wp-content\/uploads\/2019\/10\/pepeljuga_2019_4_head-300x200.jpg 300w, https:\/\/www.djecje-kazaliste.hr\/wp-content\/uploads\/2019\/10\/pepeljuga_2019_4_head-200x133.jpg 200w\" sizes=\"auto, (max-width: 640px) 100vw, 640px\" \/><\/a><\/div><div class=\"vcex-post-type-entry-details entry-details wpex-bordered wpex-first-mt-0 wpex-last-mb-0 wpex-clr\"><h2 class=\"vcex-post-type-entry-title entry-title wpex-mb-5\" ><a href=\"https:\/\/www.djecje-kazaliste.hr\/en\/galerija\/pepeljuga\/\">Pepeljuga<\/a><\/h2 ><\/div><\/div><\/div><div class=\"vcex-post-type-entry vcex-grid-item wpex-clr col span_1_of_3 col-3 post-2227 entry type-galerija has-media kategorije_galerija-53\"><div class=\"vcex-post-type-entry-inner entry-inner wpex-first-mt-0 wpex-last-mb-0 wpex-clr\"><div class=\"vcex-post-type-entry-media entry-media\"><a href=\"https:\/\/www.djecje-kazaliste.hr\/en\/galerija\/trojica-u-trnju-oljk-2019\/\" title=\"Trojica u trnju OLJK 2019.\"><img decoding=\"async\" width=\"640\" height=\"427\" src=\"https:\/\/www.djecje-kazaliste.hr\/wp-content\/uploads\/2019\/07\/MFR_0020_resize_1.jpg\" class=\"vcex-blog-entry-img wpex-align-middle\" alt=\"\" loading=\"lazy\" srcset=\"https:\/\/www.djecje-kazaliste.hr\/wp-content\/uploads\/2019\/07\/MFR_0020_resize_1.jpg 640w, https:\/\/www.djecje-kazaliste.hr\/wp-content\/uploads\/2019\/07\/MFR_0020_resize_1-300x200.jpg 300w, https:\/\/www.djecje-kazaliste.hr\/wp-content\/uploads\/2019\/07\/MFR_0020_resize_1-200x133.jpg 200w\" sizes=\"auto, (max-width: 640px) 100vw, 640px\" \/><\/a><\/div><div class=\"vcex-post-type-entry-details entry-details wpex-bordered wpex-first-mt-0 wpex-last-mb-0 wpex-clr\"><h2 class=\"vcex-post-type-entry-title entry-title wpex-mb-5\" ><a href=\"https:\/\/www.djecje-kazaliste.hr\/en\/galerija\/trojica-u-trnju-oljk-2019\/\">Trojica u trnju OLJK 2019.<\/a><\/h2 ><\/div><\/div><\/div><div class=\"vcex-post-type-entry vcex-grid-item wpex-clr col span_1_of_3 col-1 post-1639 entry type-galerija has-media kategorije_galerija-53\"><div class=\"vcex-post-type-entry-inner entry-inner wpex-first-mt-0 wpex-last-mb-0 wpex-clr\"><div class=\"vcex-post-type-entry-media entry-media\"><a href=\"https:\/\/www.djecje-kazaliste.hr\/en\/galerija\/pliva-patka-preko-drave\/\" title=\"Pliva patka preko Drave\"><img decoding=\"async\" width=\"640\" height=\"427\" src=\"https:\/\/www.djecje-kazaliste.hr\/wp-content\/uploads\/2019\/05\/PATKA-0027.jpg\" class=\"vcex-blog-entry-img wpex-align-middle\" alt=\"\" loading=\"lazy\" srcset=\"https:\/\/www.djecje-kazaliste.hr\/wp-content\/uploads\/2019\/05\/PATKA-0027.jpg 640w, https:\/\/www.djecje-kazaliste.hr\/wp-content\/uploads\/2019\/05\/PATKA-0027-300x200.jpg 300w, https:\/\/www.djecje-kazaliste.hr\/wp-content\/uploads\/2019\/05\/PATKA-0027-200x133.jpg 200w\" sizes=\"auto, (max-width: 640px) 100vw, 640px\" \/><\/a><\/div><div class=\"vcex-post-type-entry-details entry-details wpex-bordered wpex-first-mt-0 wpex-last-mb-0 wpex-clr\"><h2 class=\"vcex-post-type-entry-title entry-title wpex-mb-5\" ><a href=\"https:\/\/www.djecje-kazaliste.hr\/en\/galerija\/pliva-patka-preko-drave\/\">Pliva patka preko Drave<\/a><\/h2 ><\/div><\/div><\/div><div class=\"vcex-post-type-entry vcex-grid-item wpex-clr col span_1_of_3 col-2 post-1642 entry type-galerija has-media kategorije_galerija-53\"><div class=\"vcex-post-type-entry-inner entry-inner wpex-first-mt-0 wpex-last-mb-0 wpex-clr\"><div class=\"vcex-post-type-entry-media entry-media\"><a href=\"https:\/\/www.djecje-kazaliste.hr\/en\/galerija\/nezaboravak\/\" title=\"Nezaboravak\"><img decoding=\"async\" width=\"640\" height=\"427\" src=\"https:\/\/www.djecje-kazaliste.hr\/wp-content\/uploads\/2019\/05\/Nezaboravak_131_dup311018.jpg\" class=\"vcex-blog-entry-img wpex-align-middle\" alt=\"\" loading=\"lazy\" srcset=\"https:\/\/www.djecje-kazaliste.hr\/wp-content\/uploads\/2019\/05\/Nezaboravak_131_dup311018.jpg 640w, https:\/\/www.djecje-kazaliste.hr\/wp-content\/uploads\/2019\/05\/Nezaboravak_131_dup311018-300x200.jpg 300w, https:\/\/www.djecje-kazaliste.hr\/wp-content\/uploads\/2019\/05\/Nezaboravak_131_dup311018-200x133.jpg 200w\" sizes=\"auto, (max-width: 640px) 100vw, 640px\" \/><\/a><\/div><div class=\"vcex-post-type-entry-details entry-details wpex-bordered wpex-first-mt-0 wpex-last-mb-0 wpex-clr\"><h2 class=\"vcex-post-type-entry-title entry-title wpex-mb-5\" ><a href=\"https:\/\/www.djecje-kazaliste.hr\/en\/galerija\/nezaboravak\/\">Nezaboravak<\/a><\/h2 ><\/div><\/div><\/div><div class=\"vcex-post-type-entry vcex-grid-item wpex-clr col span_1_of_3 col-3 post-1645 entry type-galerija has-media kategorije_galerija-53\"><div class=\"vcex-post-type-entry-inner entry-inner wpex-first-mt-0 wpex-last-mb-0 wpex-clr\"><div class=\"vcex-post-type-entry-media entry-media\"><a href=\"https:\/\/www.djecje-kazaliste.hr\/en\/galerija\/uspavanka-za-misica-obnova-2019\/\" title=\"Uspavanka za mi\u0161i\u0107a &#8211; Obnova 2019\"><img decoding=\"async\" width=\"640\" height=\"427\" src=\"https:\/\/www.djecje-kazaliste.hr\/wp-content\/uploads\/2019\/05\/uspavanka-0013-head.jpg\" class=\"vcex-blog-entry-img wpex-align-middle\" alt=\"\" loading=\"lazy\" srcset=\"https:\/\/www.djecje-kazaliste.hr\/wp-content\/uploads\/2019\/05\/uspavanka-0013-head.jpg 640w, https:\/\/www.djecje-kazaliste.hr\/wp-content\/uploads\/2019\/05\/uspavanka-0013-head-200x133.jpg 200w\" sizes=\"auto, (max-width: 640px) 100vw, 640px\" \/><\/a><\/div><div class=\"vcex-post-type-entry-details entry-details wpex-bordered wpex-first-mt-0 wpex-last-mb-0 wpex-clr\"><h2 class=\"vcex-post-type-entry-title entry-title wpex-mb-5\" ><a href=\"https:\/\/www.djecje-kazaliste.hr\/en\/galerija\/uspavanka-za-misica-obnova-2019\/\">Uspavanka za mi\u0161i\u0107a &#8211; Obnova 2019<\/a><\/h2 ><\/div><\/div><\/div><div class=\"vcex-post-type-entry vcex-grid-item wpex-clr col span_1_of_3 col-1 post-1648 entry type-galerija has-media kategorije_galerija-53\"><div class=\"vcex-post-type-entry-inner entry-inner wpex-first-mt-0 wpex-last-mb-0 wpex-clr\"><div class=\"vcex-post-type-entry-media entry-media\"><a href=\"https:\/\/www.djecje-kazaliste.hr\/en\/galerija\/bozicni-kolacici-obnova-2018\/\" title=\"Bo\u017ei\u010dni kola\u010di\u0107i &#8211; Obnova 2018\"><img decoding=\"async\" width=\"640\" height=\"427\" src=\"https:\/\/www.djecje-kazaliste.hr\/wp-content\/uploads\/2019\/05\/foto-0183.jpg\" class=\"vcex-blog-entry-img wpex-align-middle\" alt=\"\" loading=\"lazy\" srcset=\"https:\/\/www.djecje-kazaliste.hr\/wp-content\/uploads\/2019\/05\/foto-0183.jpg 640w, https:\/\/www.djecje-kazaliste.hr\/wp-content\/uploads\/2019\/05\/foto-0183-300x200.jpg 300w, https:\/\/www.djecje-kazaliste.hr\/wp-content\/uploads\/2019\/05\/foto-0183-200x133.jpg 200w\" sizes=\"auto, (max-width: 640px) 100vw, 640px\" \/><\/a><\/div><div class=\"vcex-post-type-entry-details entry-details wpex-bordered wpex-first-mt-0 wpex-last-mb-0 wpex-clr\"><h2 class=\"vcex-post-type-entry-title entry-title wpex-mb-5\" ><a href=\"https:\/\/www.djecje-kazaliste.hr\/en\/galerija\/bozicni-kolacici-obnova-2018\/\">Bo\u017ei\u010dni kola\u010di\u0107i &#8211; Obnova 2018<\/a><\/h2 ><\/div><\/div><\/div><div class=\"vcex-post-type-entry vcex-grid-item wpex-clr col span_1_of_3 col-2 post-1854 entry type-galerija has-media kategorije_galerija-53\"><div class=\"vcex-post-type-entry-inner entry-inner wpex-first-mt-0 wpex-last-mb-0 wpex-clr\"><div class=\"vcex-post-type-entry-media entry-media\"><a href=\"https:\/\/www.djecje-kazaliste.hr\/en\/galerija\/tobija\/\" title=\"Tobija\"><img decoding=\"async\" width=\"640\" height=\"427\" src=\"https:\/\/www.djecje-kazaliste.hr\/wp-content\/uploads\/2019\/05\/dkos_tobija_024_head.jpg\" class=\"vcex-blog-entry-img wpex-align-middle\" alt=\"\" loading=\"lazy\" srcset=\"https:\/\/www.djecje-kazaliste.hr\/wp-content\/uploads\/2019\/05\/dkos_tobija_024_head.jpg 640w, https:\/\/www.djecje-kazaliste.hr\/wp-content\/uploads\/2019\/05\/dkos_tobija_024_head-200x133.jpg 200w\" sizes=\"auto, (max-width: 640px) 100vw, 640px\" \/><\/a><\/div><div class=\"vcex-post-type-entry-details entry-details wpex-bordered wpex-first-mt-0 wpex-last-mb-0 wpex-clr\"><h2 class=\"vcex-post-type-entry-title entry-title wpex-mb-5\" ><a href=\"https:\/\/www.djecje-kazaliste.hr\/en\/galerija\/tobija\/\">Tobija<\/a><\/h2 ><\/div><\/div><\/div><div class=\"vcex-post-type-entry vcex-grid-item wpex-clr col span_1_of_3 col-3 post-1857 entry type-galerija has-media kategorije_galerija-53\"><div class=\"vcex-post-type-entry-inner entry-inner wpex-first-mt-0 wpex-last-mb-0 wpex-clr\"><div class=\"vcex-post-type-entry-media entry-media\"><a href=\"https:\/\/www.djecje-kazaliste.hr\/en\/galerija\/ruzno-pace\/\" title=\"Ru\u017eno pa\u010de\"><img decoding=\"async\" width=\"640\" height=\"427\" src=\"https:\/\/www.djecje-kazaliste.hr\/wp-content\/uploads\/2019\/05\/pacic-132.jpg\" class=\"vcex-blog-entry-img wpex-align-middle\" alt=\"\" loading=\"lazy\" srcset=\"https:\/\/www.djecje-kazaliste.hr\/wp-content\/uploads\/2019\/05\/pacic-132.jpg 640w, https:\/\/www.djecje-kazaliste.hr\/wp-content\/uploads\/2019\/05\/pacic-132-300x200.jpg 300w, https:\/\/www.djecje-kazaliste.hr\/wp-content\/uploads\/2019\/05\/pacic-132-200x133.jpg 200w\" sizes=\"auto, (max-width: 640px) 100vw, 640px\" \/><\/a><\/div><div class=\"vcex-post-type-entry-details entry-details wpex-bordered wpex-first-mt-0 wpex-last-mb-0 wpex-clr\"><h2 class=\"vcex-post-type-entry-title entry-title wpex-mb-5\" ><a href=\"https:\/\/www.djecje-kazaliste.hr\/en\/galerija\/ruzno-pace\/\">Ru\u017eno pa\u010de<\/a><\/h2 ><\/div><\/div><\/div><div class=\"vcex-post-type-entry vcex-grid-item wpex-clr col span_1_of_3 col-1 post-1860 entry type-galerija has-media kategorije_galerija-53\"><div class=\"vcex-post-type-entry-inner entry-inner wpex-first-mt-0 wpex-last-mb-0 wpex-clr\"><div class=\"vcex-post-type-entry-media entry-media\"><a href=\"https:\/\/www.djecje-kazaliste.hr\/en\/galerija\/crvenkapica-premijera-u-osijeku\/\" title=\"Crvenkapica premijera u Osijeku\"><img decoding=\"async\" width=\"640\" height=\"427\" src=\"https:\/\/www.djecje-kazaliste.hr\/wp-content\/uploads\/2019\/05\/Crvenkapica_29_dup110418_head.jpg\" class=\"vcex-blog-entry-img wpex-align-middle\" alt=\"\" loading=\"lazy\" srcset=\"https:\/\/www.djecje-kazaliste.hr\/wp-content\/uploads\/2019\/05\/Crvenkapica_29_dup110418_head.jpg 640w, https:\/\/www.djecje-kazaliste.hr\/wp-content\/uploads\/2019\/05\/Crvenkapica_29_dup110418_head-300x200.jpg 300w, https:\/\/www.djecje-kazaliste.hr\/wp-content\/uploads\/2019\/05\/Crvenkapica_29_dup110418_head-200x133.jpg 200w\" sizes=\"auto, (max-width: 640px) 100vw, 640px\" \/><\/a><\/div><div class=\"vcex-post-type-entry-details entry-details wpex-bordered wpex-first-mt-0 wpex-last-mb-0 wpex-clr\"><h2 class=\"vcex-post-type-entry-title entry-title wpex-mb-5\" ><a href=\"https:\/\/www.djecje-kazaliste.hr\/en\/galerija\/crvenkapica-premijera-u-osijeku\/\">Crvenkapica premijera u Osijeku<\/a><\/h2 ><\/div><\/div><\/div><div class=\"vcex-post-type-entry vcex-grid-item wpex-clr col span_1_of_3 col-2 post-1863 entry type-galerija has-media kategorije_galerija-53\"><div class=\"vcex-post-type-entry-inner entry-inner wpex-first-mt-0 wpex-last-mb-0 wpex-clr\"><div class=\"vcex-post-type-entry-media entry-media\"><a href=\"https:\/\/www.djecje-kazaliste.hr\/en\/galerija\/vitez-bez-konja\/\" title=\"Vitez bez konja\"><img decoding=\"async\" width=\"640\" height=\"427\" src=\"https:\/\/www.djecje-kazaliste.hr\/wp-content\/uploads\/2019\/05\/vitez_134_dup011217_head.jpg\" class=\"vcex-blog-entry-img wpex-align-middle\" alt=\"\" loading=\"lazy\" srcset=\"https:\/\/www.djecje-kazaliste.hr\/wp-content\/uploads\/2019\/05\/vitez_134_dup011217_head.jpg 640w, https:\/\/www.djecje-kazaliste.hr\/wp-content\/uploads\/2019\/05\/vitez_134_dup011217_head-300x200.jpg 300w, https:\/\/www.djecje-kazaliste.hr\/wp-content\/uploads\/2019\/05\/vitez_134_dup011217_head-200x133.jpg 200w\" sizes=\"auto, (max-width: 640px) 100vw, 640px\" \/><\/a><\/div><div class=\"vcex-post-type-entry-details entry-details wpex-bordered wpex-first-mt-0 wpex-last-mb-0 wpex-clr\"><h2 class=\"vcex-post-type-entry-title entry-title wpex-mb-5\" ><a href=\"https:\/\/www.djecje-kazaliste.hr\/en\/galerija\/vitez-bez-konja\/\">Vitez bez konja<\/a><\/h2 ><\/div><\/div><\/div><div class=\"vcex-post-type-entry vcex-grid-item wpex-clr col span_1_of_3 col-3 post-1866 entry type-galerija has-media kategorije_galerija-53\"><div class=\"vcex-post-type-entry-inner entry-inner wpex-first-mt-0 wpex-last-mb-0 wpex-clr\"><div class=\"vcex-post-type-entry-media entry-media\"><a href=\"https:\/\/www.djecje-kazaliste.hr\/en\/galerija\/zasuti-premijera-u-koprivnici\/\" title=\"Za\u0161uti premijera u Koprivnici\"><img decoding=\"async\" width=\"640\" height=\"427\" src=\"https:\/\/www.djecje-kazaliste.hr\/wp-content\/uploads\/2019\/05\/FJ-776_head.jpg\" class=\"vcex-blog-entry-img wpex-align-middle\" alt=\"\" loading=\"lazy\" srcset=\"https:\/\/www.djecje-kazaliste.hr\/wp-content\/uploads\/2019\/05\/FJ-776_head.jpg 640w, https:\/\/www.djecje-kazaliste.hr\/wp-content\/uploads\/2019\/05\/FJ-776_head-300x200.jpg 300w, https:\/\/www.djecje-kazaliste.hr\/wp-content\/uploads\/2019\/05\/FJ-776_head-200x133.jpg 200w\" sizes=\"auto, (max-width: 640px) 100vw, 640px\" \/><\/a><\/div><div class=\"vcex-post-type-entry-details entry-details wpex-bordered wpex-first-mt-0 wpex-last-mb-0 wpex-clr\"><h2 class=\"vcex-post-type-entry-title entry-title wpex-mb-5\" ><a href=\"https:\/\/www.djecje-kazaliste.hr\/en\/galerija\/zasuti-premijera-u-koprivnici\/\">Za\u0161uti premijera u Koprivnici<\/a><\/h2 ><\/div><\/div><\/div><div class=\"vcex-post-type-entry vcex-grid-item wpex-clr col span_1_of_3 col-1 post-1869 entry type-galerija has-media kategorije_galerija-53\"><div class=\"vcex-post-type-entry-inner entry-inner wpex-first-mt-0 wpex-last-mb-0 wpex-clr\"><div class=\"vcex-post-type-entry-media entry-media\"><a href=\"https:\/\/www.djecje-kazaliste.hr\/en\/galerija\/james-i-divovska-breskva\/\" title=\"James i divovska breskva\"><img decoding=\"async\" width=\"640\" height=\"427\" src=\"https:\/\/www.djecje-kazaliste.hr\/wp-content\/uploads\/2019\/05\/IMG_0966_head.jpg\" class=\"vcex-blog-entry-img wpex-align-middle\" alt=\"\" loading=\"lazy\" srcset=\"https:\/\/www.djecje-kazaliste.hr\/wp-content\/uploads\/2019\/05\/IMG_0966_head.jpg 640w, https:\/\/www.djecje-kazaliste.hr\/wp-content\/uploads\/2019\/05\/IMG_0966_head-300x200.jpg 300w, https:\/\/www.djecje-kazaliste.hr\/wp-content\/uploads\/2019\/05\/IMG_0966_head-200x133.jpg 200w\" sizes=\"auto, (max-width: 640px) 100vw, 640px\" \/><\/a><\/div><div class=\"vcex-post-type-entry-details entry-details wpex-bordered wpex-first-mt-0 wpex-last-mb-0 wpex-clr\"><h2 class=\"vcex-post-type-entry-title entry-title wpex-mb-5\" ><a href=\"https:\/\/www.djecje-kazaliste.hr\/en\/galerija\/james-i-divovska-breskva\/\">James i divovska breskva<\/a><\/h2 ><\/div><\/div><\/div><div class=\"vcex-post-type-entry vcex-grid-item wpex-clr col span_1_of_3 col-2 post-1872 entry type-galerija has-media kategorije_galerija-53\"><div class=\"vcex-post-type-entry-inner entry-inner wpex-first-mt-0 wpex-last-mb-0 wpex-clr\"><div class=\"vcex-post-type-entry-media entry-media\"><a href=\"https:\/\/www.djecje-kazaliste.hr\/en\/galerija\/prica-s-morskog-dna\/\" title=\"Pri\u010da s morskog dna\"><img decoding=\"async\" width=\"640\" height=\"427\" src=\"https:\/\/www.djecje-kazaliste.hr\/wp-content\/uploads\/2019\/05\/more-44.jpg\" class=\"vcex-blog-entry-img wpex-align-middle\" alt=\"\" loading=\"lazy\" srcset=\"https:\/\/www.djecje-kazaliste.hr\/wp-content\/uploads\/2019\/05\/more-44.jpg 640w, https:\/\/www.djecje-kazaliste.hr\/wp-content\/uploads\/2019\/05\/more-44-300x200.jpg 300w, https:\/\/www.djecje-kazaliste.hr\/wp-content\/uploads\/2019\/05\/more-44-200x133.jpg 200w\" sizes=\"auto, (max-width: 640px) 100vw, 640px\" \/><\/a><\/div><div class=\"vcex-post-type-entry-details entry-details wpex-bordered wpex-first-mt-0 wpex-last-mb-0 wpex-clr\"><h2 class=\"vcex-post-type-entry-title entry-title wpex-mb-5\" ><a href=\"https:\/\/www.djecje-kazaliste.hr\/en\/galerija\/prica-s-morskog-dna\/\">Pri\u010da s morskog dna<\/a><\/h2 ><\/div><\/div><\/div><div class=\"vcex-post-type-entry vcex-grid-item wpex-clr col span_1_of_3 col-3 post-1875 entry type-galerija has-media kategorije_galerija-53\"><div class=\"vcex-post-type-entry-inner entry-inner wpex-first-mt-0 wpex-last-mb-0 wpex-clr\"><div class=\"vcex-post-type-entry-media entry-media\"><a href=\"https:\/\/www.djecje-kazaliste.hr\/en\/galerija\/legende-o-kristu\/\" title=\"Legende o Kristu\"><img decoding=\"async\" width=\"640\" height=\"427\" src=\"https:\/\/www.djecje-kazaliste.hr\/wp-content\/uploads\/2019\/05\/krist-12.jpg\" class=\"vcex-blog-entry-img wpex-align-middle\" alt=\"\" loading=\"lazy\" srcset=\"https:\/\/www.djecje-kazaliste.hr\/wp-content\/uploads\/2019\/05\/krist-12.jpg 640w, https:\/\/www.djecje-kazaliste.hr\/wp-content\/uploads\/2019\/05\/krist-12-300x200.jpg 300w, https:\/\/www.djecje-kazaliste.hr\/wp-content\/uploads\/2019\/05\/krist-12-200x133.jpg 200w\" sizes=\"auto, (max-width: 640px) 100vw, 640px\" \/><\/a><\/div><div class=\"vcex-post-type-entry-details entry-details wpex-bordered wpex-first-mt-0 wpex-last-mb-0 wpex-clr\"><h2 class=\"vcex-post-type-entry-title entry-title wpex-mb-5\" ><a href=\"https:\/\/www.djecje-kazaliste.hr\/en\/galerija\/legende-o-kristu\/\">Legende o Kristu<\/a><\/h2 ><\/div><\/div><\/div><div class=\"vcex-post-type-entry vcex-grid-item wpex-clr col span_1_of_3 col-1 post-1878 entry type-galerija has-media kategorije_galerija-53\"><div class=\"vcex-post-type-entry-inner entry-inner wpex-first-mt-0 wpex-last-mb-0 wpex-clr\"><div class=\"vcex-post-type-entry-media entry-media\"><a href=\"https:\/\/www.djecje-kazaliste.hr\/en\/galerija\/bijeli-jelen\/\" title=\"Bijeli jelen\"><img decoding=\"async\" width=\"640\" height=\"427\" src=\"https:\/\/www.djecje-kazaliste.hr\/wp-content\/uploads\/2019\/05\/jelen-135.jpg\" class=\"vcex-blog-entry-img wpex-align-middle\" alt=\"\" loading=\"lazy\" srcset=\"https:\/\/www.djecje-kazaliste.hr\/wp-content\/uploads\/2019\/05\/jelen-135.jpg 640w, https:\/\/www.djecje-kazaliste.hr\/wp-content\/uploads\/2019\/05\/jelen-135-300x200.jpg 300w, https:\/\/www.djecje-kazaliste.hr\/wp-content\/uploads\/2019\/05\/jelen-135-200x133.jpg 200w\" sizes=\"auto, (max-width: 640px) 100vw, 640px\" \/><\/a><\/div><div class=\"vcex-post-type-entry-details entry-details wpex-bordered wpex-first-mt-0 wpex-last-mb-0 wpex-clr\"><h2 class=\"vcex-post-type-entry-title entry-title wpex-mb-5\" ><a href=\"https:\/\/www.djecje-kazaliste.hr\/en\/galerija\/bijeli-jelen\/\">Bijeli jelen<\/a><\/h2 ><\/div><\/div><\/div><div class=\"vcex-post-type-entry vcex-grid-item wpex-clr col span_1_of_3 col-2 post-1909 entry type-galerija has-media kategorije_galerija-53\"><div class=\"vcex-post-type-entry-inner entry-inner wpex-first-mt-0 wpex-last-mb-0 wpex-clr\"><div class=\"vcex-post-type-entry-media entry-media\"><a href=\"https:\/\/www.djecje-kazaliste.hr\/en\/galerija\/ja-magarac-oljk-2016-premijera\/\" title=\"Ja magarac OLJK 2016 premijera\"><img decoding=\"async\" width=\"640\" height=\"427\" src=\"https:\/\/www.djecje-kazaliste.hr\/wp-content\/uploads\/2019\/05\/IMG_3788_head.jpg\" class=\"vcex-blog-entry-img wpex-align-middle\" alt=\"\" loading=\"lazy\" srcset=\"https:\/\/www.djecje-kazaliste.hr\/wp-content\/uploads\/2019\/05\/IMG_3788_head.jpg 640w, https:\/\/www.djecje-kazaliste.hr\/wp-content\/uploads\/2019\/05\/IMG_3788_head-300x200.jpg 300w, https:\/\/www.djecje-kazaliste.hr\/wp-content\/uploads\/2019\/05\/IMG_3788_head-200x133.jpg 200w\" sizes=\"auto, (max-width: 640px) 100vw, 640px\" \/><\/a><\/div><div class=\"vcex-post-type-entry-details entry-details wpex-bordered wpex-first-mt-0 wpex-last-mb-0 wpex-clr\"><h2 class=\"vcex-post-type-entry-title entry-title wpex-mb-5\" ><a href=\"https:\/\/www.djecje-kazaliste.hr\/en\/galerija\/ja-magarac-oljk-2016-premijera\/\">Ja magarac OLJK 2016 premijera<\/a><\/h2 ><\/div><\/div><\/div><div class=\"vcex-post-type-entry vcex-grid-item wpex-clr col span_1_of_3 col-3 post-1912 entry type-galerija has-media kategorije_galerija-53\"><div class=\"vcex-post-type-entry-inner entry-inner wpex-first-mt-0 wpex-last-mb-0 wpex-clr\"><div class=\"vcex-post-type-entry-media entry-media\"><a href=\"https:\/\/www.djecje-kazaliste.hr\/en\/galerija\/ja-magarac-oljk-2016-repriza\/\" title=\"Ja magarac OLJK 2016 repriza\"><img decoding=\"async\" width=\"640\" height=\"427\" src=\"https:\/\/www.djecje-kazaliste.hr\/wp-content\/uploads\/2019\/05\/IMG_7970_head.jpg\" class=\"vcex-blog-entry-img wpex-align-middle\" alt=\"\" loading=\"lazy\" srcset=\"https:\/\/www.djecje-kazaliste.hr\/wp-content\/uploads\/2019\/05\/IMG_7970_head.jpg 640w, https:\/\/www.djecje-kazaliste.hr\/wp-content\/uploads\/2019\/05\/IMG_7970_head-300x200.jpg 300w, https:\/\/www.djecje-kazaliste.hr\/wp-content\/uploads\/2019\/05\/IMG_7970_head-200x133.jpg 200w\" sizes=\"auto, (max-width: 640px) 100vw, 640px\" \/><\/a><\/div><div class=\"vcex-post-type-entry-details entry-details wpex-bordered wpex-first-mt-0 wpex-last-mb-0 wpex-clr\"><h2 class=\"vcex-post-type-entry-title entry-title wpex-mb-5\" ><a href=\"https:\/\/www.djecje-kazaliste.hr\/en\/galerija\/ja-magarac-oljk-2016-repriza\/\">Ja magarac OLJK 2016 repriza<\/a><\/h2 ><\/div><\/div><\/div><div class=\"vcex-post-type-entry vcex-grid-item wpex-clr col span_1_of_3 col-1 post-1915 entry type-galerija has-media kategorije_galerija-53\"><div class=\"vcex-post-type-entry-inner entry-inner wpex-first-mt-0 wpex-last-mb-0 wpex-clr\"><div class=\"vcex-post-type-entry-media entry-media\"><a href=\"https:\/\/www.djecje-kazaliste.hr\/en\/galerija\/nije-me-strah\/\" title=\"Nije me strah\"><img decoding=\"async\" width=\"640\" height=\"427\" src=\"https:\/\/www.djecje-kazaliste.hr\/wp-content\/uploads\/2019\/05\/tin-26.jpg\" class=\"vcex-blog-entry-img wpex-align-middle\" alt=\"\" loading=\"lazy\" srcset=\"https:\/\/www.djecje-kazaliste.hr\/wp-content\/uploads\/2019\/05\/tin-26.jpg 640w, https:\/\/www.djecje-kazaliste.hr\/wp-content\/uploads\/2019\/05\/tin-26-300x200.jpg 300w, https:\/\/www.djecje-kazaliste.hr\/wp-content\/uploads\/2019\/05\/tin-26-200x133.jpg 200w\" sizes=\"auto, (max-width: 640px) 100vw, 640px\" \/><\/a><\/div><div class=\"vcex-post-type-entry-details entry-details wpex-bordered wpex-first-mt-0 wpex-last-mb-0 wpex-clr\"><h2 class=\"vcex-post-type-entry-title entry-title wpex-mb-5\" ><a href=\"https:\/\/www.djecje-kazaliste.hr\/en\/galerija\/nije-me-strah\/\">Nije me strah<\/a><\/h2 ><\/div><\/div><\/div><div class=\"vcex-post-type-entry vcex-grid-item wpex-clr col span_1_of_3 col-2 post-1918 entry type-galerija has-media kategorije_galerija-53\"><div class=\"vcex-post-type-entry-inner entry-inner wpex-first-mt-0 wpex-last-mb-0 wpex-clr\"><div class=\"vcex-post-type-entry-media entry-media\"><a href=\"https:\/\/www.djecje-kazaliste.hr\/en\/galerija\/bozicna-prica\/\" title=\"Bo\u017ei\u010dna pri\u010da\"><img decoding=\"async\" width=\"640\" height=\"427\" src=\"https:\/\/www.djecje-kazaliste.hr\/wp-content\/uploads\/2019\/05\/kaz-137.jpg\" class=\"vcex-blog-entry-img wpex-align-middle\" alt=\"\" loading=\"lazy\" srcset=\"https:\/\/www.djecje-kazaliste.hr\/wp-content\/uploads\/2019\/05\/kaz-137.jpg 640w, https:\/\/www.djecje-kazaliste.hr\/wp-content\/uploads\/2019\/05\/kaz-137-300x200.jpg 300w, https:\/\/www.djecje-kazaliste.hr\/wp-content\/uploads\/2019\/05\/kaz-137-200x133.jpg 200w\" sizes=\"auto, (max-width: 640px) 100vw, 640px\" \/><\/a><\/div><div class=\"vcex-post-type-entry-details entry-details wpex-bordered wpex-first-mt-0 wpex-last-mb-0 wpex-clr\"><h2 class=\"vcex-post-type-entry-title entry-title wpex-mb-5\" ><a href=\"https:\/\/www.djecje-kazaliste.hr\/en\/galerija\/bozicna-prica\/\">Bo\u017ei\u010dna pri\u010da<\/a><\/h2 ><\/div><\/div><\/div><div class=\"vcex-post-type-entry vcex-grid-item wpex-clr col span_1_of_3 col-3 post-1921 entry type-galerija has-media kategorije_galerija-53\"><div class=\"vcex-post-type-entry-inner entry-inner wpex-first-mt-0 wpex-last-mb-0 wpex-clr\"><div class=\"vcex-post-type-entry-media entry-media\"><a href=\"https:\/\/www.djecje-kazaliste.hr\/en\/galerija\/pinokio\/\" title=\"Pinokio\"><img decoding=\"async\" width=\"640\" height=\"427\" src=\"https:\/\/www.djecje-kazaliste.hr\/wp-content\/uploads\/2019\/05\/pinokio-42.jpg\" class=\"vcex-blog-entry-img wpex-align-middle\" alt=\"\" loading=\"lazy\" srcset=\"https:\/\/www.djecje-kazaliste.hr\/wp-content\/uploads\/2019\/05\/pinokio-42.jpg 640w, https:\/\/www.djecje-kazaliste.hr\/wp-content\/uploads\/2019\/05\/pinokio-42-300x200.jpg 300w, https:\/\/www.djecje-kazaliste.hr\/wp-content\/uploads\/2019\/05\/pinokio-42-200x133.jpg 200w\" sizes=\"auto, (max-width: 640px) 100vw, 640px\" \/><\/a><\/div><div class=\"vcex-post-type-entry-details entry-details wpex-bordered wpex-first-mt-0 wpex-last-mb-0 wpex-clr\"><h2 class=\"vcex-post-type-entry-title entry-title wpex-mb-5\" ><a href=\"https:\/\/www.djecje-kazaliste.hr\/en\/galerija\/pinokio\/\">Pinokio<\/a><\/h2 ><\/div><\/div><\/div><div class=\"vcex-post-type-entry vcex-grid-item wpex-clr col span_1_of_3 col-1 post-1924 entry type-galerija has-media kategorije_galerija-53\"><div class=\"vcex-post-type-entry-inner entry-inner wpex-first-mt-0 wpex-last-mb-0 wpex-clr\"><div class=\"vcex-post-type-entry-media entry-media\"><a href=\"https:\/\/www.djecje-kazaliste.hr\/en\/galerija\/jonathanov-let\/\" title=\"Jonathanov let\"><img decoding=\"async\" width=\"640\" height=\"427\" src=\"https:\/\/www.djecje-kazaliste.hr\/wp-content\/uploads\/2019\/05\/oljk2015_jonathanov_let_head.jpg\" class=\"vcex-blog-entry-img wpex-align-middle\" alt=\"\" loading=\"lazy\" srcset=\"https:\/\/www.djecje-kazaliste.hr\/wp-content\/uploads\/2019\/05\/oljk2015_jonathanov_let_head.jpg 640w, https:\/\/www.djecje-kazaliste.hr\/wp-content\/uploads\/2019\/05\/oljk2015_jonathanov_let_head-300x200.jpg 300w, https:\/\/www.djecje-kazaliste.hr\/wp-content\/uploads\/2019\/05\/oljk2015_jonathanov_let_head-200x133.jpg 200w\" sizes=\"auto, (max-width: 640px) 100vw, 640px\" \/><\/a><\/div><div class=\"vcex-post-type-entry-details entry-details wpex-bordered wpex-first-mt-0 wpex-last-mb-0 wpex-clr\"><h2 class=\"vcex-post-type-entry-title entry-title wpex-mb-5\" ><a href=\"https:\/\/www.djecje-kazaliste.hr\/en\/galerija\/jonathanov-let\/\">Jonathanov let<\/a><\/h2 ><\/div><\/div><\/div><div class=\"vcex-post-type-entry vcex-grid-item wpex-clr col span_1_of_3 col-2 post-1961 entry type-galerija has-media kategorije_galerija-53\"><div class=\"vcex-post-type-entry-inner entry-inner wpex-first-mt-0 wpex-last-mb-0 wpex-clr\"><div class=\"vcex-post-type-entry-media entry-media\"><a href=\"https:\/\/www.djecje-kazaliste.hr\/en\/galerija\/vesela-avlija-obnova-2016\/\" title=\"Vesela avlija &#8211; Obnova 2016\"><img decoding=\"async\" width=\"640\" height=\"427\" src=\"https:\/\/www.djecje-kazaliste.hr\/wp-content\/uploads\/2019\/05\/avlija-49.jpg\" class=\"vcex-blog-entry-img wpex-align-middle\" alt=\"\" loading=\"lazy\" srcset=\"https:\/\/www.djecje-kazaliste.hr\/wp-content\/uploads\/2019\/05\/avlija-49.jpg 640w, https:\/\/www.djecje-kazaliste.hr\/wp-content\/uploads\/2019\/05\/avlija-49-300x200.jpg 300w, https:\/\/www.djecje-kazaliste.hr\/wp-content\/uploads\/2019\/05\/avlija-49-200x133.jpg 200w\" sizes=\"auto, (max-width: 640px) 100vw, 640px\" \/><\/a><\/div><div class=\"vcex-post-type-entry-details entry-details wpex-bordered wpex-first-mt-0 wpex-last-mb-0 wpex-clr\"><h2 class=\"vcex-post-type-entry-title entry-title wpex-mb-5\" ><a href=\"https:\/\/www.djecje-kazaliste.hr\/en\/galerija\/vesela-avlija-obnova-2016\/\">Vesela avlija &#8211; Obnova 2016<\/a><\/h2 ><\/div><\/div><\/div><div class=\"vcex-post-type-entry vcex-grid-item wpex-clr col span_1_of_3 col-3 post-1964 entry type-galerija has-media kategorije_galerija-53\"><div class=\"vcex-post-type-entry-inner entry-inner wpex-first-mt-0 wpex-last-mb-0 wpex-clr\"><div class=\"vcex-post-type-entry-media entry-media\"><a href=\"https:\/\/www.djecje-kazaliste.hr\/en\/galerija\/vrijeme-je-za-bajku-obnova-2015\/\" title=\"Vrijeme je za bajku &#8211; Obnova 2015\"><img decoding=\"async\" width=\"640\" height=\"427\" src=\"https:\/\/www.djecje-kazaliste.hr\/wp-content\/uploads\/2019\/05\/DKOS_vrijeme_je_za_bajku_obnova_head.jpg\" class=\"vcex-blog-entry-img wpex-align-middle\" alt=\"\" loading=\"lazy\" srcset=\"https:\/\/www.djecje-kazaliste.hr\/wp-content\/uploads\/2019\/05\/DKOS_vrijeme_je_za_bajku_obnova_head.jpg 640w, https:\/\/www.djecje-kazaliste.hr\/wp-content\/uploads\/2019\/05\/DKOS_vrijeme_je_za_bajku_obnova_head-300x200.jpg 300w, https:\/\/www.djecje-kazaliste.hr\/wp-content\/uploads\/2019\/05\/DKOS_vrijeme_je_za_bajku_obnova_head-200x133.jpg 200w\" sizes=\"auto, (max-width: 640px) 100vw, 640px\" \/><\/a><\/div><div class=\"vcex-post-type-entry-details entry-details wpex-bordered wpex-first-mt-0 wpex-last-mb-0 wpex-clr\"><h2 class=\"vcex-post-type-entry-title entry-title wpex-mb-5\" ><a href=\"https:\/\/www.djecje-kazaliste.hr\/en\/galerija\/vrijeme-je-za-bajku-obnova-2015\/\">Vrijeme je za bajku &#8211; Obnova 2015<\/a><\/h2 ><\/div><\/div><\/div><div class=\"vcex-post-type-entry vcex-grid-item wpex-clr col span_1_of_3 col-1 post-1967 entry type-galerija has-media kategorije_galerija-53\"><div class=\"vcex-post-type-entry-inner entry-inner wpex-first-mt-0 wpex-last-mb-0 wpex-clr\"><div class=\"vcex-post-type-entry-media entry-media\"><a href=\"https:\/\/www.djecje-kazaliste.hr\/en\/galerija\/cudnovate-zgode-segrta-hlapica\/\" title=\"\u010cudnovate zgode \u0161egrta Hlapi\u0107a\"><img decoding=\"async\" width=\"640\" height=\"427\" src=\"https:\/\/www.djecje-kazaliste.hr\/wp-content\/uploads\/2019\/05\/www-djecje-kazaliste-hr_hlapic_206.jpg\" class=\"vcex-blog-entry-img wpex-align-middle\" alt=\"\" loading=\"lazy\" srcset=\"https:\/\/www.djecje-kazaliste.hr\/wp-content\/uploads\/2019\/05\/www-djecje-kazaliste-hr_hlapic_206.jpg 640w, https:\/\/www.djecje-kazaliste.hr\/wp-content\/uploads\/2019\/05\/www-djecje-kazaliste-hr_hlapic_206-300x200.jpg 300w, https:\/\/www.djecje-kazaliste.hr\/wp-content\/uploads\/2019\/05\/www-djecje-kazaliste-hr_hlapic_206-200x133.jpg 200w\" sizes=\"auto, (max-width: 640px) 100vw, 640px\" \/><\/a><\/div><div class=\"vcex-post-type-entry-details entry-details wpex-bordered wpex-first-mt-0 wpex-last-mb-0 wpex-clr\"><h2 class=\"vcex-post-type-entry-title entry-title wpex-mb-5\" ><a href=\"https:\/\/www.djecje-kazaliste.hr\/en\/galerija\/cudnovate-zgode-segrta-hlapica\/\">\u010cudnovate zgode \u0161egrta Hlapi\u0107a<\/a><\/h2 ><\/div><\/div><\/div><div class=\"vcex-post-type-entry vcex-grid-item wpex-clr col span_1_of_3 col-2 post-1970 entry type-galerija has-media kategorije_galerija-53\"><div class=\"vcex-post-type-entry-inner entry-inner wpex-first-mt-0 wpex-last-mb-0 wpex-clr\"><div class=\"vcex-post-type-entry-media entry-media\"><a href=\"https:\/\/www.djecje-kazaliste.hr\/en\/galerija\/cudnovate-zgode-segrta-hlapica-gosti\/\" title=\"\u010cudnovate zgode \u0161egrta Hlapi\u0107a &#8211; gosti\"><img decoding=\"async\" width=\"640\" height=\"427\" src=\"https:\/\/www.djecje-kazaliste.hr\/wp-content\/uploads\/2019\/05\/dkos_segrt_hlapic_037.jpg\" class=\"vcex-blog-entry-img wpex-align-middle\" alt=\"\" loading=\"lazy\" srcset=\"https:\/\/www.djecje-kazaliste.hr\/wp-content\/uploads\/2019\/05\/dkos_segrt_hlapic_037.jpg 640w, https:\/\/www.djecje-kazaliste.hr\/wp-content\/uploads\/2019\/05\/dkos_segrt_hlapic_037-300x200.jpg 300w, https:\/\/www.djecje-kazaliste.hr\/wp-content\/uploads\/2019\/05\/dkos_segrt_hlapic_037-200x133.jpg 200w\" sizes=\"auto, (max-width: 640px) 100vw, 640px\" \/><\/a><\/div><div class=\"vcex-post-type-entry-details entry-details wpex-bordered wpex-first-mt-0 wpex-last-mb-0 wpex-clr\"><h2 class=\"vcex-post-type-entry-title entry-title wpex-mb-5\" ><a href=\"https:\/\/www.djecje-kazaliste.hr\/en\/galerija\/cudnovate-zgode-segrta-hlapica-gosti\/\">\u010cudnovate zgode \u0161egrta Hlapi\u0107a &#8211; gosti<\/a><\/h2 ><\/div><\/div><\/div><div class=\"vcex-post-type-entry vcex-grid-item wpex-clr col span_1_of_3 col-3 post-1973 entry type-galerija has-media kategorije_galerija-53\"><div class=\"vcex-post-type-entry-inner entry-inner wpex-first-mt-0 wpex-last-mb-0 wpex-clr\"><div class=\"vcex-post-type-entry-media entry-media\"><a href=\"https:\/\/www.djecje-kazaliste.hr\/en\/galerija\/guliverova-putovanja\/\" title=\"Guliverova putovanja\"><img decoding=\"async\" width=\"640\" height=\"427\" src=\"https:\/\/www.djecje-kazaliste.hr\/wp-content\/uploads\/2019\/05\/dkos_gulliverova_putovanja_head.jpg\" class=\"vcex-blog-entry-img wpex-align-middle\" alt=\"\" loading=\"lazy\" srcset=\"https:\/\/www.djecje-kazaliste.hr\/wp-content\/uploads\/2019\/05\/dkos_gulliverova_putovanja_head.jpg 640w, https:\/\/www.djecje-kazaliste.hr\/wp-content\/uploads\/2019\/05\/dkos_gulliverova_putovanja_head-300x200.jpg 300w, https:\/\/www.djecje-kazaliste.hr\/wp-content\/uploads\/2019\/05\/dkos_gulliverova_putovanja_head-200x133.jpg 200w\" sizes=\"auto, (max-width: 640px) 100vw, 640px\" \/><\/a><\/div><div class=\"vcex-post-type-entry-details entry-details wpex-bordered wpex-first-mt-0 wpex-last-mb-0 wpex-clr\"><h2 class=\"vcex-post-type-entry-title entry-title wpex-mb-5\" ><a href=\"https:\/\/www.djecje-kazaliste.hr\/en\/galerija\/guliverova-putovanja\/\">Guliverova putovanja<\/a><\/h2 ><\/div><\/div><\/div><div class=\"vcex-post-type-entry vcex-grid-item wpex-clr col span_1_of_3 col-1 post-1976 entry type-galerija has-media kategorije_galerija-53\"><div class=\"vcex-post-type-entry-inner entry-inner wpex-first-mt-0 wpex-last-mb-0 wpex-clr\"><div class=\"vcex-post-type-entry-media entry-media\"><a href=\"https:\/\/www.djecje-kazaliste.hr\/en\/galerija\/betlehemska-zvijezda-mudri\/\" title=\"Betlehemska zvijezda &#8211; mudri\"><img decoding=\"async\" width=\"640\" height=\"427\" src=\"https:\/\/www.djecje-kazaliste.hr\/wp-content\/uploads\/2019\/05\/dkos_betlehemska-zvijezda_mudri_096.jpg\" class=\"vcex-blog-entry-img wpex-align-middle\" alt=\"\" loading=\"lazy\" srcset=\"https:\/\/www.djecje-kazaliste.hr\/wp-content\/uploads\/2019\/05\/dkos_betlehemska-zvijezda_mudri_096.jpg 640w, https:\/\/www.djecje-kazaliste.hr\/wp-content\/uploads\/2019\/05\/dkos_betlehemska-zvijezda_mudri_096-300x200.jpg 300w, https:\/\/www.djecje-kazaliste.hr\/wp-content\/uploads\/2019\/05\/dkos_betlehemska-zvijezda_mudri_096-200x133.jpg 200w\" sizes=\"auto, (max-width: 640px) 100vw, 640px\" \/><\/a><\/div><div class=\"vcex-post-type-entry-details entry-details wpex-bordered wpex-first-mt-0 wpex-last-mb-0 wpex-clr\"><h2 class=\"vcex-post-type-entry-title entry-title wpex-mb-5\" ><a href=\"https:\/\/www.djecje-kazaliste.hr\/en\/galerija\/betlehemska-zvijezda-mudri\/\">Betlehemska zvijezda &#8211; mudri<\/a><\/h2 ><\/div><\/div><\/div><div class=\"vcex-post-type-entry vcex-grid-item wpex-clr col span_1_of_3 col-2 post-1979 entry type-galerija has-media kategorije_galerija-53\"><div class=\"vcex-post-type-entry-inner entry-inner wpex-first-mt-0 wpex-last-mb-0 wpex-clr\"><div class=\"vcex-post-type-entry-media entry-media\"><a href=\"https:\/\/www.djecje-kazaliste.hr\/en\/galerija\/betlehemska-zvijezda-mladi\/\" title=\"Betlehemska zvijezda &#8211; mladi\"><img decoding=\"async\" width=\"640\" height=\"427\" src=\"https:\/\/www.djecje-kazaliste.hr\/wp-content\/uploads\/2019\/05\/dkos_betlehemska-zvijezda_mladi_046.jpg\" class=\"vcex-blog-entry-img wpex-align-middle\" alt=\"\" loading=\"lazy\" srcset=\"https:\/\/www.djecje-kazaliste.hr\/wp-content\/uploads\/2019\/05\/dkos_betlehemska-zvijezda_mladi_046.jpg 640w, https:\/\/www.djecje-kazaliste.hr\/wp-content\/uploads\/2019\/05\/dkos_betlehemska-zvijezda_mladi_046-300x200.jpg 300w, https:\/\/www.djecje-kazaliste.hr\/wp-content\/uploads\/2019\/05\/dkos_betlehemska-zvijezda_mladi_046-200x133.jpg 200w\" sizes=\"auto, (max-width: 640px) 100vw, 640px\" \/><\/a><\/div><div class=\"vcex-post-type-entry-details entry-details wpex-bordered wpex-first-mt-0 wpex-last-mb-0 wpex-clr\"><h2 class=\"vcex-post-type-entry-title entry-title wpex-mb-5\" ><a href=\"https:\/\/www.djecje-kazaliste.hr\/en\/galerija\/betlehemska-zvijezda-mladi\/\">Betlehemska zvijezda &#8211; mladi<\/a><\/h2 ><\/div><\/div><\/div><div class=\"vcex-post-type-entry vcex-grid-item wpex-clr col span_1_of_3 col-3 post-1987 entry type-galerija has-media kategorije_galerija-53\"><div class=\"vcex-post-type-entry-inner entry-inner wpex-first-mt-0 wpex-last-mb-0 wpex-clr\"><div class=\"vcex-post-type-entry-media entry-media\"><a href=\"https:\/\/www.djecje-kazaliste.hr\/en\/galerija\/romeo-i-giulietta\/\" title=\"Romeo i Giulietta\"><img decoding=\"async\" width=\"640\" height=\"427\" src=\"https:\/\/www.djecje-kazaliste.hr\/wp-content\/uploads\/2019\/05\/dkos_romeo_i_giulietta_136.jpg\" class=\"vcex-blog-entry-img wpex-align-middle\" alt=\"\" loading=\"lazy\" srcset=\"https:\/\/www.djecje-kazaliste.hr\/wp-content\/uploads\/2019\/05\/dkos_romeo_i_giulietta_136.jpg 640w, https:\/\/www.djecje-kazaliste.hr\/wp-content\/uploads\/2019\/05\/dkos_romeo_i_giulietta_136-300x200.jpg 300w, https:\/\/www.djecje-kazaliste.hr\/wp-content\/uploads\/2019\/05\/dkos_romeo_i_giulietta_136-200x133.jpg 200w\" sizes=\"auto, (max-width: 640px) 100vw, 640px\" \/><\/a><\/div><div class=\"vcex-post-type-entry-details entry-details wpex-bordered wpex-first-mt-0 wpex-last-mb-0 wpex-clr\"><h2 class=\"vcex-post-type-entry-title entry-title wpex-mb-5\" ><a href=\"https:\/\/www.djecje-kazaliste.hr\/en\/galerija\/romeo-i-giulietta\/\">Romeo i Giulietta<\/a><\/h2 ><\/div><\/div><\/div><div class=\"vcex-post-type-entry vcex-grid-item wpex-clr col span_1_of_3 col-1 post-1990 entry type-galerija has-media kategorije_galerija-53\"><div class=\"vcex-post-type-entry-inner entry-inner wpex-first-mt-0 wpex-last-mb-0 wpex-clr\"><div class=\"vcex-post-type-entry-media entry-media\"><a href=\"https:\/\/www.djecje-kazaliste.hr\/en\/galerija\/deveta-ovcica\/\" title=\"Deveta ov\u010dica\"><img decoding=\"async\" width=\"640\" height=\"427\" src=\"https:\/\/www.djecje-kazaliste.hr\/wp-content\/uploads\/2019\/05\/dkos_deveta_ovcica_02.jpg\" class=\"vcex-blog-entry-img wpex-align-middle\" alt=\"\" loading=\"lazy\" srcset=\"https:\/\/www.djecje-kazaliste.hr\/wp-content\/uploads\/2019\/05\/dkos_deveta_ovcica_02.jpg 640w, https:\/\/www.djecje-kazaliste.hr\/wp-content\/uploads\/2019\/05\/dkos_deveta_ovcica_02-300x200.jpg 300w, https:\/\/www.djecje-kazaliste.hr\/wp-content\/uploads\/2019\/05\/dkos_deveta_ovcica_02-200x133.jpg 200w\" sizes=\"auto, (max-width: 640px) 100vw, 640px\" \/><\/a><\/div><div class=\"vcex-post-type-entry-details entry-details wpex-bordered wpex-first-mt-0 wpex-last-mb-0 wpex-clr\"><h2 class=\"vcex-post-type-entry-title entry-title wpex-mb-5\" ><a href=\"https:\/\/www.djecje-kazaliste.hr\/en\/galerija\/deveta-ovcica\/\">Deveta ov\u010dica<\/a><\/h2 ><\/div><\/div><\/div><div class=\"vcex-post-type-entry vcex-grid-item wpex-clr col span_1_of_3 col-2 post-1993 entry type-galerija has-media kategorije_galerija-53\"><div class=\"vcex-post-type-entry-inner entry-inner wpex-first-mt-0 wpex-last-mb-0 wpex-clr\"><div class=\"vcex-post-type-entry-media entry-media\"><a href=\"https:\/\/www.djecje-kazaliste.hr\/en\/galerija\/andelcici\/\" title=\"An\u0111el\u010di\u0107i\"><img decoding=\"async\" width=\"640\" height=\"427\" src=\"https:\/\/www.djecje-kazaliste.hr\/wp-content\/uploads\/2019\/05\/dkos_andelcici_2013_012.jpg\" class=\"vcex-blog-entry-img wpex-align-middle\" alt=\"\" loading=\"lazy\" srcset=\"https:\/\/www.djecje-kazaliste.hr\/wp-content\/uploads\/2019\/05\/dkos_andelcici_2013_012.jpg 640w, https:\/\/www.djecje-kazaliste.hr\/wp-content\/uploads\/2019\/05\/dkos_andelcici_2013_012-300x200.jpg 300w, https:\/\/www.djecje-kazaliste.hr\/wp-content\/uploads\/2019\/05\/dkos_andelcici_2013_012-200x133.jpg 200w\" sizes=\"auto, (max-width: 640px) 100vw, 640px\" \/><\/a><\/div><div class=\"vcex-post-type-entry-details entry-details wpex-bordered wpex-first-mt-0 wpex-last-mb-0 wpex-clr\"><h2 class=\"vcex-post-type-entry-title entry-title wpex-mb-5\" ><a href=\"https:\/\/www.djecje-kazaliste.hr\/en\/galerija\/andelcici\/\">An\u0111el\u010di\u0107i<\/a><\/h2 ><\/div><\/div><\/div><div class=\"vcex-post-type-entry vcex-grid-item wpex-clr col span_1_of_3 col-3 post-1996 entry type-galerija has-media kategorije_galerija-53\"><div class=\"vcex-post-type-entry-inner entry-inner wpex-first-mt-0 wpex-last-mb-0 wpex-clr\"><div class=\"vcex-post-type-entry-media entry-media\"><a href=\"https:\/\/www.djecje-kazaliste.hr\/en\/galerija\/ovdje-u-gradu\/\" title=\"Ovdje u gradu\"><img decoding=\"async\" width=\"640\" height=\"427\" src=\"https:\/\/www.djecje-kazaliste.hr\/wp-content\/uploads\/2019\/05\/dkos_ovdje_u_gradu_006.jpg\" class=\"vcex-blog-entry-img wpex-align-middle\" alt=\"\" loading=\"lazy\" srcset=\"https:\/\/www.djecje-kazaliste.hr\/wp-content\/uploads\/2019\/05\/dkos_ovdje_u_gradu_006.jpg 640w, https:\/\/www.djecje-kazaliste.hr\/wp-content\/uploads\/2019\/05\/dkos_ovdje_u_gradu_006-300x200.jpg 300w, https:\/\/www.djecje-kazaliste.hr\/wp-content\/uploads\/2019\/05\/dkos_ovdje_u_gradu_006-200x133.jpg 200w\" sizes=\"auto, (max-width: 640px) 100vw, 640px\" \/><\/a><\/div><div class=\"vcex-post-type-entry-details entry-details wpex-bordered wpex-first-mt-0 wpex-last-mb-0 wpex-clr\"><h2 class=\"vcex-post-type-entry-title entry-title wpex-mb-5\" ><a href=\"https:\/\/www.djecje-kazaliste.hr\/en\/galerija\/ovdje-u-gradu\/\">Ovdje u gradu<\/a><\/h2 ><\/div><\/div><\/div><div class=\"vcex-post-type-entry vcex-grid-item wpex-clr col span_1_of_3 col-1 post-1999 entry type-galerija has-media kategorije_galerija-53\"><div class=\"vcex-post-type-entry-inner entry-inner wpex-first-mt-0 wpex-last-mb-0 wpex-clr\"><div class=\"vcex-post-type-entry-media entry-media\"><a href=\"https:\/\/www.djecje-kazaliste.hr\/en\/galerija\/jamesove-macke\/\" title=\"Jamesove ma\u010dke\"><img decoding=\"async\" width=\"640\" height=\"427\" src=\"https:\/\/www.djecje-kazaliste.hr\/wp-content\/uploads\/2019\/05\/wwwdjecje-kazaliste-hr_jamesove_macke_034.jpg\" class=\"vcex-blog-entry-img wpex-align-middle\" alt=\"\" loading=\"lazy\" srcset=\"https:\/\/www.djecje-kazaliste.hr\/wp-content\/uploads\/2019\/05\/wwwdjecje-kazaliste-hr_jamesove_macke_034.jpg 640w, https:\/\/www.djecje-kazaliste.hr\/wp-content\/uploads\/2019\/05\/wwwdjecje-kazaliste-hr_jamesove_macke_034-300x200.jpg 300w, https:\/\/www.djecje-kazaliste.hr\/wp-content\/uploads\/2019\/05\/wwwdjecje-kazaliste-hr_jamesove_macke_034-200x133.jpg 200w\" sizes=\"auto, (max-width: 640px) 100vw, 640px\" \/><\/a><\/div><div class=\"vcex-post-type-entry-details entry-details wpex-bordered wpex-first-mt-0 wpex-last-mb-0 wpex-clr\"><h2 class=\"vcex-post-type-entry-title entry-title wpex-mb-5\" ><a href=\"https:\/\/www.djecje-kazaliste.hr\/en\/galerija\/jamesove-macke\/\">Jamesove ma\u010dke<\/a><\/h2 ><\/div><\/div><\/div><div class=\"vcex-post-type-entry vcex-grid-item wpex-clr col span_1_of_3 col-2 post-2002 entry type-galerija has-media kategorije_galerija-53\"><div class=\"vcex-post-type-entry-inner entry-inner wpex-first-mt-0 wpex-last-mb-0 wpex-clr\"><div class=\"vcex-post-type-entry-media entry-media\"><a href=\"https:\/\/www.djecje-kazaliste.hr\/en\/galerija\/grga-cvarak\/\" title=\"Grga \u010dvarak\"><img decoding=\"async\" width=\"640\" height=\"427\" src=\"https:\/\/www.djecje-kazaliste.hr\/wp-content\/uploads\/2019\/05\/dkos_grga_cvarak_234.jpg\" class=\"vcex-blog-entry-img wpex-align-middle\" alt=\"\" loading=\"lazy\" srcset=\"https:\/\/www.djecje-kazaliste.hr\/wp-content\/uploads\/2019\/05\/dkos_grga_cvarak_234.jpg 640w, https:\/\/www.djecje-kazaliste.hr\/wp-content\/uploads\/2019\/05\/dkos_grga_cvarak_234-300x200.jpg 300w, https:\/\/www.djecje-kazaliste.hr\/wp-content\/uploads\/2019\/05\/dkos_grga_cvarak_234-200x133.jpg 200w\" sizes=\"auto, (max-width: 640px) 100vw, 640px\" \/><\/a><\/div><div class=\"vcex-post-type-entry-details entry-details wpex-bordered wpex-first-mt-0 wpex-last-mb-0 wpex-clr\"><h2 class=\"vcex-post-type-entry-title entry-title wpex-mb-5\" ><a href=\"https:\/\/www.djecje-kazaliste.hr\/en\/galerija\/grga-cvarak\/\">Grga \u010dvarak<\/a><\/h2 ><\/div><\/div><\/div><div class=\"vcex-post-type-entry vcex-grid-item wpex-clr col span_1_of_3 col-3 post-2005 entry type-galerija has-media kategorije_galerija-53\"><div class=\"vcex-post-type-entry-inner entry-inner wpex-first-mt-0 wpex-last-mb-0 wpex-clr\"><div class=\"vcex-post-type-entry-media entry-media\"><a href=\"https:\/\/www.djecje-kazaliste.hr\/en\/galerija\/cik-cak\/\" title=\"Cik cak\"><img decoding=\"async\" width=\"640\" height=\"427\" src=\"https:\/\/www.djecje-kazaliste.hr\/wp-content\/uploads\/2019\/05\/cik-cak57.jpg\" class=\"vcex-blog-entry-img wpex-align-middle\" alt=\"\" loading=\"lazy\" srcset=\"https:\/\/www.djecje-kazaliste.hr\/wp-content\/uploads\/2019\/05\/cik-cak57.jpg 640w, https:\/\/www.djecje-kazaliste.hr\/wp-content\/uploads\/2019\/05\/cik-cak57-300x200.jpg 300w, https:\/\/www.djecje-kazaliste.hr\/wp-content\/uploads\/2019\/05\/cik-cak57-200x133.jpg 200w\" sizes=\"auto, (max-width: 640px) 100vw, 640px\" \/><\/a><\/div><div class=\"vcex-post-type-entry-details entry-details wpex-bordered wpex-first-mt-0 wpex-last-mb-0 wpex-clr\"><h2 class=\"vcex-post-type-entry-title entry-title wpex-mb-5\" ><a href=\"https:\/\/www.djecje-kazaliste.hr\/en\/galerija\/cik-cak\/\">Cik cak<\/a><\/h2 ><\/div><\/div><\/div><div class=\"vcex-post-type-entry vcex-grid-item wpex-clr col span_1_of_3 col-1 post-2008 entry type-galerija has-media kategorije_galerija-53\"><div class=\"vcex-post-type-entry-inner entry-inner wpex-first-mt-0 wpex-last-mb-0 wpex-clr\"><div class=\"vcex-post-type-entry-media entry-media\"><a href=\"https:\/\/www.djecje-kazaliste.hr\/en\/galerija\/druzba-djeda-abeceda\/\" title=\"Dru\u017eba djeda Abeceda\"><img decoding=\"async\" width=\"640\" height=\"427\" src=\"https:\/\/www.djecje-kazaliste.hr\/wp-content\/uploads\/2019\/05\/www-djecje-kazaliste-hr_abeceda_19.jpg\" class=\"vcex-blog-entry-img wpex-align-middle\" alt=\"\" loading=\"lazy\" srcset=\"https:\/\/www.djecje-kazaliste.hr\/wp-content\/uploads\/2019\/05\/www-djecje-kazaliste-hr_abeceda_19.jpg 640w, https:\/\/www.djecje-kazaliste.hr\/wp-content\/uploads\/2019\/05\/www-djecje-kazaliste-hr_abeceda_19-300x200.jpg 300w, https:\/\/www.djecje-kazaliste.hr\/wp-content\/uploads\/2019\/05\/www-djecje-kazaliste-hr_abeceda_19-200x133.jpg 200w\" sizes=\"auto, (max-width: 640px) 100vw, 640px\" \/><\/a><\/div><div class=\"vcex-post-type-entry-details entry-details wpex-bordered wpex-first-mt-0 wpex-last-mb-0 wpex-clr\"><h2 class=\"vcex-post-type-entry-title entry-title wpex-mb-5\" ><a href=\"https:\/\/www.djecje-kazaliste.hr\/en\/galerija\/druzba-djeda-abeceda\/\">Dru\u017eba djeda Abeceda<\/a><\/h2 ><\/div><\/div><\/div><div class=\"vcex-post-type-entry vcex-grid-item wpex-clr col span_1_of_3 col-2 post-2011 entry type-galerija has-media kategorije_galerija-53\"><div class=\"vcex-post-type-entry-inner entry-inner wpex-first-mt-0 wpex-last-mb-0 wpex-clr\"><div class=\"vcex-post-type-entry-media entry-media\"><a href=\"https:\/\/www.djecje-kazaliste.hr\/en\/galerija\/zar-ptica-kazaliste\/\" title=\"\u017dar ptica &#8211; kazali\u0161te\"><img decoding=\"async\" width=\"640\" height=\"427\" src=\"https:\/\/www.djecje-kazaliste.hr\/wp-content\/uploads\/2019\/05\/zar_ptica_kazaliste_150.jpg\" class=\"vcex-blog-entry-img wpex-align-middle\" alt=\"\" loading=\"lazy\" srcset=\"https:\/\/www.djecje-kazaliste.hr\/wp-content\/uploads\/2019\/05\/zar_ptica_kazaliste_150.jpg 640w, https:\/\/www.djecje-kazaliste.hr\/wp-content\/uploads\/2019\/05\/zar_ptica_kazaliste_150-300x200.jpg 300w, https:\/\/www.djecje-kazaliste.hr\/wp-content\/uploads\/2019\/05\/zar_ptica_kazaliste_150-200x133.jpg 200w\" sizes=\"auto, (max-width: 640px) 100vw, 640px\" \/><\/a><\/div><div class=\"vcex-post-type-entry-details entry-details wpex-bordered wpex-first-mt-0 wpex-last-mb-0 wpex-clr\"><h2 class=\"vcex-post-type-entry-title entry-title wpex-mb-5\" ><a href=\"https:\/\/www.djecje-kazaliste.hr\/en\/galerija\/zar-ptica-kazaliste\/\">\u017dar ptica &#8211; kazali\u0161te<\/a><\/h2 ><\/div><\/div><\/div><div class=\"vcex-post-type-entry vcex-grid-item wpex-clr col span_1_of_3 col-3 post-2014 entry type-galerija has-media kategorije_galerija-53\"><div class=\"vcex-post-type-entry-inner entry-inner wpex-first-mt-0 wpex-last-mb-0 wpex-clr\"><div class=\"vcex-post-type-entry-media entry-media\"><a href=\"https:\/\/www.djecje-kazaliste.hr\/en\/galerija\/zar-ptica\/\" title=\"\u017dar ptica\"><img decoding=\"async\" width=\"640\" height=\"427\" src=\"https:\/\/www.djecje-kazaliste.hr\/wp-content\/uploads\/2019\/05\/djecje_kazaliste_zar_ptica_135.jpg\" class=\"vcex-blog-entry-img wpex-align-middle\" alt=\"\" loading=\"lazy\" srcset=\"https:\/\/www.djecje-kazaliste.hr\/wp-content\/uploads\/2019\/05\/djecje_kazaliste_zar_ptica_135.jpg 640w, https:\/\/www.djecje-kazaliste.hr\/wp-content\/uploads\/2019\/05\/djecje_kazaliste_zar_ptica_135-300x200.jpg 300w, https:\/\/www.djecje-kazaliste.hr\/wp-content\/uploads\/2019\/05\/djecje_kazaliste_zar_ptica_135-200x133.jpg 200w\" sizes=\"auto, (max-width: 640px) 100vw, 640px\" \/><\/a><\/div><div class=\"vcex-post-type-entry-details entry-details wpex-bordered wpex-first-mt-0 wpex-last-mb-0 wpex-clr\"><h2 class=\"vcex-post-type-entry-title entry-title wpex-mb-5\" ><a href=\"https:\/\/www.djecje-kazaliste.hr\/en\/galerija\/zar-ptica\/\">\u017dar ptica<\/a><\/h2 ><\/div><\/div><\/div><\/div><\/div><\/div><\/section><section id=\"section-1551721209422-3-10\" class=\"tab\" data-animation=\"\" style=\"background:; color:;\"><div class=\"infi-content-wrapper\"><div class=\"vcex-module vcex-post-type-grid-wrap wpex-clr\"><div class=\"wpex-row vcex-post-type-grid entries wpex-clr\"><div class=\"vcex-post-type-entry vcex-grid-item wpex-clr col span_1_of_3 col-1 post-15355 entry type-galerija has-media kategorije_galerija-54\"><div class=\"vcex-post-type-entry-inner entry-inner wpex-first-mt-0 wpex-last-mb-0 wpex-clr\"><div class=\"vcex-post-type-entry-media entry-media\"><a href=\"https:\/\/www.djecje-kazaliste.hr\/en\/galerija\/baletni-igraonica-2026-en\/\" title=\"Baletni igraonica 2026\"><img decoding=\"async\" width=\"1920\" height=\"1280\" src=\"https:\/\/www.djecje-kazaliste.hr\/wp-content\/uploads\/2026\/05\/Balerine-96.webp\" class=\"vcex-blog-entry-img wpex-align-middle\" alt=\"\" loading=\"lazy\" srcset=\"https:\/\/www.djecje-kazaliste.hr\/wp-content\/uploads\/2026\/05\/Balerine-96.webp 1920w, https:\/\/www.djecje-kazaliste.hr\/wp-content\/uploads\/2026\/05\/Balerine-96-300x200.webp 300w, https:\/\/www.djecje-kazaliste.hr\/wp-content\/uploads\/2026\/05\/Balerine-96-1024x683.webp 1024w, https:\/\/www.djecje-kazaliste.hr\/wp-content\/uploads\/2026\/05\/Balerine-96-768x512.webp 768w, https:\/\/www.djecje-kazaliste.hr\/wp-content\/uploads\/2026\/05\/Balerine-96-1536x1024.webp 1536w, https:\/\/www.djecje-kazaliste.hr\/wp-content\/uploads\/2026\/05\/Balerine-96-200x133.webp 200w\" sizes=\"auto, (max-width: 1920px) 100vw, 1920px\" \/><\/a><\/div><div class=\"vcex-post-type-entry-details entry-details wpex-bordered wpex-first-mt-0 wpex-last-mb-0 wpex-clr\"><h2 class=\"vcex-post-type-entry-title entry-title wpex-mb-5\" ><a href=\"https:\/\/www.djecje-kazaliste.hr\/en\/galerija\/baletni-igraonica-2026-en\/\">Baletni igraonica 2026<\/a><\/h2 ><\/div><\/div><\/div><div class=\"vcex-post-type-entry vcex-grid-item wpex-clr col span_1_of_3 col-2 post-14075 entry type-galerija has-media kategorije_galerija-54\"><div class=\"vcex-post-type-entry-inner entry-inner wpex-first-mt-0 wpex-last-mb-0 wpex-clr\"><div class=\"vcex-post-type-entry-media entry-media\"><a href=\"https:\/\/www.djecje-kazaliste.hr\/en\/galerija\/baletni-igraonica-2025-en\/\" title=\"Baletni igraonica 2025\"><img decoding=\"async\" width=\"1620\" height=\"1080\" src=\"https:\/\/www.djecje-kazaliste.hr\/wp-content\/uploads\/2025\/05\/Baletna-igraonica_-151.jpg\" class=\"vcex-blog-entry-img wpex-align-middle\" alt=\"\" loading=\"lazy\" srcset=\"https:\/\/www.djecje-kazaliste.hr\/wp-content\/uploads\/2025\/05\/Baletna-igraonica_-151.jpg 1620w, https:\/\/www.djecje-kazaliste.hr\/wp-content\/uploads\/2025\/05\/Baletna-igraonica_-151-300x200.jpg 300w, https:\/\/www.djecje-kazaliste.hr\/wp-content\/uploads\/2025\/05\/Baletna-igraonica_-151-1024x683.jpg 1024w, https:\/\/www.djecje-kazaliste.hr\/wp-content\/uploads\/2025\/05\/Baletna-igraonica_-151-768x512.jpg 768w, https:\/\/www.djecje-kazaliste.hr\/wp-content\/uploads\/2025\/05\/Baletna-igraonica_-151-1536x1024.jpg 1536w, https:\/\/www.djecje-kazaliste.hr\/wp-content\/uploads\/2025\/05\/Baletna-igraonica_-151-200x133.jpg 200w\" sizes=\"auto, (max-width: 1620px) 100vw, 1620px\" \/><\/a><\/div><div class=\"vcex-post-type-entry-details entry-details wpex-bordered wpex-first-mt-0 wpex-last-mb-0 wpex-clr\"><h2 class=\"vcex-post-type-entry-title entry-title wpex-mb-5\" ><a href=\"https:\/\/www.djecje-kazaliste.hr\/en\/galerija\/baletni-igraonica-2025-en\/\">Baletni igraonica 2025<\/a><\/h2 ><\/div><\/div><\/div><div class=\"vcex-post-type-entry vcex-grid-item wpex-clr col span_1_of_3 col-3 post-12635 entry type-galerija has-media kategorije_galerija-54\"><div class=\"vcex-post-type-entry-inner entry-inner wpex-first-mt-0 wpex-last-mb-0 wpex-clr\"><div class=\"vcex-post-type-entry-media entry-media\"><a href=\"https:\/\/www.djecje-kazaliste.hr\/en\/galerija\/pocetnica-godisnja-produkcija-2023-en-2\/\" title=\"Godi\u0161nja produkcija 2024\"><img decoding=\"async\" width=\"2560\" height=\"1706\" src=\"https:\/\/www.djecje-kazaliste.hr\/wp-content\/uploads\/2024\/05\/ANT08404-scaled.jpg\" class=\"vcex-blog-entry-img wpex-align-middle\" alt=\"\" loading=\"lazy\" srcset=\"https:\/\/www.djecje-kazaliste.hr\/wp-content\/uploads\/2024\/05\/ANT08404-scaled.jpg 2560w, https:\/\/www.djecje-kazaliste.hr\/wp-content\/uploads\/2024\/05\/ANT08404-300x200.jpg 300w, https:\/\/www.djecje-kazaliste.hr\/wp-content\/uploads\/2024\/05\/ANT08404-1024x683.jpg 1024w, https:\/\/www.djecje-kazaliste.hr\/wp-content\/uploads\/2024\/05\/ANT08404-768x512.jpg 768w, https:\/\/www.djecje-kazaliste.hr\/wp-content\/uploads\/2024\/05\/ANT08404-1536x1024.jpg 1536w, https:\/\/www.djecje-kazaliste.hr\/wp-content\/uploads\/2024\/05\/ANT08404-2048x1365.jpg 2048w, https:\/\/www.djecje-kazaliste.hr\/wp-content\/uploads\/2024\/05\/ANT08404-200x133.jpg 200w\" sizes=\"auto, (max-width: 2560px) 100vw, 2560px\" \/><\/a><\/div><div class=\"vcex-post-type-entry-details entry-details wpex-bordered wpex-first-mt-0 wpex-last-mb-0 wpex-clr\"><h2 class=\"vcex-post-type-entry-title entry-title wpex-mb-5\" ><a href=\"https:\/\/www.djecje-kazaliste.hr\/en\/galerija\/pocetnica-godisnja-produkcija-2023-en-2\/\">Godi\u0161nja produkcija 2024<\/a><\/h2 ><\/div><\/div><\/div><div class=\"vcex-post-type-entry vcex-grid-item wpex-clr col span_1_of_3 col-1 post-11109 entry type-galerija has-media kategorije_galerija-54\"><div class=\"vcex-post-type-entry-inner entry-inner wpex-first-mt-0 wpex-last-mb-0 wpex-clr\"><div class=\"vcex-post-type-entry-media entry-media\"><a href=\"https:\/\/www.djecje-kazaliste.hr\/en\/galerija\/pocetnica-godisnja-produkcija-2023-en\/\" title=\"Godi\u0161nja produkcija 2023\"><img decoding=\"async\" width=\"1620\" height=\"1080\" src=\"https:\/\/www.djecje-kazaliste.hr\/wp-content\/uploads\/2023\/06\/foto00424.jpg\" class=\"vcex-blog-entry-img wpex-align-middle\" alt=\"\" loading=\"lazy\" srcset=\"https:\/\/www.djecje-kazaliste.hr\/wp-content\/uploads\/2023\/06\/foto00424.jpg 1620w, https:\/\/www.djecje-kazaliste.hr\/wp-content\/uploads\/2023\/06\/foto00424-300x200.jpg 300w, https:\/\/www.djecje-kazaliste.hr\/wp-content\/uploads\/2023\/06\/foto00424-1024x683.jpg 1024w, https:\/\/www.djecje-kazaliste.hr\/wp-content\/uploads\/2023\/06\/foto00424-768x512.jpg 768w, https:\/\/www.djecje-kazaliste.hr\/wp-content\/uploads\/2023\/06\/foto00424-1536x1024.jpg 1536w, https:\/\/www.djecje-kazaliste.hr\/wp-content\/uploads\/2023\/06\/foto00424-200x133.jpg 200w\" sizes=\"auto, (max-width: 1620px) 100vw, 1620px\" \/><\/a><\/div><div class=\"vcex-post-type-entry-details entry-details wpex-bordered wpex-first-mt-0 wpex-last-mb-0 wpex-clr\"><h2 class=\"vcex-post-type-entry-title entry-title wpex-mb-5\" ><a href=\"https:\/\/www.djecje-kazaliste.hr\/en\/galerija\/pocetnica-godisnja-produkcija-2023-en\/\">Godi\u0161nja produkcija 2023<\/a><\/h2 ><\/div><\/div><\/div><div class=\"vcex-post-type-entry vcex-grid-item wpex-clr col span_1_of_3 col-2 post-7712 entry type-galerija has-media kategorije_galerija-54\"><div class=\"vcex-post-type-entry-inner entry-inner wpex-first-mt-0 wpex-last-mb-0 wpex-clr\"><div class=\"vcex-post-type-entry-media entry-media\"><a href=\"https:\/\/www.djecje-kazaliste.hr\/en\/galerija\/pocetnica-godisnja-produkcija-2022-en\/\" title=\"Godi\u0161nja produkcija 2022\"><img decoding=\"async\" width=\"1620\" height=\"1080\" src=\"https:\/\/www.djecje-kazaliste.hr\/wp-content\/uploads\/2022\/06\/Zelena137_dup_290522-min.jpg\" class=\"vcex-blog-entry-img wpex-align-middle\" alt=\"\" loading=\"lazy\" srcset=\"https:\/\/www.djecje-kazaliste.hr\/wp-content\/uploads\/2022\/06\/Zelena137_dup_290522-min.jpg 1620w, https:\/\/www.djecje-kazaliste.hr\/wp-content\/uploads\/2022\/06\/Zelena137_dup_290522-min-300x200.jpg 300w, https:\/\/www.djecje-kazaliste.hr\/wp-content\/uploads\/2022\/06\/Zelena137_dup_290522-min-1024x683.jpg 1024w, https:\/\/www.djecje-kazaliste.hr\/wp-content\/uploads\/2022\/06\/Zelena137_dup_290522-min-768x512.jpg 768w, https:\/\/www.djecje-kazaliste.hr\/wp-content\/uploads\/2022\/06\/Zelena137_dup_290522-min-1536x1024.jpg 1536w, https:\/\/www.djecje-kazaliste.hr\/wp-content\/uploads\/2022\/06\/Zelena137_dup_290522-min-200x133.jpg 200w\" sizes=\"auto, (max-width: 1620px) 100vw, 1620px\" \/><\/a><\/div><div class=\"vcex-post-type-entry-details entry-details wpex-bordered wpex-first-mt-0 wpex-last-mb-0 wpex-clr\"><h2 class=\"vcex-post-type-entry-title entry-title wpex-mb-5\" ><a href=\"https:\/\/www.djecje-kazaliste.hr\/en\/galerija\/pocetnica-godisnja-produkcija-2022-en\/\">Godi\u0161nja produkcija 2022<\/a><\/h2 ><\/div><\/div><\/div><div class=\"vcex-post-type-entry vcex-grid-item wpex-clr col span_1_of_3 col-3 post-2180 entry type-galerija has-media kategorije_galerija-54\"><div class=\"vcex-post-type-entry-inner entry-inner wpex-first-mt-0 wpex-last-mb-0 wpex-clr\"><div class=\"vcex-post-type-entry-media entry-media\"><a href=\"https:\/\/www.djecje-kazaliste.hr\/en\/galerija\/pocetnica-godisnja-produkcija-2019\/\" title=\"Godi\u0161nja produkcija 2019\"><img decoding=\"async\" width=\"640\" height=\"427\" src=\"https:\/\/www.djecje-kazaliste.hr\/wp-content\/uploads\/2019\/06\/posetnica-0091_head.jpg\" class=\"vcex-blog-entry-img wpex-align-middle\" alt=\"\" loading=\"lazy\" srcset=\"https:\/\/www.djecje-kazaliste.hr\/wp-content\/uploads\/2019\/06\/posetnica-0091_head.jpg 640w, https:\/\/www.djecje-kazaliste.hr\/wp-content\/uploads\/2019\/06\/posetnica-0091_head-300x200.jpg 300w, https:\/\/www.djecje-kazaliste.hr\/wp-content\/uploads\/2019\/06\/posetnica-0091_head-200x133.jpg 200w\" sizes=\"auto, (max-width: 640px) 100vw, 640px\" \/><\/a><\/div><div class=\"vcex-post-type-entry-details entry-details wpex-bordered wpex-first-mt-0 wpex-last-mb-0 wpex-clr\"><h2 class=\"vcex-post-type-entry-title entry-title wpex-mb-5\" ><a href=\"https:\/\/www.djecje-kazaliste.hr\/en\/galerija\/pocetnica-godisnja-produkcija-2019\/\">Godi\u0161nja produkcija 2019<\/a><\/h2 ><\/div><\/div><\/div><div class=\"vcex-post-type-entry vcex-grid-item wpex-clr col span_1_of_3 col-1 post-1651 entry type-galerija has-media kategorije_galerija-54\"><div class=\"vcex-post-type-entry-inner entry-inner wpex-first-mt-0 wpex-last-mb-0 wpex-clr\"><div class=\"vcex-post-type-entry-media entry-media\"><a href=\"https:\/\/www.djecje-kazaliste.hr\/en\/galerija\/rasplesana-sumska-bajka-2018\/\" title=\"Rasplesana \u0161umska bajka 2018\"><img decoding=\"async\" width=\"640\" height=\"427\" src=\"https:\/\/www.djecje-kazaliste.hr\/wp-content\/uploads\/2019\/05\/pocetnica_143_dup260518.jpg\" class=\"vcex-blog-entry-img wpex-align-middle\" alt=\"\" loading=\"lazy\" srcset=\"https:\/\/www.djecje-kazaliste.hr\/wp-content\/uploads\/2019\/05\/pocetnica_143_dup260518.jpg 640w, https:\/\/www.djecje-kazaliste.hr\/wp-content\/uploads\/2019\/05\/pocetnica_143_dup260518-300x200.jpg 300w, https:\/\/www.djecje-kazaliste.hr\/wp-content\/uploads\/2019\/05\/pocetnica_143_dup260518-200x133.jpg 200w\" sizes=\"auto, (max-width: 640px) 100vw, 640px\" \/><\/a><\/div><div class=\"vcex-post-type-entry-details entry-details wpex-bordered wpex-first-mt-0 wpex-last-mb-0 wpex-clr\"><h2 class=\"vcex-post-type-entry-title entry-title wpex-mb-5\" ><a href=\"https:\/\/www.djecje-kazaliste.hr\/en\/galerija\/rasplesana-sumska-bajka-2018\/\">Rasplesana \u0161umska bajka 2018<\/a><\/h2 ><\/div><\/div><\/div><\/div><\/div><\/div><\/section><section id=\"section-1551721217526-4-8\" class=\"tab\" data-animation=\"\" style=\"background:; color:;\"><div class=\"infi-content-wrapper\"><div class=\"vcex-module vcex-post-type-grid-wrap wpex-clr\"><div class=\"wpex-row vcex-post-type-grid entries wpex-clr\"><div class=\"vcex-post-type-entry vcex-grid-item wpex-clr col span_1_of_3 col-1 post-15401 entry type-galerija has-media kategorije_galerija-55\"><div class=\"vcex-post-type-entry-inner entry-inner wpex-first-mt-0 wpex-last-mb-0 wpex-clr\"><div class=\"vcex-post-type-entry-media entry-media\"><a href=\"https:\/\/www.djecje-kazaliste.hr\/en\/galerija\/baletni-godisnja-produkcija-2026-en\/\" title=\"Baletni godi\u0161nja produkcija 2026\"><img decoding=\"async\" width=\"1620\" height=\"1080\" src=\"https:\/\/www.djecje-kazaliste.hr\/wp-content\/uploads\/2026\/06\/Balerine-13.6.2026-164.webp\" class=\"vcex-blog-entry-img wpex-align-middle\" alt=\"\" loading=\"lazy\" srcset=\"https:\/\/www.djecje-kazaliste.hr\/wp-content\/uploads\/2026\/06\/Balerine-13.6.2026-164.webp 1620w, https:\/\/www.djecje-kazaliste.hr\/wp-content\/uploads\/2026\/06\/Balerine-13.6.2026-164-300x200.webp 300w, https:\/\/www.djecje-kazaliste.hr\/wp-content\/uploads\/2026\/06\/Balerine-13.6.2026-164-1024x683.webp 1024w, https:\/\/www.djecje-kazaliste.hr\/wp-content\/uploads\/2026\/06\/Balerine-13.6.2026-164-768x512.webp 768w, https:\/\/www.djecje-kazaliste.hr\/wp-content\/uploads\/2026\/06\/Balerine-13.6.2026-164-1536x1024.webp 1536w, https:\/\/www.djecje-kazaliste.hr\/wp-content\/uploads\/2026\/06\/Balerine-13.6.2026-164-200x133.webp 200w\" sizes=\"auto, (max-width: 1620px) 100vw, 1620px\" \/><\/a><\/div><div class=\"vcex-post-type-entry-details entry-details wpex-bordered wpex-first-mt-0 wpex-last-mb-0 wpex-clr\"><h2 class=\"vcex-post-type-entry-title entry-title wpex-mb-5\" ><a href=\"https:\/\/www.djecje-kazaliste.hr\/en\/galerija\/baletni-godisnja-produkcija-2026-en\/\">Baletni godi\u0161nja produkcija 2026<\/a><\/h2 ><\/div><\/div><\/div><div class=\"vcex-post-type-entry vcex-grid-item wpex-clr col span_1_of_3 col-2 post-14106 entry type-galerija has-media kategorije_galerija-55\"><div class=\"vcex-post-type-entry-inner entry-inner wpex-first-mt-0 wpex-last-mb-0 wpex-clr\"><div class=\"vcex-post-type-entry-media entry-media\"><a href=\"https:\/\/www.djecje-kazaliste.hr\/en\/galerija\/baletni-godisnja-produkcija-2025-en\/\" title=\"Baletni godi\u0161nja produkcija 2024\"><img decoding=\"async\" width=\"1620\" height=\"1080\" src=\"https:\/\/www.djecje-kazaliste.hr\/wp-content\/uploads\/2025\/06\/Baletna-produkcija-105.jpg\" class=\"vcex-blog-entry-img wpex-align-middle\" alt=\"\" loading=\"lazy\" srcset=\"https:\/\/www.djecje-kazaliste.hr\/wp-content\/uploads\/2025\/06\/Baletna-produkcija-105.jpg 1620w, https:\/\/www.djecje-kazaliste.hr\/wp-content\/uploads\/2025\/06\/Baletna-produkcija-105-300x200.jpg 300w, https:\/\/www.djecje-kazaliste.hr\/wp-content\/uploads\/2025\/06\/Baletna-produkcija-105-1024x683.jpg 1024w, https:\/\/www.djecje-kazaliste.hr\/wp-content\/uploads\/2025\/06\/Baletna-produkcija-105-768x512.jpg 768w, https:\/\/www.djecje-kazaliste.hr\/wp-content\/uploads\/2025\/06\/Baletna-produkcija-105-1536x1024.jpg 1536w, https:\/\/www.djecje-kazaliste.hr\/wp-content\/uploads\/2025\/06\/Baletna-produkcija-105-200x133.jpg 200w\" sizes=\"auto, (max-width: 1620px) 100vw, 1620px\" \/><\/a><\/div><div class=\"vcex-post-type-entry-details entry-details wpex-bordered wpex-first-mt-0 wpex-last-mb-0 wpex-clr\"><h2 class=\"vcex-post-type-entry-title entry-title wpex-mb-5\" ><a href=\"https:\/\/www.djecje-kazaliste.hr\/en\/galerija\/baletni-godisnja-produkcija-2025-en\/\">Baletni godi\u0161nja produkcija 2024<\/a><\/h2 ><\/div><\/div><\/div><div class=\"vcex-post-type-entry vcex-grid-item wpex-clr col span_1_of_3 col-3 post-12680 entry type-galerija has-media kategorije_galerija-55\"><div class=\"vcex-post-type-entry-inner entry-inner wpex-first-mt-0 wpex-last-mb-0 wpex-clr\"><div class=\"vcex-post-type-entry-media entry-media\"><a href=\"https:\/\/www.djecje-kazaliste.hr\/en\/galerija\/baletni-godisnja-produkcija-2024-en\/\" title=\"Baletni godi\u0161nja produkcija 2024\"><img decoding=\"async\" width=\"1620\" height=\"1080\" src=\"https:\/\/www.djecje-kazaliste.hr\/wp-content\/uploads\/2024\/06\/foto00019-Copy.jpg\" class=\"vcex-blog-entry-img wpex-align-middle\" alt=\"\" loading=\"lazy\" srcset=\"https:\/\/www.djecje-kazaliste.hr\/wp-content\/uploads\/2024\/06\/foto00019-Copy.jpg 1620w, https:\/\/www.djecje-kazaliste.hr\/wp-content\/uploads\/2024\/06\/foto00019-Copy-300x200.jpg 300w, https:\/\/www.djecje-kazaliste.hr\/wp-content\/uploads\/2024\/06\/foto00019-Copy-1024x683.jpg 1024w, https:\/\/www.djecje-kazaliste.hr\/wp-content\/uploads\/2024\/06\/foto00019-Copy-768x512.jpg 768w, https:\/\/www.djecje-kazaliste.hr\/wp-content\/uploads\/2024\/06\/foto00019-Copy-1536x1024.jpg 1536w, https:\/\/www.djecje-kazaliste.hr\/wp-content\/uploads\/2024\/06\/foto00019-Copy-200x133.jpg 200w\" sizes=\"auto, (max-width: 1620px) 100vw, 1620px\" \/><\/a><\/div><div class=\"vcex-post-type-entry-details entry-details wpex-bordered wpex-first-mt-0 wpex-last-mb-0 wpex-clr\"><h2 class=\"vcex-post-type-entry-title entry-title wpex-mb-5\" ><a href=\"https:\/\/www.djecje-kazaliste.hr\/en\/galerija\/baletni-godisnja-produkcija-2024-en\/\">Baletni godi\u0161nja produkcija 2024<\/a><\/h2 ><\/div><\/div><\/div><div class=\"vcex-post-type-entry vcex-grid-item wpex-clr col span_1_of_3 col-1 post-8012 entry type-galerija has-media kategorije_galerija-55\"><div class=\"vcex-post-type-entry-inner entry-inner wpex-first-mt-0 wpex-last-mb-0 wpex-clr\"><div class=\"vcex-post-type-entry-media entry-media\"><a href=\"https:\/\/www.djecje-kazaliste.hr\/en\/galerija\/baletni-godisnja-produkcija-2022\/\" title=\"Baletni godi\u0161nja produkcija 2022\"><img decoding=\"async\" width=\"1620\" height=\"1080\" src=\"https:\/\/www.djecje-kazaliste.hr\/wp-content\/uploads\/2022\/07\/Balet06_dup_040622.jpg\" class=\"vcex-blog-entry-img wpex-align-middle\" alt=\"\" loading=\"lazy\" srcset=\"https:\/\/www.djecje-kazaliste.hr\/wp-content\/uploads\/2022\/07\/Balet06_dup_040622.jpg 1620w, https:\/\/www.djecje-kazaliste.hr\/wp-content\/uploads\/2022\/07\/Balet06_dup_040622-300x200.jpg 300w, https:\/\/www.djecje-kazaliste.hr\/wp-content\/uploads\/2022\/07\/Balet06_dup_040622-1024x683.jpg 1024w, https:\/\/www.djecje-kazaliste.hr\/wp-content\/uploads\/2022\/07\/Balet06_dup_040622-768x512.jpg 768w, https:\/\/www.djecje-kazaliste.hr\/wp-content\/uploads\/2022\/07\/Balet06_dup_040622-1536x1024.jpg 1536w, https:\/\/www.djecje-kazaliste.hr\/wp-content\/uploads\/2022\/07\/Balet06_dup_040622-200x133.jpg 200w, https:\/\/www.djecje-kazaliste.hr\/wp-content\/uploads\/2022\/07\/Balet06_dup_040622-298x198.jpg 298w\" sizes=\"auto, (max-width: 1620px) 100vw, 1620px\" \/><\/a><\/div><div class=\"vcex-post-type-entry-details entry-details wpex-bordered wpex-first-mt-0 wpex-last-mb-0 wpex-clr\"><h2 class=\"vcex-post-type-entry-title entry-title wpex-mb-5\" ><a href=\"https:\/\/www.djecje-kazaliste.hr\/en\/galerija\/baletni-godisnja-produkcija-2022\/\">Baletni godi\u0161nja produkcija 2022<\/a><\/h2 ><\/div><\/div><\/div><div class=\"vcex-post-type-entry vcex-grid-item wpex-clr col span_1_of_3 col-2 post-2238 entry type-galerija has-media kategorije_galerija-55\"><div class=\"vcex-post-type-entry-inner entry-inner wpex-first-mt-0 wpex-last-mb-0 wpex-clr\"><div class=\"vcex-post-type-entry-media entry-media\"><a href=\"https:\/\/www.djecje-kazaliste.hr\/en\/galerija\/baletni-godisnja-produkcija-2019\/\" title=\"Godi\u0161nja produkcija 2019\"><img decoding=\"async\" width=\"640\" height=\"427\" src=\"https:\/\/www.djecje-kazaliste.hr\/wp-content\/uploads\/2019\/07\/baleti-0238_01.jpg\" class=\"vcex-blog-entry-img wpex-align-middle\" alt=\"\" loading=\"lazy\" srcset=\"https:\/\/www.djecje-kazaliste.hr\/wp-content\/uploads\/2019\/07\/baleti-0238_01.jpg 640w, https:\/\/www.djecje-kazaliste.hr\/wp-content\/uploads\/2019\/07\/baleti-0238_01-300x200.jpg 300w, https:\/\/www.djecje-kazaliste.hr\/wp-content\/uploads\/2019\/07\/baleti-0238_01-200x133.jpg 200w\" sizes=\"auto, (max-width: 640px) 100vw, 640px\" \/><\/a><\/div><div class=\"vcex-post-type-entry-details entry-details wpex-bordered wpex-first-mt-0 wpex-last-mb-0 wpex-clr\"><h2 class=\"vcex-post-type-entry-title entry-title wpex-mb-5\" ><a href=\"https:\/\/www.djecje-kazaliste.hr\/en\/galerija\/baletni-godisnja-produkcija-2019\/\">Godi\u0161nja produkcija 2019<\/a><\/h2 ><\/div><\/div><\/div><div class=\"vcex-post-type-entry vcex-grid-item wpex-clr col span_1_of_3 col-3 post-1669 entry type-galerija has-media kategorije_galerija-55\"><div class=\"vcex-post-type-entry-inner entry-inner wpex-first-mt-0 wpex-last-mb-0 wpex-clr\"><div class=\"vcex-post-type-entry-media entry-media\"><a href=\"https:\/\/www.djecje-kazaliste.hr\/en\/galerija\/baletni-studio-godisnja-produkcija-2018\/\" title=\"Godi\u0161nja produkcija 2018\"><img decoding=\"async\" width=\"640\" height=\"427\" src=\"https:\/\/www.djecje-kazaliste.hr\/wp-content\/uploads\/2019\/05\/Balerine_48_dup020618.jpg\" class=\"vcex-blog-entry-img wpex-align-middle\" alt=\"\" loading=\"lazy\" srcset=\"https:\/\/www.djecje-kazaliste.hr\/wp-content\/uploads\/2019\/05\/Balerine_48_dup020618.jpg 640w, https:\/\/www.djecje-kazaliste.hr\/wp-content\/uploads\/2019\/05\/Balerine_48_dup020618-300x200.jpg 300w, https:\/\/www.djecje-kazaliste.hr\/wp-content\/uploads\/2019\/05\/Balerine_48_dup020618-200x133.jpg 200w\" sizes=\"auto, (max-width: 640px) 100vw, 640px\" \/><\/a><\/div><div class=\"vcex-post-type-entry-details entry-details wpex-bordered wpex-first-mt-0 wpex-last-mb-0 wpex-clr\"><h2 class=\"vcex-post-type-entry-title entry-title wpex-mb-5\" ><a href=\"https:\/\/www.djecje-kazaliste.hr\/en\/galerija\/baletni-studio-godisnja-produkcija-2018\/\">Godi\u0161nja produkcija 2018<\/a><\/h2 ><\/div><\/div><\/div><div class=\"vcex-post-type-entry vcex-grid-item wpex-clr col span_1_of_3 col-1 post-1825 entry type-galerija has-media kategorije_galerija-55\"><div class=\"vcex-post-type-entry-inner entry-inner wpex-first-mt-0 wpex-last-mb-0 wpex-clr\"><div class=\"vcex-post-type-entry-media entry-media\"><a href=\"https:\/\/www.djecje-kazaliste.hr\/en\/galerija\/baletni-godisnja-produkcija-2017\/\" title=\"Godi\u0161nja produkcija 2017\"><img decoding=\"async\" width=\"640\" height=\"427\" src=\"https:\/\/www.djecje-kazaliste.hr\/wp-content\/uploads\/2019\/05\/kaz-389_head.jpg\" class=\"vcex-blog-entry-img wpex-align-middle\" alt=\"\" loading=\"lazy\" srcset=\"https:\/\/www.djecje-kazaliste.hr\/wp-content\/uploads\/2019\/05\/kaz-389_head.jpg 640w, https:\/\/www.djecje-kazaliste.hr\/wp-content\/uploads\/2019\/05\/kaz-389_head-300x200.jpg 300w, https:\/\/www.djecje-kazaliste.hr\/wp-content\/uploads\/2019\/05\/kaz-389_head-200x133.jpg 200w\" sizes=\"auto, (max-width: 640px) 100vw, 640px\" \/><\/a><\/div><div class=\"vcex-post-type-entry-details entry-details wpex-bordered wpex-first-mt-0 wpex-last-mb-0 wpex-clr\"><h2 class=\"vcex-post-type-entry-title entry-title wpex-mb-5\" ><a href=\"https:\/\/www.djecje-kazaliste.hr\/en\/galerija\/baletni-godisnja-produkcija-2017\/\">Godi\u0161nja produkcija 2017<\/a><\/h2 ><\/div><\/div><\/div><div class=\"vcex-post-type-entry vcex-grid-item wpex-clr col span_1_of_3 col-2 post-1827 entry type-galerija has-media kategorije_galerija-55\"><div class=\"vcex-post-type-entry-inner entry-inner wpex-first-mt-0 wpex-last-mb-0 wpex-clr\"><div class=\"vcex-post-type-entry-media entry-media\"><a href=\"https:\/\/www.djecje-kazaliste.hr\/en\/galerija\/baletni-godisnja-2016\/\" title=\"Godi\u0161nja produkcija 2016\"><img decoding=\"async\" width=\"640\" height=\"427\" src=\"https:\/\/www.djecje-kazaliste.hr\/wp-content\/uploads\/2019\/05\/bal-7.jpg\" class=\"vcex-blog-entry-img wpex-align-middle\" alt=\"\" loading=\"lazy\" srcset=\"https:\/\/www.djecje-kazaliste.hr\/wp-content\/uploads\/2019\/05\/bal-7.jpg 640w, https:\/\/www.djecje-kazaliste.hr\/wp-content\/uploads\/2019\/05\/bal-7-300x200.jpg 300w, https:\/\/www.djecje-kazaliste.hr\/wp-content\/uploads\/2019\/05\/bal-7-200x133.jpg 200w\" sizes=\"auto, (max-width: 640px) 100vw, 640px\" \/><\/a><\/div><div class=\"vcex-post-type-entry-details entry-details wpex-bordered wpex-first-mt-0 wpex-last-mb-0 wpex-clr\"><h2 class=\"vcex-post-type-entry-title entry-title wpex-mb-5\" ><a href=\"https:\/\/www.djecje-kazaliste.hr\/en\/galerija\/baletni-godisnja-2016\/\">Godi\u0161nja produkcija 2016<\/a><\/h2 ><\/div><\/div><\/div><div class=\"vcex-post-type-entry vcex-grid-item wpex-clr col span_1_of_3 col-3 post-1832 entry type-galerija has-media kategorije_galerija-55\"><div class=\"vcex-post-type-entry-inner entry-inner wpex-first-mt-0 wpex-last-mb-0 wpex-clr\"><div class=\"vcex-post-type-entry-media entry-media\"><a href=\"https:\/\/www.djecje-kazaliste.hr\/en\/galerija\/godisnja-produkcija-2015\/\" title=\"Godi\u0161nja produkcija 2015\"><img decoding=\"async\" width=\"640\" height=\"427\" src=\"https:\/\/www.djecje-kazaliste.hr\/wp-content\/uploads\/2019\/05\/DKOS_godisnja_produkcija_baletnog_studija_2015_330.jpg\" class=\"vcex-blog-entry-img wpex-align-middle\" alt=\"\" loading=\"lazy\" srcset=\"https:\/\/www.djecje-kazaliste.hr\/wp-content\/uploads\/2019\/05\/DKOS_godisnja_produkcija_baletnog_studija_2015_330.jpg 640w, https:\/\/www.djecje-kazaliste.hr\/wp-content\/uploads\/2019\/05\/DKOS_godisnja_produkcija_baletnog_studija_2015_330-300x200.jpg 300w, https:\/\/www.djecje-kazaliste.hr\/wp-content\/uploads\/2019\/05\/DKOS_godisnja_produkcija_baletnog_studija_2015_330-200x133.jpg 200w\" sizes=\"auto, (max-width: 640px) 100vw, 640px\" \/><\/a><\/div><div class=\"vcex-post-type-entry-details entry-details wpex-bordered wpex-first-mt-0 wpex-last-mb-0 wpex-clr\"><h2 class=\"vcex-post-type-entry-title entry-title wpex-mb-5\" ><a href=\"https:\/\/www.djecje-kazaliste.hr\/en\/galerija\/godisnja-produkcija-2015\/\">Godi\u0161nja produkcija 2015<\/a><\/h2 ><\/div><\/div><\/div><div class=\"vcex-post-type-entry vcex-grid-item wpex-clr col span_1_of_3 col-1 post-1836 entry type-galerija has-media kategorije_galerija-55\"><div class=\"vcex-post-type-entry-inner entry-inner wpex-first-mt-0 wpex-last-mb-0 wpex-clr\"><div class=\"vcex-post-type-entry-media entry-media\"><a href=\"https:\/\/www.djecje-kazaliste.hr\/en\/galerija\/godisnja-produkcija-2014\/\" title=\"Godi\u0161nja produkcija 2014\"><img decoding=\"async\" width=\"640\" height=\"427\" src=\"https:\/\/www.djecje-kazaliste.hr\/wp-content\/uploads\/2019\/05\/dkos_baletni-studio-2014_baletni-kolaz_180.jpg\" class=\"vcex-blog-entry-img wpex-align-middle\" alt=\"\" loading=\"lazy\" srcset=\"https:\/\/www.djecje-kazaliste.hr\/wp-content\/uploads\/2019\/05\/dkos_baletni-studio-2014_baletni-kolaz_180.jpg 640w, https:\/\/www.djecje-kazaliste.hr\/wp-content\/uploads\/2019\/05\/dkos_baletni-studio-2014_baletni-kolaz_180-300x200.jpg 300w, https:\/\/www.djecje-kazaliste.hr\/wp-content\/uploads\/2019\/05\/dkos_baletni-studio-2014_baletni-kolaz_180-200x133.jpg 200w\" sizes=\"auto, (max-width: 640px) 100vw, 640px\" \/><\/a><\/div><div class=\"vcex-post-type-entry-details entry-details wpex-bordered wpex-first-mt-0 wpex-last-mb-0 wpex-clr\"><h2 class=\"vcex-post-type-entry-title entry-title wpex-mb-5\" ><a href=\"https:\/\/www.djecje-kazaliste.hr\/en\/galerija\/godisnja-produkcija-2014\/\">Godi\u0161nja produkcija 2014<\/a><\/h2 ><\/div><\/div><\/div><div class=\"vcex-post-type-entry vcex-grid-item wpex-clr col span_1_of_3 col-2 post-1848 entry type-galerija has-media kategorije_galerija-55\"><div class=\"vcex-post-type-entry-inner entry-inner wpex-first-mt-0 wpex-last-mb-0 wpex-clr\"><div class=\"vcex-post-type-entry-media entry-media\"><a href=\"https:\/\/www.djecje-kazaliste.hr\/en\/galerija\/godisnja-produkcija-2012\/\" title=\"Godi\u0161nja produkcija 2012\"><img decoding=\"async\" width=\"640\" height=\"427\" src=\"https:\/\/www.djecje-kazaliste.hr\/wp-content\/uploads\/2019\/05\/www-djecje-kazaliste-hr_snjeguljica_i_sedam_patuljaka_baletni_studio_020.jpg\" class=\"vcex-blog-entry-img wpex-align-middle\" alt=\"\" loading=\"lazy\" srcset=\"https:\/\/www.djecje-kazaliste.hr\/wp-content\/uploads\/2019\/05\/www-djecje-kazaliste-hr_snjeguljica_i_sedam_patuljaka_baletni_studio_020.jpg 640w, https:\/\/www.djecje-kazaliste.hr\/wp-content\/uploads\/2019\/05\/www-djecje-kazaliste-hr_snjeguljica_i_sedam_patuljaka_baletni_studio_020-300x200.jpg 300w, https:\/\/www.djecje-kazaliste.hr\/wp-content\/uploads\/2019\/05\/www-djecje-kazaliste-hr_snjeguljica_i_sedam_patuljaka_baletni_studio_020-200x133.jpg 200w\" sizes=\"auto, (max-width: 640px) 100vw, 640px\" \/><\/a><\/div><div class=\"vcex-post-type-entry-details entry-details wpex-bordered wpex-first-mt-0 wpex-last-mb-0 wpex-clr\"><h2 class=\"vcex-post-type-entry-title entry-title wpex-mb-5\" ><a href=\"https:\/\/www.djecje-kazaliste.hr\/en\/galerija\/godisnja-produkcija-2012\/\">Godi\u0161nja produkcija 2012<\/a><\/h2 ><\/div><\/div><\/div><div class=\"vcex-post-type-entry vcex-grid-item wpex-clr col span_1_of_3 col-3 post-1845 entry type-galerija has-media kategorije_galerija-55\"><div class=\"vcex-post-type-entry-inner entry-inner wpex-first-mt-0 wpex-last-mb-0 wpex-clr\"><div class=\"vcex-post-type-entry-media entry-media\"><a href=\"https:\/\/www.djecje-kazaliste.hr\/en\/galerija\/pcelica-maja-i-pavo\/\" title=\"P\u010delica Maja i Pavo\"><img decoding=\"async\" width=\"640\" height=\"427\" src=\"https:\/\/www.djecje-kazaliste.hr\/wp-content\/uploads\/2019\/05\/www-djecje-kazaliste-hr_pcelica_maja_i_pavo_09.jpg\" class=\"vcex-blog-entry-img wpex-align-middle\" alt=\"\" loading=\"lazy\" srcset=\"https:\/\/www.djecje-kazaliste.hr\/wp-content\/uploads\/2019\/05\/www-djecje-kazaliste-hr_pcelica_maja_i_pavo_09.jpg 640w, https:\/\/www.djecje-kazaliste.hr\/wp-content\/uploads\/2019\/05\/www-djecje-kazaliste-hr_pcelica_maja_i_pavo_09-300x200.jpg 300w, https:\/\/www.djecje-kazaliste.hr\/wp-content\/uploads\/2019\/05\/www-djecje-kazaliste-hr_pcelica_maja_i_pavo_09-200x133.jpg 200w\" sizes=\"auto, (max-width: 640px) 100vw, 640px\" \/><\/a><\/div><div class=\"vcex-post-type-entry-details entry-details wpex-bordered wpex-first-mt-0 wpex-last-mb-0 wpex-clr\"><h2 class=\"vcex-post-type-entry-title entry-title wpex-mb-5\" ><a href=\"https:\/\/www.djecje-kazaliste.hr\/en\/galerija\/pcelica-maja-i-pavo\/\">P\u010delica Maja i Pavo<\/a><\/h2 ><\/div><\/div><\/div><div class=\"vcex-post-type-entry vcex-grid-item wpex-clr col span_1_of_3 col-1 post-1842 entry type-galerija has-media kategorije_galerija-55\"><div class=\"vcex-post-type-entry-inner entry-inner wpex-first-mt-0 wpex-last-mb-0 wpex-clr\"><div class=\"vcex-post-type-entry-media entry-media\"><a href=\"https:\/\/www.djecje-kazaliste.hr\/en\/galerija\/baletni-studio-coppelia\/\" title=\"Baletni studio Coppelia\"><img decoding=\"async\" width=\"640\" height=\"427\" src=\"https:\/\/www.djecje-kazaliste.hr\/wp-content\/uploads\/2019\/05\/fp125.jpg\" class=\"vcex-blog-entry-img wpex-align-middle\" alt=\"\" loading=\"lazy\" srcset=\"https:\/\/www.djecje-kazaliste.hr\/wp-content\/uploads\/2019\/05\/fp125.jpg 640w, https:\/\/www.djecje-kazaliste.hr\/wp-content\/uploads\/2019\/05\/fp125-300x200.jpg 300w, https:\/\/www.djecje-kazaliste.hr\/wp-content\/uploads\/2019\/05\/fp125-200x133.jpg 200w\" sizes=\"auto, (max-width: 640px) 100vw, 640px\" \/><\/a><\/div><div class=\"vcex-post-type-entry-details entry-details wpex-bordered wpex-first-mt-0 wpex-last-mb-0 wpex-clr\"><h2 class=\"vcex-post-type-entry-title entry-title wpex-mb-5\" ><a href=\"https:\/\/www.djecje-kazaliste.hr\/en\/galerija\/baletni-studio-coppelia\/\">Baletni studio Coppelia<\/a><\/h2 ><\/div><\/div><\/div><div class=\"vcex-post-type-entry vcex-grid-item wpex-clr col span_1_of_3 col-2 post-1839 entry type-galerija has-media kategorije_galerija-55\"><div class=\"vcex-post-type-entry-inner entry-inner wpex-first-mt-0 wpex-last-mb-0 wpex-clr\"><div class=\"vcex-post-type-entry-media entry-media\"><a href=\"https:\/\/www.djecje-kazaliste.hr\/en\/galerija\/baletni-studio-treps\/\" title=\"Baletni studio TREPS\"><img decoding=\"async\" width=\"640\" height=\"427\" src=\"https:\/\/www.djecje-kazaliste.hr\/wp-content\/uploads\/2019\/05\/www-djecje-kazaliste-hr_baletni_studio_treps_010_head.jpg\" class=\"vcex-blog-entry-img wpex-align-middle\" alt=\"\" loading=\"lazy\" srcset=\"https:\/\/www.djecje-kazaliste.hr\/wp-content\/uploads\/2019\/05\/www-djecje-kazaliste-hr_baletni_studio_treps_010_head.jpg 640w, https:\/\/www.djecje-kazaliste.hr\/wp-content\/uploads\/2019\/05\/www-djecje-kazaliste-hr_baletni_studio_treps_010_head-300x200.jpg 300w, https:\/\/www.djecje-kazaliste.hr\/wp-content\/uploads\/2019\/05\/www-djecje-kazaliste-hr_baletni_studio_treps_010_head-200x133.jpg 200w\" sizes=\"auto, (max-width: 640px) 100vw, 640px\" \/><\/a><\/div><div class=\"vcex-post-type-entry-details entry-details wpex-bordered wpex-first-mt-0 wpex-last-mb-0 wpex-clr\"><h2 class=\"vcex-post-type-entry-title entry-title wpex-mb-5\" ><a href=\"https:\/\/www.djecje-kazaliste.hr\/en\/galerija\/baletni-studio-treps\/\">Baletni studio TREPS<\/a><\/h2 ><\/div><\/div><\/div><\/div><\/div><\/div><\/section><section id=\"section-1551721225246-5-5\" class=\"tab\" data-animation=\"\" style=\"background:; color:;\"><div class=\"infi-content-wrapper\"><div class=\"vcex-module vcex-post-type-grid-wrap wpex-clr\"><div class=\"wpex-row vcex-post-type-grid entries wpex-clr\"><div class=\"vcex-post-type-entry vcex-grid-item wpex-clr col span_1_of_3 col-1 post-15396 entry type-galerija has-media kategorije_galerija-56\"><div class=\"vcex-post-type-entry-inner entry-inner wpex-first-mt-0 wpex-last-mb-0 wpex-clr\"><div class=\"vcex-post-type-entry-media entry-media\"><a href=\"https:\/\/www.djecje-kazaliste.hr\/en\/galerija\/dramski-starija-grupa-2026-en\/\" title=\"Dramski starija grupa 2026\"><img decoding=\"async\" width=\"1620\" height=\"1080\" src=\"https:\/\/www.djecje-kazaliste.hr\/wp-content\/uploads\/2026\/06\/Dramski-studio-1-57.webp\" class=\"vcex-blog-entry-img wpex-align-middle\" alt=\"\" loading=\"lazy\" srcset=\"https:\/\/www.djecje-kazaliste.hr\/wp-content\/uploads\/2026\/06\/Dramski-studio-1-57.webp 1620w, https:\/\/www.djecje-kazaliste.hr\/wp-content\/uploads\/2026\/06\/Dramski-studio-1-57-300x200.webp 300w, https:\/\/www.djecje-kazaliste.hr\/wp-content\/uploads\/2026\/06\/Dramski-studio-1-57-1024x683.webp 1024w, https:\/\/www.djecje-kazaliste.hr\/wp-content\/uploads\/2026\/06\/Dramski-studio-1-57-768x512.webp 768w, https:\/\/www.djecje-kazaliste.hr\/wp-content\/uploads\/2026\/06\/Dramski-studio-1-57-1536x1024.webp 1536w, https:\/\/www.djecje-kazaliste.hr\/wp-content\/uploads\/2026\/06\/Dramski-studio-1-57-200x133.webp 200w\" sizes=\"auto, (max-width: 1620px) 100vw, 1620px\" \/><\/a><\/div><div class=\"vcex-post-type-entry-details entry-details wpex-bordered wpex-first-mt-0 wpex-last-mb-0 wpex-clr\"><h2 class=\"vcex-post-type-entry-title entry-title wpex-mb-5\" ><a href=\"https:\/\/www.djecje-kazaliste.hr\/en\/galerija\/dramski-starija-grupa-2026-en\/\">Dramski starija grupa 2026<\/a><\/h2 ><\/div><\/div><\/div><div class=\"vcex-post-type-entry vcex-grid-item wpex-clr col span_1_of_3 col-2 post-15393 entry type-galerija has-media kategorije_galerija-56\"><div class=\"vcex-post-type-entry-inner entry-inner wpex-first-mt-0 wpex-last-mb-0 wpex-clr\"><div class=\"vcex-post-type-entry-media entry-media\"><a href=\"https:\/\/www.djecje-kazaliste.hr\/en\/galerija\/dramski-2026-en\/\" title=\"Dramski 2026\"><img decoding=\"async\" width=\"1620\" height=\"1080\" src=\"https:\/\/www.djecje-kazaliste.hr\/wp-content\/uploads\/2026\/06\/Dramci-2-52.webp\" class=\"vcex-blog-entry-img wpex-align-middle\" alt=\"\" loading=\"lazy\" srcset=\"https:\/\/www.djecje-kazaliste.hr\/wp-content\/uploads\/2026\/06\/Dramci-2-52.webp 1620w, https:\/\/www.djecje-kazaliste.hr\/wp-content\/uploads\/2026\/06\/Dramci-2-52-300x200.webp 300w, https:\/\/www.djecje-kazaliste.hr\/wp-content\/uploads\/2026\/06\/Dramci-2-52-1024x683.webp 1024w, https:\/\/www.djecje-kazaliste.hr\/wp-content\/uploads\/2026\/06\/Dramci-2-52-768x512.webp 768w, https:\/\/www.djecje-kazaliste.hr\/wp-content\/uploads\/2026\/06\/Dramci-2-52-1536x1024.webp 1536w, https:\/\/www.djecje-kazaliste.hr\/wp-content\/uploads\/2026\/06\/Dramci-2-52-200x133.webp 200w\" sizes=\"auto, (max-width: 1620px) 100vw, 1620px\" \/><\/a><\/div><div class=\"vcex-post-type-entry-details entry-details wpex-bordered wpex-first-mt-0 wpex-last-mb-0 wpex-clr\"><h2 class=\"vcex-post-type-entry-title entry-title wpex-mb-5\" ><a href=\"https:\/\/www.djecje-kazaliste.hr\/en\/galerija\/dramski-2026-en\/\">Dramski 2026<\/a><\/h2 ><\/div><\/div><\/div><div class=\"vcex-post-type-entry vcex-grid-item wpex-clr col span_1_of_3 col-3 post-14148 entry type-galerija has-media kategorije_galerija-56\"><div class=\"vcex-post-type-entry-inner entry-inner wpex-first-mt-0 wpex-last-mb-0 wpex-clr\"><div class=\"vcex-post-type-entry-media entry-media\"><a href=\"https:\/\/www.djecje-kazaliste.hr\/en\/galerija\/mlada-grupa-2025-en\/\" title=\"Mla\u0111a grupa 2025\"><img decoding=\"async\" width=\"1920\" height=\"1280\" src=\"https:\/\/www.djecje-kazaliste.hr\/wp-content\/uploads\/2025\/06\/DramciM-3.jpg\" class=\"vcex-blog-entry-img wpex-align-middle\" alt=\"\" loading=\"lazy\" srcset=\"https:\/\/www.djecje-kazaliste.hr\/wp-content\/uploads\/2025\/06\/DramciM-3.jpg 1920w, https:\/\/www.djecje-kazaliste.hr\/wp-content\/uploads\/2025\/06\/DramciM-3-300x200.jpg 300w, https:\/\/www.djecje-kazaliste.hr\/wp-content\/uploads\/2025\/06\/DramciM-3-1024x683.jpg 1024w, https:\/\/www.djecje-kazaliste.hr\/wp-content\/uploads\/2025\/06\/DramciM-3-768x512.jpg 768w, https:\/\/www.djecje-kazaliste.hr\/wp-content\/uploads\/2025\/06\/DramciM-3-1536x1024.jpg 1536w, https:\/\/www.djecje-kazaliste.hr\/wp-content\/uploads\/2025\/06\/DramciM-3-200x133.jpg 200w\" sizes=\"auto, (max-width: 1920px) 100vw, 1920px\" \/><\/a><\/div><div class=\"vcex-post-type-entry-details entry-details wpex-bordered wpex-first-mt-0 wpex-last-mb-0 wpex-clr\"><h2 class=\"vcex-post-type-entry-title entry-title wpex-mb-5\" ><a href=\"https:\/\/www.djecje-kazaliste.hr\/en\/galerija\/mlada-grupa-2025-en\/\">Mla\u0111a grupa 2025<\/a><\/h2 ><\/div><\/div><\/div><div class=\"vcex-post-type-entry vcex-grid-item wpex-clr col span_1_of_3 col-1 post-14146 entry type-galerija has-media kategorije_galerija-56\"><div class=\"vcex-post-type-entry-inner entry-inner wpex-first-mt-0 wpex-last-mb-0 wpex-clr\"><div class=\"vcex-post-type-entry-media entry-media\"><a href=\"https:\/\/www.djecje-kazaliste.hr\/en\/galerija\/dramski-starija-grupa-2025-en\/\" title=\"Dramski starija grupa 2025\"><img decoding=\"async\" width=\"1920\" height=\"1280\" src=\"https:\/\/www.djecje-kazaliste.hr\/wp-content\/uploads\/2025\/06\/DramciS-27.jpg\" class=\"vcex-blog-entry-img wpex-align-middle\" alt=\"\" loading=\"lazy\" srcset=\"https:\/\/www.djecje-kazaliste.hr\/wp-content\/uploads\/2025\/06\/DramciS-27.jpg 1920w, https:\/\/www.djecje-kazaliste.hr\/wp-content\/uploads\/2025\/06\/DramciS-27-300x200.jpg 300w, https:\/\/www.djecje-kazaliste.hr\/wp-content\/uploads\/2025\/06\/DramciS-27-1024x683.jpg 1024w, https:\/\/www.djecje-kazaliste.hr\/wp-content\/uploads\/2025\/06\/DramciS-27-768x512.jpg 768w, https:\/\/www.djecje-kazaliste.hr\/wp-content\/uploads\/2025\/06\/DramciS-27-1536x1024.jpg 1536w, https:\/\/www.djecje-kazaliste.hr\/wp-content\/uploads\/2025\/06\/DramciS-27-200x133.jpg 200w\" sizes=\"auto, (max-width: 1920px) 100vw, 1920px\" \/><\/a><\/div><div class=\"vcex-post-type-entry-details entry-details wpex-bordered wpex-first-mt-0 wpex-last-mb-0 wpex-clr\"><h2 class=\"vcex-post-type-entry-title entry-title wpex-mb-5\" ><a href=\"https:\/\/www.djecje-kazaliste.hr\/en\/galerija\/dramski-starija-grupa-2025-en\/\">Dramski starija grupa 2025<\/a><\/h2 ><\/div><\/div><\/div><div class=\"vcex-post-type-entry vcex-grid-item wpex-clr col span_1_of_3 col-2 post-12693 entry type-galerija has-media kategorije_galerija-56\"><div class=\"vcex-post-type-entry-inner entry-inner wpex-first-mt-0 wpex-last-mb-0 wpex-clr\"><div class=\"vcex-post-type-entry-media entry-media\"><a href=\"https:\/\/www.djecje-kazaliste.hr\/en\/galerija\/dramski-starija-grupa-2024-en\/\" title=\"Dramski starija grupa 2024\"><img decoding=\"async\" width=\"1620\" height=\"1080\" src=\"https:\/\/www.djecje-kazaliste.hr\/wp-content\/uploads\/2024\/06\/Stariji-dramski-140.jpg\" class=\"vcex-blog-entry-img wpex-align-middle\" alt=\"\" loading=\"lazy\" srcset=\"https:\/\/www.djecje-kazaliste.hr\/wp-content\/uploads\/2024\/06\/Stariji-dramski-140.jpg 1620w, https:\/\/www.djecje-kazaliste.hr\/wp-content\/uploads\/2024\/06\/Stariji-dramski-140-300x200.jpg 300w, https:\/\/www.djecje-kazaliste.hr\/wp-content\/uploads\/2024\/06\/Stariji-dramski-140-1024x683.jpg 1024w, https:\/\/www.djecje-kazaliste.hr\/wp-content\/uploads\/2024\/06\/Stariji-dramski-140-768x512.jpg 768w, https:\/\/www.djecje-kazaliste.hr\/wp-content\/uploads\/2024\/06\/Stariji-dramski-140-1536x1024.jpg 1536w, https:\/\/www.djecje-kazaliste.hr\/wp-content\/uploads\/2024\/06\/Stariji-dramski-140-200x133.jpg 200w\" sizes=\"auto, (max-width: 1620px) 100vw, 1620px\" \/><\/a><\/div><div class=\"vcex-post-type-entry-details entry-details wpex-bordered wpex-first-mt-0 wpex-last-mb-0 wpex-clr\"><h2 class=\"vcex-post-type-entry-title entry-title wpex-mb-5\" ><a href=\"https:\/\/www.djecje-kazaliste.hr\/en\/galerija\/dramski-starija-grupa-2024-en\/\">Dramski starija grupa 2024<\/a><\/h2 ><\/div><\/div><\/div><div class=\"vcex-post-type-entry vcex-grid-item wpex-clr col span_1_of_3 col-3 post-12691 entry type-galerija has-media kategorije_galerija-56\"><div class=\"vcex-post-type-entry-inner entry-inner wpex-first-mt-0 wpex-last-mb-0 wpex-clr\"><div class=\"vcex-post-type-entry-media entry-media\"><a href=\"https:\/\/www.djecje-kazaliste.hr\/en\/galerija\/dramski-mladi-godisnja-produkcija-2024-en\/\" title=\"Mla\u0111a grupa 2024\"><img decoding=\"async\" width=\"1620\" height=\"1080\" src=\"https:\/\/www.djecje-kazaliste.hr\/wp-content\/uploads\/2024\/06\/Dramci2-55.jpg\" class=\"vcex-blog-entry-img wpex-align-middle\" alt=\"\" loading=\"lazy\" srcset=\"https:\/\/www.djecje-kazaliste.hr\/wp-content\/uploads\/2024\/06\/Dramci2-55.jpg 1620w, https:\/\/www.djecje-kazaliste.hr\/wp-content\/uploads\/2024\/06\/Dramci2-55-300x200.jpg 300w, https:\/\/www.djecje-kazaliste.hr\/wp-content\/uploads\/2024\/06\/Dramci2-55-1024x683.jpg 1024w, https:\/\/www.djecje-kazaliste.hr\/wp-content\/uploads\/2024\/06\/Dramci2-55-768x512.jpg 768w, https:\/\/www.djecje-kazaliste.hr\/wp-content\/uploads\/2024\/06\/Dramci2-55-1536x1024.jpg 1536w, https:\/\/www.djecje-kazaliste.hr\/wp-content\/uploads\/2024\/06\/Dramci2-55-200x133.jpg 200w\" sizes=\"auto, (max-width: 1620px) 100vw, 1620px\" \/><\/a><\/div><div class=\"vcex-post-type-entry-details entry-details wpex-bordered wpex-first-mt-0 wpex-last-mb-0 wpex-clr\"><h2 class=\"vcex-post-type-entry-title entry-title wpex-mb-5\" ><a href=\"https:\/\/www.djecje-kazaliste.hr\/en\/galerija\/dramski-mladi-godisnja-produkcija-2024-en\/\">Mla\u0111a grupa 2024<\/a><\/h2 ><\/div><\/div><\/div><div class=\"vcex-post-type-entry vcex-grid-item wpex-clr col span_1_of_3 col-1 post-11159 entry type-galerija has-media kategorije_galerija-56\"><div class=\"vcex-post-type-entry-inner entry-inner wpex-first-mt-0 wpex-last-mb-0 wpex-clr\"><div class=\"vcex-post-type-entry-media entry-media\"><a href=\"https:\/\/www.djecje-kazaliste.hr\/en\/galerija\/dramski-starija-grupa-2023\/\" title=\"Dramski starija grupa 2023\"><img decoding=\"async\" width=\"1620\" height=\"1080\" src=\"https:\/\/www.djecje-kazaliste.hr\/wp-content\/uploads\/2023\/07\/foto00084.jpg\" class=\"vcex-blog-entry-img wpex-align-middle\" alt=\"\" loading=\"lazy\" srcset=\"https:\/\/www.djecje-kazaliste.hr\/wp-content\/uploads\/2023\/07\/foto00084.jpg 1620w, https:\/\/www.djecje-kazaliste.hr\/wp-content\/uploads\/2023\/07\/foto00084-300x200.jpg 300w, https:\/\/www.djecje-kazaliste.hr\/wp-content\/uploads\/2023\/07\/foto00084-1024x683.jpg 1024w, https:\/\/www.djecje-kazaliste.hr\/wp-content\/uploads\/2023\/07\/foto00084-768x512.jpg 768w, https:\/\/www.djecje-kazaliste.hr\/wp-content\/uploads\/2023\/07\/foto00084-1536x1024.jpg 1536w, https:\/\/www.djecje-kazaliste.hr\/wp-content\/uploads\/2023\/07\/foto00084-200x133.jpg 200w\" sizes=\"auto, (max-width: 1620px) 100vw, 1620px\" \/><\/a><\/div><div class=\"vcex-post-type-entry-details entry-details wpex-bordered wpex-first-mt-0 wpex-last-mb-0 wpex-clr\"><h2 class=\"vcex-post-type-entry-title entry-title wpex-mb-5\" ><a href=\"https:\/\/www.djecje-kazaliste.hr\/en\/galerija\/dramski-starija-grupa-2023\/\">Dramski starija grupa 2023<\/a><\/h2 ><\/div><\/div><\/div><div class=\"vcex-post-type-entry vcex-grid-item wpex-clr col span_1_of_3 col-2 post-11157 entry type-galerija has-media kategorije_galerija-56\"><div class=\"vcex-post-type-entry-inner entry-inner wpex-first-mt-0 wpex-last-mb-0 wpex-clr\"><div class=\"vcex-post-type-entry-media entry-media\"><a href=\"https:\/\/www.djecje-kazaliste.hr\/en\/galerija\/dramski-mladi-godisnja-produkcija-2023\/\" title=\"Mla\u0111a grupa 2023\"><img decoding=\"async\" width=\"1620\" height=\"1080\" src=\"https:\/\/www.djecje-kazaliste.hr\/wp-content\/uploads\/2023\/07\/foto00006.jpg\" class=\"vcex-blog-entry-img wpex-align-middle\" alt=\"\" loading=\"lazy\" srcset=\"https:\/\/www.djecje-kazaliste.hr\/wp-content\/uploads\/2023\/07\/foto00006.jpg 1620w, https:\/\/www.djecje-kazaliste.hr\/wp-content\/uploads\/2023\/07\/foto00006-300x200.jpg 300w, https:\/\/www.djecje-kazaliste.hr\/wp-content\/uploads\/2023\/07\/foto00006-1024x683.jpg 1024w, https:\/\/www.djecje-kazaliste.hr\/wp-content\/uploads\/2023\/07\/foto00006-768x512.jpg 768w, https:\/\/www.djecje-kazaliste.hr\/wp-content\/uploads\/2023\/07\/foto00006-1536x1024.jpg 1536w, https:\/\/www.djecje-kazaliste.hr\/wp-content\/uploads\/2023\/07\/foto00006-200x133.jpg 200w\" sizes=\"auto, (max-width: 1620px) 100vw, 1620px\" \/><\/a><\/div><div class=\"vcex-post-type-entry-details entry-details wpex-bordered wpex-first-mt-0 wpex-last-mb-0 wpex-clr\"><h2 class=\"vcex-post-type-entry-title entry-title wpex-mb-5\" ><a href=\"https:\/\/www.djecje-kazaliste.hr\/en\/galerija\/dramski-mladi-godisnja-produkcija-2023\/\">Mla\u0111a grupa 2023<\/a><\/h2 ><\/div><\/div><\/div><div class=\"vcex-post-type-entry vcex-grid-item wpex-clr col span_1_of_3 col-3 post-8006 entry type-galerija has-media kategorije_galerija-56\"><div class=\"vcex-post-type-entry-inner entry-inner wpex-first-mt-0 wpex-last-mb-0 wpex-clr\"><div class=\"vcex-post-type-entry-media entry-media\"><a href=\"https:\/\/www.djecje-kazaliste.hr\/en\/galerija\/dramski-mladi-godisnja-produkcija-2022\/\" title=\"Mla\u0111a grupa 2022\"><img decoding=\"async\" width=\"1620\" height=\"1080\" src=\"https:\/\/www.djecje-kazaliste.hr\/wp-content\/uploads\/2022\/07\/2Dramci61_dup_120622.jpg\" class=\"vcex-blog-entry-img wpex-align-middle\" alt=\"\" loading=\"lazy\" srcset=\"https:\/\/www.djecje-kazaliste.hr\/wp-content\/uploads\/2022\/07\/2Dramci61_dup_120622.jpg 1620w, https:\/\/www.djecje-kazaliste.hr\/wp-content\/uploads\/2022\/07\/2Dramci61_dup_120622-300x200.jpg 300w, https:\/\/www.djecje-kazaliste.hr\/wp-content\/uploads\/2022\/07\/2Dramci61_dup_120622-1024x683.jpg 1024w, https:\/\/www.djecje-kazaliste.hr\/wp-content\/uploads\/2022\/07\/2Dramci61_dup_120622-768x512.jpg 768w, https:\/\/www.djecje-kazaliste.hr\/wp-content\/uploads\/2022\/07\/2Dramci61_dup_120622-1536x1024.jpg 1536w, https:\/\/www.djecje-kazaliste.hr\/wp-content\/uploads\/2022\/07\/2Dramci61_dup_120622-200x133.jpg 200w\" sizes=\"auto, (max-width: 1620px) 100vw, 1620px\" \/><\/a><\/div><div class=\"vcex-post-type-entry-details entry-details wpex-bordered wpex-first-mt-0 wpex-last-mb-0 wpex-clr\"><h2 class=\"vcex-post-type-entry-title entry-title wpex-mb-5\" ><a href=\"https:\/\/www.djecje-kazaliste.hr\/en\/galerija\/dramski-mladi-godisnja-produkcija-2022\/\">Mla\u0111a grupa 2022<\/a><\/h2 ><\/div><\/div><\/div><div class=\"vcex-post-type-entry vcex-grid-item wpex-clr col span_1_of_3 col-1 post-8003 entry type-galerija has-media kategorije_galerija-56\"><div class=\"vcex-post-type-entry-inner entry-inner wpex-first-mt-0 wpex-last-mb-0 wpex-clr\"><div class=\"vcex-post-type-entry-media entry-media\"><a href=\"https:\/\/www.djecje-kazaliste.hr\/en\/galerija\/dramski-starija-grupa-2022\/\" title=\"Dramski starija grupa 2022\"><img decoding=\"async\" width=\"1620\" height=\"1080\" src=\"https:\/\/www.djecje-kazaliste.hr\/wp-content\/uploads\/2022\/07\/Dramci53_dup_110622.jpg\" class=\"vcex-blog-entry-img wpex-align-middle\" alt=\"\" loading=\"lazy\" srcset=\"https:\/\/www.djecje-kazaliste.hr\/wp-content\/uploads\/2022\/07\/Dramci53_dup_110622.jpg 1620w, https:\/\/www.djecje-kazaliste.hr\/wp-content\/uploads\/2022\/07\/Dramci53_dup_110622-300x200.jpg 300w, https:\/\/www.djecje-kazaliste.hr\/wp-content\/uploads\/2022\/07\/Dramci53_dup_110622-1024x683.jpg 1024w, https:\/\/www.djecje-kazaliste.hr\/wp-content\/uploads\/2022\/07\/Dramci53_dup_110622-768x512.jpg 768w, https:\/\/www.djecje-kazaliste.hr\/wp-content\/uploads\/2022\/07\/Dramci53_dup_110622-1536x1024.jpg 1536w, https:\/\/www.djecje-kazaliste.hr\/wp-content\/uploads\/2022\/07\/Dramci53_dup_110622-200x133.jpg 200w\" sizes=\"auto, (max-width: 1620px) 100vw, 1620px\" \/><\/a><\/div><div class=\"vcex-post-type-entry-details entry-details wpex-bordered wpex-first-mt-0 wpex-last-mb-0 wpex-clr\"><h2 class=\"vcex-post-type-entry-title entry-title wpex-mb-5\" ><a href=\"https:\/\/www.djecje-kazaliste.hr\/en\/galerija\/dramski-starija-grupa-2022\/\">Dramski starija grupa 2022<\/a><\/h2 ><\/div><\/div><\/div><div class=\"vcex-post-type-entry vcex-grid-item wpex-clr col span_1_of_3 col-2 post-2248 entry type-galerija has-media kategorije_galerija-56\"><div class=\"vcex-post-type-entry-inner entry-inner wpex-first-mt-0 wpex-last-mb-0 wpex-clr\"><div class=\"vcex-post-type-entry-media entry-media\"><a href=\"https:\/\/www.djecje-kazaliste.hr\/en\/galerija\/dramski-starija-grupa-2019\/\" title=\"Dramski starija grupa 2019\"><img decoding=\"async\" width=\"640\" height=\"427\" src=\"https:\/\/www.djecje-kazaliste.hr\/wp-content\/uploads\/2019\/07\/Dramci248_dup_1.jpg\" class=\"vcex-blog-entry-img wpex-align-middle\" alt=\"\" loading=\"lazy\" srcset=\"https:\/\/www.djecje-kazaliste.hr\/wp-content\/uploads\/2019\/07\/Dramci248_dup_1.jpg 640w, https:\/\/www.djecje-kazaliste.hr\/wp-content\/uploads\/2019\/07\/Dramci248_dup_1-300x200.jpg 300w, https:\/\/www.djecje-kazaliste.hr\/wp-content\/uploads\/2019\/07\/Dramci248_dup_1-200x133.jpg 200w\" sizes=\"auto, (max-width: 640px) 100vw, 640px\" \/><\/a><\/div><div class=\"vcex-post-type-entry-details entry-details wpex-bordered wpex-first-mt-0 wpex-last-mb-0 wpex-clr\"><h2 class=\"vcex-post-type-entry-title entry-title wpex-mb-5\" ><a href=\"https:\/\/www.djecje-kazaliste.hr\/en\/galerija\/dramski-starija-grupa-2019\/\">Dramski starija grupa 2019<\/a><\/h2 ><\/div><\/div><\/div><div class=\"vcex-post-type-entry vcex-grid-item wpex-clr col span_1_of_3 col-3 post-2245 entry type-galerija has-media kategorije_galerija-56\"><div class=\"vcex-post-type-entry-inner entry-inner wpex-first-mt-0 wpex-last-mb-0 wpex-clr\"><div class=\"vcex-post-type-entry-media entry-media\"><a href=\"https:\/\/www.djecje-kazaliste.hr\/en\/galerija\/dramski-mladi-godisnja-produkcija-2019\/\" title=\"Mla\u0111a grupa 2019\"><img decoding=\"async\" width=\"640\" height=\"427\" src=\"https:\/\/www.djecje-kazaliste.hr\/wp-content\/uploads\/2019\/07\/dramci1_1.jpg\" class=\"vcex-blog-entry-img wpex-align-middle\" alt=\"\" loading=\"lazy\" srcset=\"https:\/\/www.djecje-kazaliste.hr\/wp-content\/uploads\/2019\/07\/dramci1_1.jpg 640w, https:\/\/www.djecje-kazaliste.hr\/wp-content\/uploads\/2019\/07\/dramci1_1-300x200.jpg 300w, https:\/\/www.djecje-kazaliste.hr\/wp-content\/uploads\/2019\/07\/dramci1_1-200x133.jpg 200w\" sizes=\"auto, (max-width: 640px) 100vw, 640px\" \/><\/a><\/div><div class=\"vcex-post-type-entry-details entry-details wpex-bordered wpex-first-mt-0 wpex-last-mb-0 wpex-clr\"><h2 class=\"vcex-post-type-entry-title entry-title wpex-mb-5\" ><a href=\"https:\/\/www.djecje-kazaliste.hr\/en\/galerija\/dramski-mladi-godisnja-produkcija-2019\/\">Mla\u0111a grupa 2019<\/a><\/h2 ><\/div><\/div><\/div><div class=\"vcex-post-type-entry vcex-grid-item wpex-clr col span_1_of_3 col-1 post-1666 entry type-galerija has-media kategorije_galerija-56\"><div class=\"vcex-post-type-entry-inner entry-inner wpex-first-mt-0 wpex-last-mb-0 wpex-clr\"><div class=\"vcex-post-type-entry-media entry-media\"><a href=\"https:\/\/www.djecje-kazaliste.hr\/en\/galerija\/dramski-studio-mlada-grupa-2017\/\" title=\"Mla\u0111a grupa 2017\"><img decoding=\"async\" width=\"640\" height=\"427\" src=\"https:\/\/www.djecje-kazaliste.hr\/wp-content\/uploads\/2019\/05\/kaz-358-head.jpg\" class=\"vcex-blog-entry-img wpex-align-middle\" alt=\"\" loading=\"lazy\" srcset=\"https:\/\/www.djecje-kazaliste.hr\/wp-content\/uploads\/2019\/05\/kaz-358-head.jpg 640w, https:\/\/www.djecje-kazaliste.hr\/wp-content\/uploads\/2019\/05\/kaz-358-head-300x200.jpg 300w, https:\/\/www.djecje-kazaliste.hr\/wp-content\/uploads\/2019\/05\/kaz-358-head-200x133.jpg 200w\" sizes=\"auto, (max-width: 640px) 100vw, 640px\" \/><\/a><\/div><div class=\"vcex-post-type-entry-details entry-details wpex-bordered wpex-first-mt-0 wpex-last-mb-0 wpex-clr\"><h2 class=\"vcex-post-type-entry-title entry-title wpex-mb-5\" ><a href=\"https:\/\/www.djecje-kazaliste.hr\/en\/galerija\/dramski-studio-mlada-grupa-2017\/\">Mla\u0111a grupa 2017<\/a><\/h2 ><\/div><\/div><\/div><\/div><\/div><\/div><\/section><section id=\"section-1551721236390-6-9\" class=\"tab\" data-animation=\"\" style=\"background:; color:;\"><div class=\"infi-content-wrapper\"><div class=\"vcex-module vcex-post-type-grid-wrap wpex-clr\"><div class=\"wpex-row vcex-post-type-grid entries wpex-clr\"><div class=\"vcex-post-type-entry vcex-grid-item wpex-clr col span_1_of_3 col-1 post-15415 entry type-galerija has-media kategorije_galerija-57\"><div class=\"vcex-post-type-entry-inner entry-inner wpex-first-mt-0 wpex-last-mb-0 wpex-clr\"><div class=\"vcex-post-type-entry-media entry-media\"><a href=\"https:\/\/www.djecje-kazaliste.hr\/en\/galerija\/srednjoskolci-godisnja-produkcija-2026-en\/\" title=\"Srednjo\u0161kolci godi\u0161nja produkcija 2026\"><img decoding=\"async\" width=\"1620\" height=\"1080\" src=\"https:\/\/www.djecje-kazaliste.hr\/wp-content\/uploads\/2026\/06\/Dramski-studio-za-srednjoskolce-17.-6.2026-104.webp\" class=\"vcex-blog-entry-img wpex-align-middle\" alt=\"\" loading=\"lazy\" srcset=\"https:\/\/www.djecje-kazaliste.hr\/wp-content\/uploads\/2026\/06\/Dramski-studio-za-srednjoskolce-17.-6.2026-104.webp 1620w, https:\/\/www.djecje-kazaliste.hr\/wp-content\/uploads\/2026\/06\/Dramski-studio-za-srednjoskolce-17.-6.2026-104-300x200.webp 300w, https:\/\/www.djecje-kazaliste.hr\/wp-content\/uploads\/2026\/06\/Dramski-studio-za-srednjoskolce-17.-6.2026-104-1024x683.webp 1024w, https:\/\/www.djecje-kazaliste.hr\/wp-content\/uploads\/2026\/06\/Dramski-studio-za-srednjoskolce-17.-6.2026-104-768x512.webp 768w, https:\/\/www.djecje-kazaliste.hr\/wp-content\/uploads\/2026\/06\/Dramski-studio-za-srednjoskolce-17.-6.2026-104-1536x1024.webp 1536w, https:\/\/www.djecje-kazaliste.hr\/wp-content\/uploads\/2026\/06\/Dramski-studio-za-srednjoskolce-17.-6.2026-104-200x133.webp 200w\" sizes=\"auto, (max-width: 1620px) 100vw, 1620px\" \/><\/a><\/div><div class=\"vcex-post-type-entry-details entry-details wpex-bordered wpex-first-mt-0 wpex-last-mb-0 wpex-clr\"><h2 class=\"vcex-post-type-entry-title entry-title wpex-mb-5\" ><a href=\"https:\/\/www.djecje-kazaliste.hr\/en\/galerija\/srednjoskolci-godisnja-produkcija-2026-en\/\">Srednjo\u0161kolci godi\u0161nja produkcija 2026<\/a><\/h2 ><\/div><\/div><\/div><div class=\"vcex-post-type-entry vcex-grid-item wpex-clr col span_1_of_3 col-2 post-14158 entry type-galerija has-media kategorije_galerija-57\"><div class=\"vcex-post-type-entry-inner entry-inner wpex-first-mt-0 wpex-last-mb-0 wpex-clr\"><div class=\"vcex-post-type-entry-media entry-media\"><a href=\"https:\/\/www.djecje-kazaliste.hr\/en\/galerija\/srednjoskolci-godisnja-produkcija-2025-en\/\" title=\"Srednjo\u0161kolci godi\u0161nja produkcija 2025\"><img decoding=\"async\" width=\"1280\" height=\"853\" src=\"https:\/\/www.djecje-kazaliste.hr\/wp-content\/uploads\/2025\/06\/Dramci-7.jpg\" class=\"vcex-blog-entry-img wpex-align-middle\" alt=\"\" loading=\"lazy\" srcset=\"https:\/\/www.djecje-kazaliste.hr\/wp-content\/uploads\/2025\/06\/Dramci-7.jpg 1280w, https:\/\/www.djecje-kazaliste.hr\/wp-content\/uploads\/2025\/06\/Dramci-7-300x200.jpg 300w, https:\/\/www.djecje-kazaliste.hr\/wp-content\/uploads\/2025\/06\/Dramci-7-1024x682.jpg 1024w, https:\/\/www.djecje-kazaliste.hr\/wp-content\/uploads\/2025\/06\/Dramci-7-768x512.jpg 768w, https:\/\/www.djecje-kazaliste.hr\/wp-content\/uploads\/2025\/06\/Dramci-7-200x133.jpg 200w\" sizes=\"auto, (max-width: 1280px) 100vw, 1280px\" \/><\/a><\/div><div class=\"vcex-post-type-entry-details entry-details wpex-bordered wpex-first-mt-0 wpex-last-mb-0 wpex-clr\"><h2 class=\"vcex-post-type-entry-title entry-title wpex-mb-5\" ><a href=\"https:\/\/www.djecje-kazaliste.hr\/en\/galerija\/srednjoskolci-godisnja-produkcija-2025-en\/\">Srednjo\u0161kolci godi\u0161nja produkcija 2025<\/a><\/h2 ><\/div><\/div><\/div><div class=\"vcex-post-type-entry vcex-grid-item wpex-clr col span_1_of_3 col-3 post-13705 entry type-galerija has-media kategorije_galerija-57\"><div class=\"vcex-post-type-entry-inner entry-inner wpex-first-mt-0 wpex-last-mb-0 wpex-clr\"><div class=\"vcex-post-type-entry-media entry-media\"><a href=\"https:\/\/www.djecje-kazaliste.hr\/en\/galerija\/srednjoskolci-godisnja-produkcija-2024-en\/\" title=\"Srednjo\u0161kolci godi\u0161nja produkcija 2024\"><img decoding=\"async\" width=\"960\" height=\"640\" src=\"https:\/\/www.djecje-kazaliste.hr\/wp-content\/uploads\/2024\/11\/s2024god-010.jpg\" class=\"vcex-blog-entry-img wpex-align-middle\" alt=\"\" loading=\"lazy\" srcset=\"https:\/\/www.djecje-kazaliste.hr\/wp-content\/uploads\/2024\/11\/s2024god-010.jpg 960w, https:\/\/www.djecje-kazaliste.hr\/wp-content\/uploads\/2024\/11\/s2024god-010-300x200.jpg 300w, https:\/\/www.djecje-kazaliste.hr\/wp-content\/uploads\/2024\/11\/s2024god-010-768x512.jpg 768w, https:\/\/www.djecje-kazaliste.hr\/wp-content\/uploads\/2024\/11\/s2024god-010-200x133.jpg 200w\" sizes=\"auto, (max-width: 960px) 100vw, 960px\" \/><\/a><\/div><div class=\"vcex-post-type-entry-details entry-details wpex-bordered wpex-first-mt-0 wpex-last-mb-0 wpex-clr\"><h2 class=\"vcex-post-type-entry-title entry-title wpex-mb-5\" ><a href=\"https:\/\/www.djecje-kazaliste.hr\/en\/galerija\/srednjoskolci-godisnja-produkcija-2024-en\/\">Srednjo\u0161kolci godi\u0161nja produkcija 2024<\/a><\/h2 ><\/div><\/div><\/div><div class=\"vcex-post-type-entry vcex-grid-item wpex-clr col span_1_of_3 col-1 post-12517 entry type-galerija has-media kategorije_galerija-57\"><div class=\"vcex-post-type-entry-inner entry-inner wpex-first-mt-0 wpex-last-mb-0 wpex-clr\"><div class=\"vcex-post-type-entry-media entry-media\"><a href=\"https:\/\/www.djecje-kazaliste.hr\/en\/galerija\/srednjoskolci-godisnja-produkcija-2023\/\" title=\"Srednjo\u0161kolci godi\u0161nja produkcija 2022\"><img decoding=\"async\" width=\"1920\" height=\"1280\" src=\"https:\/\/www.djecje-kazaliste.hr\/wp-content\/uploads\/2024\/04\/Tanja04_dup_150623-1-min.jpg\" class=\"vcex-blog-entry-img wpex-align-middle\" alt=\"\" loading=\"lazy\" srcset=\"https:\/\/www.djecje-kazaliste.hr\/wp-content\/uploads\/2024\/04\/Tanja04_dup_150623-1-min.jpg 1920w, https:\/\/www.djecje-kazaliste.hr\/wp-content\/uploads\/2024\/04\/Tanja04_dup_150623-1-min-300x200.jpg 300w, https:\/\/www.djecje-kazaliste.hr\/wp-content\/uploads\/2024\/04\/Tanja04_dup_150623-1-min-1024x683.jpg 1024w, https:\/\/www.djecje-kazaliste.hr\/wp-content\/uploads\/2024\/04\/Tanja04_dup_150623-1-min-768x512.jpg 768w, https:\/\/www.djecje-kazaliste.hr\/wp-content\/uploads\/2024\/04\/Tanja04_dup_150623-1-min-1536x1024.jpg 1536w, https:\/\/www.djecje-kazaliste.hr\/wp-content\/uploads\/2024\/04\/Tanja04_dup_150623-1-min-200x133.jpg 200w\" sizes=\"auto, (max-width: 1920px) 100vw, 1920px\" \/><\/a><\/div><div class=\"vcex-post-type-entry-details entry-details wpex-bordered wpex-first-mt-0 wpex-last-mb-0 wpex-clr\"><h2 class=\"vcex-post-type-entry-title entry-title wpex-mb-5\" ><a href=\"https:\/\/www.djecje-kazaliste.hr\/en\/galerija\/srednjoskolci-godisnja-produkcija-2023\/\">Srednjo\u0161kolci godi\u0161nja produkcija 2022<\/a><\/h2 ><\/div><\/div><\/div><div class=\"vcex-post-type-entry vcex-grid-item wpex-clr col span_1_of_3 col-2 post-8009 entry type-galerija has-media kategorije_galerija-57\"><div class=\"vcex-post-type-entry-inner entry-inner wpex-first-mt-0 wpex-last-mb-0 wpex-clr\"><div class=\"vcex-post-type-entry-media entry-media\"><a href=\"https:\/\/www.djecje-kazaliste.hr\/en\/galerija\/srednjoskolci-godisnja-produkcija-2022\/\" title=\"Srednjo\u0161kolci godi\u0161nja produkcija 2022\"><img decoding=\"async\" width=\"1620\" height=\"1080\" src=\"https:\/\/www.djecje-kazaliste.hr\/wp-content\/uploads\/2022\/07\/Srednjoskolci31_dup_150622.jpg\" class=\"vcex-blog-entry-img wpex-align-middle\" alt=\"\" loading=\"lazy\" srcset=\"https:\/\/www.djecje-kazaliste.hr\/wp-content\/uploads\/2022\/07\/Srednjoskolci31_dup_150622.jpg 1620w, https:\/\/www.djecje-kazaliste.hr\/wp-content\/uploads\/2022\/07\/Srednjoskolci31_dup_150622-300x200.jpg 300w, https:\/\/www.djecje-kazaliste.hr\/wp-content\/uploads\/2022\/07\/Srednjoskolci31_dup_150622-1024x683.jpg 1024w, https:\/\/www.djecje-kazaliste.hr\/wp-content\/uploads\/2022\/07\/Srednjoskolci31_dup_150622-768x512.jpg 768w, https:\/\/www.djecje-kazaliste.hr\/wp-content\/uploads\/2022\/07\/Srednjoskolci31_dup_150622-1536x1024.jpg 1536w, https:\/\/www.djecje-kazaliste.hr\/wp-content\/uploads\/2022\/07\/Srednjoskolci31_dup_150622-200x133.jpg 200w\" sizes=\"auto, (max-width: 1620px) 100vw, 1620px\" \/><\/a><\/div><div class=\"vcex-post-type-entry-details entry-details wpex-bordered wpex-first-mt-0 wpex-last-mb-0 wpex-clr\"><h2 class=\"vcex-post-type-entry-title entry-title wpex-mb-5\" ><a href=\"https:\/\/www.djecje-kazaliste.hr\/en\/galerija\/srednjoskolci-godisnja-produkcija-2022\/\">Srednjo\u0161kolci godi\u0161nja produkcija 2022<\/a><\/h2 ><\/div><\/div><\/div><div class=\"vcex-post-type-entry vcex-grid-item wpex-clr col span_1_of_3 col-3 post-2242 entry type-galerija has-media kategorije_galerija-57\"><div class=\"vcex-post-type-entry-inner entry-inner wpex-first-mt-0 wpex-last-mb-0 wpex-clr\"><div class=\"vcex-post-type-entry-media entry-media\"><a href=\"https:\/\/www.djecje-kazaliste.hr\/en\/galerija\/srednjoskolci-godisnja-produkcija-2019\/\" title=\"Godi\u0161nja produkcija 2019\"><img decoding=\"async\" width=\"640\" height=\"427\" src=\"https:\/\/www.djecje-kazaliste.hr\/wp-content\/uploads\/2019\/07\/dramci-0091_1.jpg\" class=\"vcex-blog-entry-img wpex-align-middle\" alt=\"\" loading=\"lazy\" srcset=\"https:\/\/www.djecje-kazaliste.hr\/wp-content\/uploads\/2019\/07\/dramci-0091_1.jpg 640w, https:\/\/www.djecje-kazaliste.hr\/wp-content\/uploads\/2019\/07\/dramci-0091_1-300x200.jpg 300w, https:\/\/www.djecje-kazaliste.hr\/wp-content\/uploads\/2019\/07\/dramci-0091_1-200x133.jpg 200w\" sizes=\"auto, (max-width: 640px) 100vw, 640px\" \/><\/a><\/div><div class=\"vcex-post-type-entry-details entry-details wpex-bordered wpex-first-mt-0 wpex-last-mb-0 wpex-clr\"><h2 class=\"vcex-post-type-entry-title entry-title wpex-mb-5\" ><a href=\"https:\/\/www.djecje-kazaliste.hr\/en\/galerija\/srednjoskolci-godisnja-produkcija-2019\/\">Godi\u0161nja produkcija 2019<\/a><\/h2 ><\/div><\/div><\/div><div class=\"vcex-post-type-entry vcex-grid-item wpex-clr col span_1_of_3 col-1 post-1672 entry type-galerija has-media kategorije_galerija-57\"><div class=\"vcex-post-type-entry-inner entry-inner wpex-first-mt-0 wpex-last-mb-0 wpex-clr\"><div class=\"vcex-post-type-entry-media entry-media\"><a href=\"https:\/\/www.djecje-kazaliste.hr\/en\/galerija\/ljub-av-av-2017\/\" title=\"Ljub-av-av 2017\"><img decoding=\"async\" width=\"640\" height=\"427\" src=\"https:\/\/www.djecje-kazaliste.hr\/wp-content\/uploads\/2019\/05\/kaz-180.jpg\" class=\"vcex-blog-entry-img wpex-align-middle\" alt=\"\" loading=\"lazy\" srcset=\"https:\/\/www.djecje-kazaliste.hr\/wp-content\/uploads\/2019\/05\/kaz-180.jpg 640w, https:\/\/www.djecje-kazaliste.hr\/wp-content\/uploads\/2019\/05\/kaz-180-300x200.jpg 300w, https:\/\/www.djecje-kazaliste.hr\/wp-content\/uploads\/2019\/05\/kaz-180-200x133.jpg 200w\" sizes=\"auto, (max-width: 640px) 100vw, 640px\" \/><\/a><\/div><div class=\"vcex-post-type-entry-details entry-details wpex-bordered wpex-first-mt-0 wpex-last-mb-0 wpex-clr\"><h2 class=\"vcex-post-type-entry-title entry-title wpex-mb-5\" ><a href=\"https:\/\/www.djecje-kazaliste.hr\/en\/galerija\/ljub-av-av-2017\/\">Ljub-av-av 2017<\/a><\/h2 ><\/div><\/div><\/div><\/div><\/div><\/div><\/section><section id=\"section-1551721257094-7-5\" class=\"tab\" data-animation=\"\" style=\"background:; color:;\"><div class=\"infi-content-wrapper\"><div class=\"vcex-module vcex-post-type-grid-wrap wpex-clr\"><div class=\"wpex-row vcex-post-type-grid entries wpex-clr\"><div class=\"vcex-post-type-entry vcex-grid-item wpex-clr col span_1_of_3 col-1 post-12214 entry type-galerija has-media kategorije_galerija-58\"><div class=\"vcex-post-type-entry-inner entry-inner wpex-first-mt-0 wpex-last-mb-0 wpex-clr\"><div class=\"vcex-post-type-entry-media entry-media\"><a href=\"https:\/\/www.djecje-kazaliste.hr\/en\/galerija\/noc-kazalista-2023\/\" title=\"No\u0107 kazali\u0161ta 2023\"><img decoding=\"async\" width=\"2048\" height=\"1366\" src=\"https:\/\/www.djecje-kazaliste.hr\/wp-content\/uploads\/2023\/11\/DSC05597.jpg\" class=\"vcex-blog-entry-img wpex-align-middle\" alt=\"\" loading=\"lazy\" srcset=\"https:\/\/www.djecje-kazaliste.hr\/wp-content\/uploads\/2023\/11\/DSC05597.jpg 2048w, https:\/\/www.djecje-kazaliste.hr\/wp-content\/uploads\/2023\/11\/DSC05597-300x200.jpg 300w, https:\/\/www.djecje-kazaliste.hr\/wp-content\/uploads\/2023\/11\/DSC05597-1024x683.jpg 1024w, https:\/\/www.djecje-kazaliste.hr\/wp-content\/uploads\/2023\/11\/DSC05597-768x512.jpg 768w, https:\/\/www.djecje-kazaliste.hr\/wp-content\/uploads\/2023\/11\/DSC05597-1536x1025.jpg 1536w, https:\/\/www.djecje-kazaliste.hr\/wp-content\/uploads\/2023\/11\/DSC05597-200x133.jpg 200w\" sizes=\"auto, (max-width: 2048px) 100vw, 2048px\" \/><\/a><\/div><div class=\"vcex-post-type-entry-details entry-details wpex-bordered wpex-first-mt-0 wpex-last-mb-0 wpex-clr\"><h2 class=\"vcex-post-type-entry-title entry-title wpex-mb-5\" ><a href=\"https:\/\/www.djecje-kazaliste.hr\/en\/galerija\/noc-kazalista-2023\/\">No\u0107 kazali\u0161ta 2023<\/a><\/h2 ><\/div><\/div><\/div><div class=\"vcex-post-type-entry vcex-grid-item wpex-clr col span_1_of_3 col-2 post-3441 entry type-galerija has-media kategorije_galerija-58\"><div class=\"vcex-post-type-entry-inner entry-inner wpex-first-mt-0 wpex-last-mb-0 wpex-clr\"><div class=\"vcex-post-type-entry-media entry-media\"><a href=\"https:\/\/www.djecje-kazaliste.hr\/en\/galerija\/noc-kazalista-2019\/\" title=\"No\u0107 kazali\u0161ta 2019\"><img decoding=\"async\" width=\"640\" height=\"427\" src=\"https:\/\/www.djecje-kazaliste.hr\/wp-content\/uploads\/2019\/11\/Nockazalista03_dup_161119_head.jpg\" class=\"vcex-blog-entry-img wpex-align-middle\" alt=\"\" loading=\"lazy\" srcset=\"https:\/\/www.djecje-kazaliste.hr\/wp-content\/uploads\/2019\/11\/Nockazalista03_dup_161119_head.jpg 640w, https:\/\/www.djecje-kazaliste.hr\/wp-content\/uploads\/2019\/11\/Nockazalista03_dup_161119_head-300x200.jpg 300w, https:\/\/www.djecje-kazaliste.hr\/wp-content\/uploads\/2019\/11\/Nockazalista03_dup_161119_head-200x133.jpg 200w\" sizes=\"auto, (max-width: 640px) 100vw, 640px\" \/><\/a><\/div><div class=\"vcex-post-type-entry-details entry-details wpex-bordered wpex-first-mt-0 wpex-last-mb-0 wpex-clr\"><h2 class=\"vcex-post-type-entry-title entry-title wpex-mb-5\" ><a href=\"https:\/\/www.djecje-kazaliste.hr\/en\/galerija\/noc-kazalista-2019\/\">No\u0107 kazali\u0161ta 2019<\/a><\/h2 ><\/div><\/div><\/div><div class=\"vcex-post-type-entry vcex-grid-item wpex-clr col span_1_of_3 col-3 post-1654 entry type-galerija has-media kategorije_galerija-58\"><div class=\"vcex-post-type-entry-inner entry-inner wpex-first-mt-0 wpex-last-mb-0 wpex-clr\"><div class=\"vcex-post-type-entry-media entry-media\"><a href=\"https:\/\/www.djecje-kazaliste.hr\/en\/galerija\/noc-kazalista-2018\/\" title=\"No\u0107 kazali\u0161ta 2018\"><img decoding=\"async\" width=\"640\" height=\"427\" src=\"https:\/\/www.djecje-kazaliste.hr\/wp-content\/uploads\/2019\/05\/Noc-kazalista_06_dup171118.jpg\" class=\"vcex-blog-entry-img wpex-align-middle\" alt=\"\" loading=\"lazy\" srcset=\"https:\/\/www.djecje-kazaliste.hr\/wp-content\/uploads\/2019\/05\/Noc-kazalista_06_dup171118.jpg 640w, https:\/\/www.djecje-kazaliste.hr\/wp-content\/uploads\/2019\/05\/Noc-kazalista_06_dup171118-200x133.jpg 200w\" sizes=\"auto, (max-width: 640px) 100vw, 640px\" \/><\/a><\/div><div class=\"vcex-post-type-entry-details entry-details wpex-bordered wpex-first-mt-0 wpex-last-mb-0 wpex-clr\"><h2 class=\"vcex-post-type-entry-title entry-title wpex-mb-5\" ><a href=\"https:\/\/www.djecje-kazaliste.hr\/en\/galerija\/noc-kazalista-2018\/\">No\u0107 kazali\u0161ta 2018<\/a><\/h2 ><\/div><\/div><\/div><div class=\"vcex-post-type-entry vcex-grid-item wpex-clr col span_1_of_3 col-1 post-1801 entry type-galerija has-media kategorije_galerija-58\"><div class=\"vcex-post-type-entry-inner entry-inner wpex-first-mt-0 wpex-last-mb-0 wpex-clr\"><div class=\"vcex-post-type-entry-media entry-media\"><a href=\"https:\/\/www.djecje-kazaliste.hr\/en\/galerija\/noc-kazalista-2017\/\" title=\"No\u0107 kazali\u0161ta 2017\"><img decoding=\"async\" width=\"640\" height=\"427\" src=\"https:\/\/www.djecje-kazaliste.hr\/wp-content\/uploads\/2019\/05\/nockazalista_15_dup251117_head.jpg\" class=\"vcex-blog-entry-img wpex-align-middle\" alt=\"\" loading=\"lazy\" srcset=\"https:\/\/www.djecje-kazaliste.hr\/wp-content\/uploads\/2019\/05\/nockazalista_15_dup251117_head.jpg 640w, https:\/\/www.djecje-kazaliste.hr\/wp-content\/uploads\/2019\/05\/nockazalista_15_dup251117_head-300x200.jpg 300w, https:\/\/www.djecje-kazaliste.hr\/wp-content\/uploads\/2019\/05\/nockazalista_15_dup251117_head-200x133.jpg 200w\" sizes=\"auto, (max-width: 640px) 100vw, 640px\" \/><\/a><\/div><div class=\"vcex-post-type-entry-details entry-details wpex-bordered wpex-first-mt-0 wpex-last-mb-0 wpex-clr\"><h2 class=\"vcex-post-type-entry-title entry-title wpex-mb-5\" ><a href=\"https:\/\/www.djecje-kazaliste.hr\/en\/galerija\/noc-kazalista-2017\/\">No\u0107 kazali\u0161ta 2017<\/a><\/h2 ><\/div><\/div><\/div><div class=\"vcex-post-type-entry vcex-grid-item wpex-clr col span_1_of_3 col-2 post-1804 entry type-galerija has-media kategorije_galerija-58\"><div class=\"vcex-post-type-entry-inner entry-inner wpex-first-mt-0 wpex-last-mb-0 wpex-clr\"><div class=\"vcex-post-type-entry-media entry-media\"><a href=\"https:\/\/www.djecje-kazaliste.hr\/en\/galerija\/noc-kazalista-2016\/\" title=\"No\u0107 kazali\u0161ta 2016\"><img decoding=\"async\" width=\"640\" height=\"427\" src=\"https:\/\/www.djecje-kazaliste.hr\/wp-content\/uploads\/2019\/05\/noc-205.jpg\" class=\"vcex-blog-entry-img wpex-align-middle\" alt=\"\" loading=\"lazy\" srcset=\"https:\/\/www.djecje-kazaliste.hr\/wp-content\/uploads\/2019\/05\/noc-205.jpg 640w, https:\/\/www.djecje-kazaliste.hr\/wp-content\/uploads\/2019\/05\/noc-205-300x200.jpg 300w, https:\/\/www.djecje-kazaliste.hr\/wp-content\/uploads\/2019\/05\/noc-205-200x133.jpg 200w\" sizes=\"auto, (max-width: 640px) 100vw, 640px\" \/><\/a><\/div><div class=\"vcex-post-type-entry-details entry-details wpex-bordered wpex-first-mt-0 wpex-last-mb-0 wpex-clr\"><h2 class=\"vcex-post-type-entry-title entry-title wpex-mb-5\" ><a href=\"https:\/\/www.djecje-kazaliste.hr\/en\/galerija\/noc-kazalista-2016\/\">No\u0107 kazali\u0161ta 2016<\/a><\/h2 ><\/div><\/div><\/div><div class=\"vcex-post-type-entry vcex-grid-item wpex-clr col span_1_of_3 col-3 post-1807 entry type-galerija has-media kategorije_galerija-58\"><div class=\"vcex-post-type-entry-inner entry-inner wpex-first-mt-0 wpex-last-mb-0 wpex-clr\"><div class=\"vcex-post-type-entry-media entry-media\"><a href=\"https:\/\/www.djecje-kazaliste.hr\/en\/galerija\/noc-kazalista-2014\/\" title=\"No\u0107 kazali\u0161ta 2014\"><img decoding=\"async\" width=\"640\" height=\"427\" src=\"https:\/\/www.djecje-kazaliste.hr\/wp-content\/uploads\/2019\/05\/dkos_noc-kazalista-2014_56.jpg\" class=\"vcex-blog-entry-img wpex-align-middle\" alt=\"\" loading=\"lazy\" srcset=\"https:\/\/www.djecje-kazaliste.hr\/wp-content\/uploads\/2019\/05\/dkos_noc-kazalista-2014_56.jpg 640w, https:\/\/www.djecje-kazaliste.hr\/wp-content\/uploads\/2019\/05\/dkos_noc-kazalista-2014_56-300x200.jpg 300w, https:\/\/www.djecje-kazaliste.hr\/wp-content\/uploads\/2019\/05\/dkos_noc-kazalista-2014_56-200x133.jpg 200w\" sizes=\"auto, (max-width: 640px) 100vw, 640px\" \/><\/a><\/div><div class=\"vcex-post-type-entry-details entry-details wpex-bordered wpex-first-mt-0 wpex-last-mb-0 wpex-clr\"><h2 class=\"vcex-post-type-entry-title entry-title wpex-mb-5\" ><a href=\"https:\/\/www.djecje-kazaliste.hr\/en\/galerija\/noc-kazalista-2014\/\">No\u0107 kazali\u0161ta 2014<\/a><\/h2 ><\/div><\/div><\/div><div class=\"vcex-post-type-entry vcex-grid-item wpex-clr col span_1_of_3 col-1 post-1810 entry type-galerija has-media kategorije_galerija-58\"><div class=\"vcex-post-type-entry-inner entry-inner wpex-first-mt-0 wpex-last-mb-0 wpex-clr\"><div class=\"vcex-post-type-entry-media entry-media\"><a href=\"https:\/\/www.djecje-kazaliste.hr\/en\/galerija\/noc-kazalista-2013\/\" title=\"No\u0107 kazali\u0161ta 2013\"><img decoding=\"async\" width=\"640\" height=\"427\" src=\"https:\/\/www.djecje-kazaliste.hr\/wp-content\/uploads\/2019\/05\/dkos_noc_kazalista_2013_300.jpg\" class=\"vcex-blog-entry-img wpex-align-middle\" alt=\"\" loading=\"lazy\" srcset=\"https:\/\/www.djecje-kazaliste.hr\/wp-content\/uploads\/2019\/05\/dkos_noc_kazalista_2013_300.jpg 640w, https:\/\/www.djecje-kazaliste.hr\/wp-content\/uploads\/2019\/05\/dkos_noc_kazalista_2013_300-300x200.jpg 300w, https:\/\/www.djecje-kazaliste.hr\/wp-content\/uploads\/2019\/05\/dkos_noc_kazalista_2013_300-200x133.jpg 200w\" sizes=\"auto, (max-width: 640px) 100vw, 640px\" \/><\/a><\/div><div class=\"vcex-post-type-entry-details entry-details wpex-bordered wpex-first-mt-0 wpex-last-mb-0 wpex-clr\"><h2 class=\"vcex-post-type-entry-title entry-title wpex-mb-5\" ><a href=\"https:\/\/www.djecje-kazaliste.hr\/en\/galerija\/noc-kazalista-2013\/\">No\u0107 kazali\u0161ta 2013<\/a><\/h2 ><\/div><\/div><\/div><div class=\"vcex-post-type-entry vcex-grid-item wpex-clr col span_1_of_3 col-2 post-1820 entry type-galerija has-media kategorije_galerija-58\"><div class=\"vcex-post-type-entry-inner entry-inner wpex-first-mt-0 wpex-last-mb-0 wpex-clr\"><div class=\"vcex-post-type-entry-media entry-media\"><a href=\"https:\/\/www.djecje-kazaliste.hr\/en\/galerija\/noc-kazalisa-2012\/\" title=\"No\u0107 kazali\u0161a 2012\"><img decoding=\"async\" width=\"640\" height=\"427\" src=\"https:\/\/www.djecje-kazaliste.hr\/wp-content\/uploads\/2019\/05\/noc_kazalista_2012_036.jpg\" class=\"vcex-blog-entry-img wpex-align-middle\" alt=\"\" loading=\"lazy\" srcset=\"https:\/\/www.djecje-kazaliste.hr\/wp-content\/uploads\/2019\/05\/noc_kazalista_2012_036.jpg 640w, https:\/\/www.djecje-kazaliste.hr\/wp-content\/uploads\/2019\/05\/noc_kazalista_2012_036-300x200.jpg 300w, https:\/\/www.djecje-kazaliste.hr\/wp-content\/uploads\/2019\/05\/noc_kazalista_2012_036-200x133.jpg 200w\" sizes=\"auto, (max-width: 640px) 100vw, 640px\" \/><\/a><\/div><div class=\"vcex-post-type-entry-details entry-details wpex-bordered wpex-first-mt-0 wpex-last-mb-0 wpex-clr\"><h2 class=\"vcex-post-type-entry-title entry-title wpex-mb-5\" ><a href=\"https:\/\/www.djecje-kazaliste.hr\/en\/galerija\/noc-kazalisa-2012\/\">No\u0107 kazali\u0161a 2012<\/a><\/h2 ><\/div><\/div><\/div><\/div><\/div><\/div><\/section><section id=\"section-1551721266510-8-3\" class=\"tab\" data-animation=\"\" style=\"background:; color:;\"><div class=\"infi-content-wrapper\"><div class=\"vcex-module vcex-post-type-grid-wrap wpex-clr\"><div class=\"wpex-row vcex-post-type-grid entries wpex-clr\"><div class=\"vcex-post-type-entry vcex-grid-item wpex-clr col span_1_of_3 col-1 post-5586 entry type-galerija has-media kategorije_galerija-59\"><div class=\"vcex-post-type-entry-inner entry-inner wpex-first-mt-0 wpex-last-mb-0 wpex-clr\"><div class=\"vcex-post-type-entry-media entry-media\"><a href=\"https:\/\/www.djecje-kazaliste.hr\/en\/galerija\/28-sluk\/\" title=\"28. SLUK\"><img decoding=\"async\" width=\"640\" height=\"427\" src=\"https:\/\/www.djecje-kazaliste.hr\/wp-content\/uploads\/2021\/05\/sluk28001-sm.jpg\" class=\"vcex-blog-entry-img wpex-align-middle\" alt=\"\" loading=\"lazy\" srcset=\"https:\/\/www.djecje-kazaliste.hr\/wp-content\/uploads\/2021\/05\/sluk28001-sm.jpg 640w, https:\/\/www.djecje-kazaliste.hr\/wp-content\/uploads\/2021\/05\/sluk28001-sm-300x200.jpg 300w, https:\/\/www.djecje-kazaliste.hr\/wp-content\/uploads\/2021\/05\/sluk28001-sm-200x133.jpg 200w\" sizes=\"auto, (max-width: 640px) 100vw, 640px\" \/><\/a><\/div><div class=\"vcex-post-type-entry-details entry-details wpex-bordered wpex-first-mt-0 wpex-last-mb-0 wpex-clr\"><h2 class=\"vcex-post-type-entry-title entry-title wpex-mb-5\" ><a href=\"https:\/\/www.djecje-kazaliste.hr\/en\/galerija\/28-sluk\/\">28. SLUK<\/a><\/h2 ><\/div><\/div><\/div><div class=\"vcex-post-type-entry vcex-grid-item wpex-clr col span_1_of_3 col-2 post-2230 entry type-galerija has-media kategorije_galerija-59\"><div class=\"vcex-post-type-entry-inner entry-inner wpex-first-mt-0 wpex-last-mb-0 wpex-clr\"><div class=\"vcex-post-type-entry-media entry-media\"><a href=\"https:\/\/www.djecje-kazaliste.hr\/en\/galerija\/27-sluk\/\" title=\"27. SLUK\"><img decoding=\"async\" width=\"640\" height=\"427\" src=\"https:\/\/www.djecje-kazaliste.hr\/wp-content\/uploads\/2019\/07\/SLUK108_dup_250519_1.jpg\" class=\"vcex-blog-entry-img wpex-align-middle\" alt=\"\" loading=\"lazy\" srcset=\"https:\/\/www.djecje-kazaliste.hr\/wp-content\/uploads\/2019\/07\/SLUK108_dup_250519_1.jpg 640w, https:\/\/www.djecje-kazaliste.hr\/wp-content\/uploads\/2019\/07\/SLUK108_dup_250519_1-300x200.jpg 300w, https:\/\/www.djecje-kazaliste.hr\/wp-content\/uploads\/2019\/07\/SLUK108_dup_250519_1-200x133.jpg 200w\" sizes=\"auto, (max-width: 640px) 100vw, 640px\" \/><\/a><\/div><div class=\"vcex-post-type-entry-details entry-details wpex-bordered wpex-first-mt-0 wpex-last-mb-0 wpex-clr\"><h2 class=\"vcex-post-type-entry-title entry-title wpex-mb-5\" ><a href=\"https:\/\/www.djecje-kazaliste.hr\/en\/galerija\/27-sluk\/\">27. SLUK<\/a><\/h2 ><\/div><\/div><\/div><div class=\"vcex-post-type-entry vcex-grid-item wpex-clr col span_1_of_3 col-3 post-1657 entry type-galerija has-media kategorije_galerija-59\"><div class=\"vcex-post-type-entry-inner entry-inner wpex-first-mt-0 wpex-last-mb-0 wpex-clr\"><div class=\"vcex-post-type-entry-media entry-media\"><a href=\"https:\/\/www.djecje-kazaliste.hr\/en\/galerija\/25-sluk-prvi-dan\/\" title=\"25. SLUK prvi dan\"><img decoding=\"async\" width=\"640\" height=\"427\" src=\"https:\/\/www.djecje-kazaliste.hr\/wp-content\/uploads\/2019\/05\/DKOS_SLUK-25_prvi-dan_235.jpg\" class=\"vcex-blog-entry-img wpex-align-middle\" alt=\"\" loading=\"lazy\" srcset=\"https:\/\/www.djecje-kazaliste.hr\/wp-content\/uploads\/2019\/05\/DKOS_SLUK-25_prvi-dan_235.jpg 640w, https:\/\/www.djecje-kazaliste.hr\/wp-content\/uploads\/2019\/05\/DKOS_SLUK-25_prvi-dan_235-300x200.jpg 300w, https:\/\/www.djecje-kazaliste.hr\/wp-content\/uploads\/2019\/05\/DKOS_SLUK-25_prvi-dan_235-200x133.jpg 200w\" sizes=\"auto, (max-width: 640px) 100vw, 640px\" \/><\/a><\/div><div class=\"vcex-post-type-entry-details entry-details wpex-bordered wpex-first-mt-0 wpex-last-mb-0 wpex-clr\"><h2 class=\"vcex-post-type-entry-title entry-title wpex-mb-5\" ><a href=\"https:\/\/www.djecje-kazaliste.hr\/en\/galerija\/25-sluk-prvi-dan\/\">25. SLUK prvi dan<\/a><\/h2 ><\/div><\/div><\/div><div class=\"vcex-post-type-entry vcex-grid-item wpex-clr col span_1_of_3 col-1 post-1660 entry type-galerija has-media kategorije_galerija-59\"><div class=\"vcex-post-type-entry-inner entry-inner wpex-first-mt-0 wpex-last-mb-0 wpex-clr\"><div class=\"vcex-post-type-entry-media entry-media\"><a href=\"https:\/\/www.djecje-kazaliste.hr\/en\/galerija\/25-sluk-drugi-dan\/\" title=\"25. SLUK drugi dan\"><img decoding=\"async\" width=\"640\" height=\"427\" src=\"https:\/\/www.djecje-kazaliste.hr\/wp-content\/uploads\/2019\/05\/foto-8-head.jpg\" class=\"vcex-blog-entry-img wpex-align-middle\" alt=\"\" loading=\"lazy\" srcset=\"https:\/\/www.djecje-kazaliste.hr\/wp-content\/uploads\/2019\/05\/foto-8-head.jpg 640w, https:\/\/www.djecje-kazaliste.hr\/wp-content\/uploads\/2019\/05\/foto-8-head-300x200.jpg 300w, https:\/\/www.djecje-kazaliste.hr\/wp-content\/uploads\/2019\/05\/foto-8-head-200x133.jpg 200w\" sizes=\"auto, (max-width: 640px) 100vw, 640px\" \/><\/a><\/div><div class=\"vcex-post-type-entry-details entry-details wpex-bordered wpex-first-mt-0 wpex-last-mb-0 wpex-clr\"><h2 class=\"vcex-post-type-entry-title entry-title wpex-mb-5\" ><a href=\"https:\/\/www.djecje-kazaliste.hr\/en\/galerija\/25-sluk-drugi-dan\/\">25. SLUK drugi dan<\/a><\/h2 ><\/div><\/div><\/div><div class=\"vcex-post-type-entry vcex-grid-item wpex-clr col span_1_of_3 col-2 post-1663 entry type-galerija has-media kategorije_galerija-59\"><div class=\"vcex-post-type-entry-inner entry-inner wpex-first-mt-0 wpex-last-mb-0 wpex-clr\"><div class=\"vcex-post-type-entry-media entry-media\"><a href=\"https:\/\/www.djecje-kazaliste.hr\/en\/galerija\/25-sluk-treci-dan\/\" title=\"25. SLUK tre\u0107i dan\"><img decoding=\"async\" width=\"640\" height=\"427\" src=\"https:\/\/www.djecje-kazaliste.hr\/wp-content\/uploads\/2019\/05\/foto-61-head.jpg\" class=\"vcex-blog-entry-img wpex-align-middle\" alt=\"\" loading=\"lazy\" srcset=\"https:\/\/www.djecje-kazaliste.hr\/wp-content\/uploads\/2019\/05\/foto-61-head.jpg 640w, https:\/\/www.djecje-kazaliste.hr\/wp-content\/uploads\/2019\/05\/foto-61-head-300x200.jpg 300w, https:\/\/www.djecje-kazaliste.hr\/wp-content\/uploads\/2019\/05\/foto-61-head-200x133.jpg 200w\" sizes=\"auto, (max-width: 640px) 100vw, 640px\" \/><\/a><\/div><div class=\"vcex-post-type-entry-details entry-details wpex-bordered wpex-first-mt-0 wpex-last-mb-0 wpex-clr\"><h2 class=\"vcex-post-type-entry-title entry-title wpex-mb-5\" ><a href=\"https:\/\/www.djecje-kazaliste.hr\/en\/galerija\/25-sluk-treci-dan\/\">25. SLUK tre\u0107i dan<\/a><\/h2 ><\/div><\/div><\/div><div class=\"vcex-post-type-entry vcex-grid-item wpex-clr col span_1_of_3 col-3 post-1798 entry type-galerija has-media kategorije_galerija-59\"><div class=\"vcex-post-type-entry-inner entry-inner wpex-first-mt-0 wpex-last-mb-0 wpex-clr\"><div class=\"vcex-post-type-entry-media entry-media\"><a href=\"https:\/\/www.djecje-kazaliste.hr\/en\/galerija\/24-sluk-prvi-dan\/\" title=\"24. SLUK prvi dan\"><img decoding=\"async\" width=\"640\" height=\"427\" src=\"https:\/\/www.djecje-kazaliste.hr\/wp-content\/uploads\/2019\/05\/www-djecje-kazaliste-hr_sluk24_prvi_dan_084.jpg\" class=\"vcex-blog-entry-img wpex-align-middle\" alt=\"\" loading=\"lazy\" srcset=\"https:\/\/www.djecje-kazaliste.hr\/wp-content\/uploads\/2019\/05\/www-djecje-kazaliste-hr_sluk24_prvi_dan_084.jpg 640w, https:\/\/www.djecje-kazaliste.hr\/wp-content\/uploads\/2019\/05\/www-djecje-kazaliste-hr_sluk24_prvi_dan_084-300x200.jpg 300w, https:\/\/www.djecje-kazaliste.hr\/wp-content\/uploads\/2019\/05\/www-djecje-kazaliste-hr_sluk24_prvi_dan_084-200x133.jpg 200w\" sizes=\"auto, (max-width: 640px) 100vw, 640px\" \/><\/a><\/div><div class=\"vcex-post-type-entry-details entry-details wpex-bordered wpex-first-mt-0 wpex-last-mb-0 wpex-clr\"><h2 class=\"vcex-post-type-entry-title entry-title wpex-mb-5\" ><a href=\"https:\/\/www.djecje-kazaliste.hr\/en\/galerija\/24-sluk-prvi-dan\/\">24. SLUK prvi dan<\/a><\/h2 ><\/div><\/div><\/div><div class=\"vcex-post-type-entry vcex-grid-item wpex-clr col span_1_of_3 col-1 post-1795 entry type-galerija has-media kategorije_galerija-59\"><div class=\"vcex-post-type-entry-inner entry-inner wpex-first-mt-0 wpex-last-mb-0 wpex-clr\"><div class=\"vcex-post-type-entry-media entry-media\"><a href=\"https:\/\/www.djecje-kazaliste.hr\/en\/galerija\/24-sluk-drugi-dan\/\" title=\"24. SLUK drugi dan\"><img decoding=\"async\" width=\"640\" height=\"427\" src=\"https:\/\/www.djecje-kazaliste.hr\/wp-content\/uploads\/2019\/05\/www-djecje-kazaliste-hr_sluk24_drugi_dan_037.jpg\" class=\"vcex-blog-entry-img wpex-align-middle\" alt=\"\" loading=\"lazy\" srcset=\"https:\/\/www.djecje-kazaliste.hr\/wp-content\/uploads\/2019\/05\/www-djecje-kazaliste-hr_sluk24_drugi_dan_037.jpg 640w, https:\/\/www.djecje-kazaliste.hr\/wp-content\/uploads\/2019\/05\/www-djecje-kazaliste-hr_sluk24_drugi_dan_037-300x200.jpg 300w, https:\/\/www.djecje-kazaliste.hr\/wp-content\/uploads\/2019\/05\/www-djecje-kazaliste-hr_sluk24_drugi_dan_037-200x133.jpg 200w\" sizes=\"auto, (max-width: 640px) 100vw, 640px\" \/><\/a><\/div><div class=\"vcex-post-type-entry-details entry-details wpex-bordered wpex-first-mt-0 wpex-last-mb-0 wpex-clr\"><h2 class=\"vcex-post-type-entry-title entry-title wpex-mb-5\" ><a href=\"https:\/\/www.djecje-kazaliste.hr\/en\/galerija\/24-sluk-drugi-dan\/\">24. SLUK drugi dan<\/a><\/h2 ><\/div><\/div><\/div><div class=\"vcex-post-type-entry vcex-grid-item wpex-clr col span_1_of_3 col-2 post-1792 entry type-galerija has-media kategorije_galerija-59\"><div class=\"vcex-post-type-entry-inner entry-inner wpex-first-mt-0 wpex-last-mb-0 wpex-clr\"><div class=\"vcex-post-type-entry-media entry-media\"><a href=\"https:\/\/www.djecje-kazaliste.hr\/en\/galerija\/24-sluk-treci-dan\/\" title=\"24. SLUK tre\u0107i dan\"><img decoding=\"async\" width=\"640\" height=\"427\" src=\"https:\/\/www.djecje-kazaliste.hr\/wp-content\/uploads\/2019\/05\/www-djecje-kazaliste-hr_sluk24_treci_dan_003.jpg\" class=\"vcex-blog-entry-img wpex-align-middle\" alt=\"\" loading=\"lazy\" srcset=\"https:\/\/www.djecje-kazaliste.hr\/wp-content\/uploads\/2019\/05\/www-djecje-kazaliste-hr_sluk24_treci_dan_003.jpg 640w, https:\/\/www.djecje-kazaliste.hr\/wp-content\/uploads\/2019\/05\/www-djecje-kazaliste-hr_sluk24_treci_dan_003-300x200.jpg 300w, https:\/\/www.djecje-kazaliste.hr\/wp-content\/uploads\/2019\/05\/www-djecje-kazaliste-hr_sluk24_treci_dan_003-200x133.jpg 200w\" sizes=\"auto, (max-width: 640px) 100vw, 640px\" \/><\/a><\/div><div class=\"vcex-post-type-entry-details entry-details wpex-bordered wpex-first-mt-0 wpex-last-mb-0 wpex-clr\"><h2 class=\"vcex-post-type-entry-title entry-title wpex-mb-5\" ><a href=\"https:\/\/www.djecje-kazaliste.hr\/en\/galerija\/24-sluk-treci-dan\/\">24. SLUK tre\u0107i dan<\/a><\/h2 ><\/div><\/div><\/div><div class=\"vcex-post-type-entry vcex-grid-item wpex-clr col span_1_of_3 col-3 post-1789 entry type-galerija has-media kategorije_galerija-59\"><div class=\"vcex-post-type-entry-inner entry-inner wpex-first-mt-0 wpex-last-mb-0 wpex-clr\"><div class=\"vcex-post-type-entry-media entry-media\"><a href=\"https:\/\/www.djecje-kazaliste.hr\/en\/galerija\/24-sluk-cetvrti-dan\/\" title=\"24. SLUK \u010detvrti dan\"><img decoding=\"async\" width=\"640\" height=\"427\" src=\"https:\/\/www.djecje-kazaliste.hr\/wp-content\/uploads\/2019\/05\/www-djecje-kazaliste-hr_sluk24_cetvrti_dan_078.jpg\" class=\"vcex-blog-entry-img wpex-align-middle\" alt=\"\" loading=\"lazy\" srcset=\"https:\/\/www.djecje-kazaliste.hr\/wp-content\/uploads\/2019\/05\/www-djecje-kazaliste-hr_sluk24_cetvrti_dan_078.jpg 640w, https:\/\/www.djecje-kazaliste.hr\/wp-content\/uploads\/2019\/05\/www-djecje-kazaliste-hr_sluk24_cetvrti_dan_078-300x200.jpg 300w, https:\/\/www.djecje-kazaliste.hr\/wp-content\/uploads\/2019\/05\/www-djecje-kazaliste-hr_sluk24_cetvrti_dan_078-200x133.jpg 200w\" sizes=\"auto, (max-width: 640px) 100vw, 640px\" \/><\/a><\/div><div class=\"vcex-post-type-entry-details entry-details wpex-bordered wpex-first-mt-0 wpex-last-mb-0 wpex-clr\"><h2 class=\"vcex-post-type-entry-title entry-title wpex-mb-5\" ><a href=\"https:\/\/www.djecje-kazaliste.hr\/en\/galerija\/24-sluk-cetvrti-dan\/\">24. SLUK \u010detvrti dan<\/a><\/h2 ><\/div><\/div><\/div><div class=\"vcex-post-type-entry vcex-grid-item wpex-clr col span_1_of_3 col-1 post-1786 entry type-galerija has-media kategorije_galerija-59\"><div class=\"vcex-post-type-entry-inner entry-inner wpex-first-mt-0 wpex-last-mb-0 wpex-clr\"><div class=\"vcex-post-type-entry-media entry-media\"><a href=\"https:\/\/www.djecje-kazaliste.hr\/en\/galerija\/24-sluk-izlozba\/\" title=\"24. SLUK &#8211; izlo\u017eba\"><img decoding=\"async\" width=\"640\" height=\"427\" src=\"https:\/\/www.djecje-kazaliste.hr\/wp-content\/uploads\/2019\/05\/www-djecje-kazaliste-hr_sluk24_treci_dan_izlozba_033_head.jpg\" class=\"vcex-blog-entry-img wpex-align-middle\" alt=\"\" loading=\"lazy\" srcset=\"https:\/\/www.djecje-kazaliste.hr\/wp-content\/uploads\/2019\/05\/www-djecje-kazaliste-hr_sluk24_treci_dan_izlozba_033_head.jpg 640w, https:\/\/www.djecje-kazaliste.hr\/wp-content\/uploads\/2019\/05\/www-djecje-kazaliste-hr_sluk24_treci_dan_izlozba_033_head-300x200.jpg 300w, https:\/\/www.djecje-kazaliste.hr\/wp-content\/uploads\/2019\/05\/www-djecje-kazaliste-hr_sluk24_treci_dan_izlozba_033_head-200x133.jpg 200w\" sizes=\"auto, (max-width: 640px) 100vw, 640px\" \/><\/a><\/div><div class=\"vcex-post-type-entry-details entry-details wpex-bordered wpex-first-mt-0 wpex-last-mb-0 wpex-clr\"><h2 class=\"vcex-post-type-entry-title entry-title wpex-mb-5\" ><a href=\"https:\/\/www.djecje-kazaliste.hr\/en\/galerija\/24-sluk-izlozba\/\">24. SLUK &#8211; izlo\u017eba<\/a><\/h2 ><\/div><\/div><\/div><div class=\"vcex-post-type-entry vcex-grid-item wpex-clr col span_1_of_3 col-2 post-1784 entry type-galerija has-media kategorije_galerija-59\"><div class=\"vcex-post-type-entry-inner entry-inner wpex-first-mt-0 wpex-last-mb-0 wpex-clr\"><div class=\"vcex-post-type-entry-media entry-media\"><a href=\"https:\/\/www.djecje-kazaliste.hr\/en\/galerija\/24-sluk-kuhari\/\" title=\"24. SLUK &#8211; kuhari\"><img decoding=\"async\" width=\"640\" height=\"427\" src=\"https:\/\/www.djecje-kazaliste.hr\/wp-content\/uploads\/2019\/05\/www-djecje-kazaliste-hr_sluk24_kuhari_030_head.jpg\" class=\"vcex-blog-entry-img wpex-align-middle\" alt=\"\" loading=\"lazy\" srcset=\"https:\/\/www.djecje-kazaliste.hr\/wp-content\/uploads\/2019\/05\/www-djecje-kazaliste-hr_sluk24_kuhari_030_head.jpg 640w, https:\/\/www.djecje-kazaliste.hr\/wp-content\/uploads\/2019\/05\/www-djecje-kazaliste-hr_sluk24_kuhari_030_head-300x200.jpg 300w, https:\/\/www.djecje-kazaliste.hr\/wp-content\/uploads\/2019\/05\/www-djecje-kazaliste-hr_sluk24_kuhari_030_head-200x133.jpg 200w\" sizes=\"auto, (max-width: 640px) 100vw, 640px\" \/><\/a><\/div><div class=\"vcex-post-type-entry-details entry-details wpex-bordered wpex-first-mt-0 wpex-last-mb-0 wpex-clr\"><h2 class=\"vcex-post-type-entry-title entry-title wpex-mb-5\" ><a href=\"https:\/\/www.djecje-kazaliste.hr\/en\/galerija\/24-sluk-kuhari\/\">24. SLUK &#8211; kuhari<\/a><\/h2 ><\/div><\/div><\/div><\/div><\/div><\/div><\/section>\n\t\t\t<\/div> <!-- \/et-content-wrap -->\n\t\t\t<\/div> <!-- \/et-tabs -->\n\t\t\t<\/section>[\/vc_column][\/vc_row][vc_row][vc_column][\/vc_column][\/vc_row][vc_row full_width=&#8221;stretch_row&#8221; css=&#8221;.vc_custom_1556565682304{margin-bottom: -1px !important;background-image: url(https:\/\/www.djecje-kazaliste.hr\/wp-content\/uploads\/2019\/04\/footer3.png?id=820) !important;background-position: center !important;background-repeat: no-repeat !important;background-size: cover !important;}&#8221;][vc_column]<div class=\"vcex-spacing wpex-w-100 wpex-clear\" style=\"height:135px;\"><\/div>[\/vc_column][\/vc_row]","protected":false},"excerpt":{"rendered":"<p>[vc_row][vc_column][\/vc_column][\/vc_row][vc_row full_width=&#8221;stretch_row&#8221;][vc_column][\/vc_column][\/vc_row][vc_row][vc_column][\/vc_column][\/vc_row][vc_row full_width=&#8221;stretch_row&#8221; css=&#8221;.vc_custom_1556565682304{margin-bottom: -1px !important;background-image: url(https:\/\/www.djecje-kazaliste.hr\/wp-content\/uploads\/2019\/04\/footer3.png?id=820) !important;background-position: center !important;background-repeat: no-repeat !important;background-size: cover !important;}&#8221;][vc_column][\/vc_column][\/vc_row]<\/p>\n","protected":false},"author":1,"featured_media":0,"parent":0,"menu_order":0,"comment_status":"closed","ping_status":"closed","template":"","meta":{"footnotes":""},"class_list":["post-1032","page","type-page","status-publish","hentry","entry","has-media"],"_links":{"self":[{"href":"https:\/\/www.djecje-kazaliste.hr\/en\/wp-json\/wp\/v2\/pages\/1032","targetHints":{"allow":["GET"]}}],"collection":[{"href":"https:\/\/www.djecje-kazaliste.hr\/en\/wp-json\/wp\/v2\/pages"}],"about":[{"href":"https:\/\/www.djecje-kazaliste.hr\/en\/wp-json\/wp\/v2\/types\/page"}],"author":[{"embeddable":true,"href":"https:\/\/www.djecje-kazaliste.hr\/en\/wp-json\/wp\/v2\/users\/1"}],"replies":[{"embeddable":true,"href":"https:\/\/www.djecje-kazaliste.hr\/en\/wp-json\/wp\/v2\/comments?post=1032"}],"version-history":[{"count":27,"href":"https:\/\/www.djecje-kazaliste.hr\/en\/wp-json\/wp\/v2\/pages\/1032\/revisions"}],"predecessor-version":[{"id":15399,"href":"https:\/\/www.djecje-kazaliste.hr\/en\/wp-json\/wp\/v2\/pages\/1032\/revisions\/15399"}],"wp:attachment":[{"href":"https:\/\/www.djecje-kazaliste.hr\/en\/wp-json\/wp\/v2\/media?parent=1032"}],"curies":[{"name":"wp","href":"https:\/\/api.w.org\/{rel}","templated":true}]}}